{"version":"1.0","provider_name":"Av. Deniz Can K\u0131z\u0131l","provider_url":"http:\/\/denizcankizil.tr\/ru","author_name":"Av. Deniz Can K\u0131z\u0131l","author_url":"http:\/\/denizcankizil.tr\/ru\/author\/denizcankizil\/","title":"Manavgat'ta art arda 2 farkl\u0131 kazada 5 yaral\u0131","type":"rich","width":600,"height":338,"html":"<blockquote class=\"wp-embedded-content\" data-secret=\"zxHy41XZTJ\"><a href=\"http:\/\/denizcankizil.tr\/ru\/haberler\/antalya\/manavgatta-art-arda-2-farkli-kazada-5-yarali\/\">Manavgat&#8217;ta art arda 2 farkl\u0131 kazada 5 yaral\u0131<\/a><\/blockquote><iframe sandbox=\"allow-scripts\" security=\"restricted\" src=\"http:\/\/denizcankizil.tr\/ru\/haberler\/antalya\/manavgatta-art-arda-2-farkli-kazada-5-yarali\/embed\/#?secret=zxHy41XZTJ\" width=\"600\" height=\"338\" title=\"\u00abManavgat&#8217;ta art arda 2 farkl\u0131 kazada 5 yaral\u0131\u00bb &#8212; Av. Deniz Can K\u0131z\u0131l\" data-secret=\"zxHy41XZTJ\" frameborder=\"0\" marginwidth=\"0\" marginheight=\"0\" scrolling=\"no\" class=\"wp-embedded-content\"><\/iframe><script>\n\/*! This file is auto-generated *\/\n!function(d,l){\"use strict\";l.querySelector&&d.addEventListener&&\"undefined\"!=typeof URL&&(d.wp=d.wp||{},d.wp.receiveEmbedMessage||(d.wp.receiveEmbedMessage=function(e){var t=e.data;if((t||t.secret||t.message||t.value)&&!\/[^a-zA-Z0-9]\/.test(t.secret)){for(var s,r,n,a=l.querySelectorAll('iframe[data-secret=\"'+t.secret+'\"]'),o=l.querySelectorAll('blockquote[data-secret=\"'+t.secret+'\"]'),c=new RegExp(\"^https?:$\",\"i\"),i=0;i<o.length;i++)o[i].style.display=\"none\";for(i=0;i<a.length;i++)s=a[i],e.source===s.contentWindow&&(s.removeAttribute(\"style\"),\"height\"===t.message?(1e3<(r=parseInt(t.value,10))?r=1e3:~~r<200&&(r=200),s.height=r):\"link\"===t.message&&(r=new URL(s.getAttribute(\"src\")),n=new URL(t.value),c.test(n.protocol))&&n.host===r.host&&l.activeElement===s&&(d.top.location.href=t.value))}},d.addEventListener(\"message\",d.wp.receiveEmbedMessage,!1),l.addEventListener(\"DOMContentLoaded\",function(){for(var e,t,s=l.querySelectorAll(\"iframe.wp-embedded-content\"),r=0;r<s.length;r++)(t=(e=s[r]).getAttribute(\"data-secret\"))||(t=Math.random().toString(36).substring(2,12),e.src+=\"#?secret=\"+t,e.setAttribute(\"data-secret\",t)),e.contentWindow.postMessage({message:\"ready\",secret:t},\"*\")},!1)))}(window,document);\n\/\/# sourceURL=http:\/\/denizcankizil.tr\/wp-includes\/js\/wp-embed.min.js\n<\/script>","thumbnail_url":"http:\/\/denizcankizil.tr\/wp-content\/uploads\/2025\/01\/4280-01-ppmpzl.jpeg","thumbnail_width":1280,"thumbnail_height":720,"description":"Kazalar, Beydi\u011fin Mahallesi yeni Antalya-Konya D-687 kara yolundaki Demirkap\u0131 T\u00fcneli giri\u015finde ya\u015fand\u0131. Konya y\u00f6n\u00fcne giden H\u00fcseyin \u00d6.&#8217;n\u00fcn kulland\u0131\u011f\u0131 32 ADD 851 plakal\u0131 kapal\u0131 kasa kamyonet, ayn\u0131 y\u00f6nde seyreden Hakk\u0131 Sedat O.&#8217;nun kulland\u0131\u011f\u0131 42 SZ 660 plakal\u0131 otomobil ile \u00e7arp\u0131\u015ft\u0131. Kazada hurdaya d\u00f6nen otomobildeki Nurhan O., Ay\u015fe Zi\u015fan O. ve Tevfik Efdal O. yaraland\u0131. Yaral\u0131lar, ihbarla gelen sa\u011fl\u0131k ekiplerinin ilk m\u00fcdahalesinin ard\u0131ndan ambulansla hastaneye kald\u0131r\u0131ld\u0131. Yaral\u0131lar\u0131n hayati tehlikelerinin olmad\u0131\u011f\u0131 \u00f6\u011frenildi. Ayn\u0131 noktada 150 metre arayla meydana gelen bir di\u011fer kazada ise \u0130brahim Y.&#8217;nin kulland\u0131\u011f\u0131 42 YT 123 plakal\u0131 otomobil kontrolden \u00e7\u0131karak t\u00fcnel giri\u015findeki beton duvara \u00e7arpt\u0131. Hurdaya d\u00f6nen arac\u0131n s\u00fcr\u00fcc\u00fcs\u00fc \u0130brahim Y. ve ara\u00e7taki Ali K. yaraland\u0131. 112 Sa\u011fl\u0131k ekiplerinin olay yerindeki m\u00fcdahalesinin ard\u0131ndan ambulansla hastaneye kald\u0131r\u0131lan yaral\u0131lar\u0131n hayati tehlikelerinin olmad\u0131\u011f\u0131 \u00f6\u011frenildi. Kaynak: www.kanalv.com.tr Haber Sitesinden Al\u0131nm\u0131\u015ft\u0131r."}