{"version":"1.0","provider_name":"Av. Deniz Can K\u0131z\u0131l","provider_url":"http:\/\/denizcankizil.tr\/ru","author_name":"Av. Deniz Can K\u0131z\u0131l","author_url":"http:\/\/denizcankizil.tr\/ru\/author\/denizcankizil\/","title":"Kumluca'da Bilim Fuar\u0131 a\u00e7\u0131ld\u0131","type":"rich","width":600,"height":338,"html":"<blockquote class=\"wp-embedded-content\" data-secret=\"VQfYsdsqJk\"><a href=\"http:\/\/denizcankizil.tr\/ru\/haberler\/antalya\/kumlucada-bilim-fuari-acildi\/\">Kumluca&#8217;da Bilim Fuar\u0131 a\u00e7\u0131ld\u0131<\/a><\/blockquote><iframe sandbox=\"allow-scripts\" security=\"restricted\" src=\"http:\/\/denizcankizil.tr\/ru\/haberler\/antalya\/kumlucada-bilim-fuari-acildi\/embed\/#?secret=VQfYsdsqJk\" width=\"600\" height=\"338\" title=\"\u00abKumluca&#8217;da Bilim Fuar\u0131 a\u00e7\u0131ld\u0131\u00bb &#8212; Av. Deniz Can K\u0131z\u0131l\" data-secret=\"VQfYsdsqJk\" frameborder=\"0\" marginwidth=\"0\" marginheight=\"0\" scrolling=\"no\" class=\"wp-embedded-content\"><\/iframe><script>\n\/*! This file is auto-generated *\/\n!function(d,l){\"use strict\";l.querySelector&&d.addEventListener&&\"undefined\"!=typeof URL&&(d.wp=d.wp||{},d.wp.receiveEmbedMessage||(d.wp.receiveEmbedMessage=function(e){var t=e.data;if((t||t.secret||t.message||t.value)&&!\/[^a-zA-Z0-9]\/.test(t.secret)){for(var s,r,n,a=l.querySelectorAll('iframe[data-secret=\"'+t.secret+'\"]'),o=l.querySelectorAll('blockquote[data-secret=\"'+t.secret+'\"]'),c=new RegExp(\"^https?:$\",\"i\"),i=0;i<o.length;i++)o[i].style.display=\"none\";for(i=0;i<a.length;i++)s=a[i],e.source===s.contentWindow&&(s.removeAttribute(\"style\"),\"height\"===t.message?(1e3<(r=parseInt(t.value,10))?r=1e3:~~r<200&&(r=200),s.height=r):\"link\"===t.message&&(r=new URL(s.getAttribute(\"src\")),n=new URL(t.value),c.test(n.protocol))&&n.host===r.host&&l.activeElement===s&&(d.top.location.href=t.value))}},d.addEventListener(\"message\",d.wp.receiveEmbedMessage,!1),l.addEventListener(\"DOMContentLoaded\",function(){for(var e,t,s=l.querySelectorAll(\"iframe.wp-embedded-content\"),r=0;r<s.length;r++)(t=(e=s[r]).getAttribute(\"data-secret\"))||(t=Math.random().toString(36).substring(2,12),e.src+=\"#?secret=\"+t,e.setAttribute(\"data-secret\",t)),e.contentWindow.postMessage({message:\"ready\",secret:t},\"*\")},!1)))}(window,document);\n\/\/# sourceURL=http:\/\/denizcankizil.tr\/wp-includes\/js\/wp-embed.min.js\n<\/script>","thumbnail_url":"http:\/\/denizcankizil.tr\/wp-content\/uploads\/2025\/05\/6310-01-kxdZZj.jpg","thumbnail_width":1280,"thumbnail_height":720,"description":"Havva Sedat Avc\u0131o\u011flu Fen Lisesi&#8217;nde ger\u00e7ekle\u015ftirilen T\u00dcB\u0130TAK 4006 Bilim Fuar\u0131&#8217;n\u0131n a\u00e7\u0131l\u0131\u015f\u0131na Belediye Ba\u015fkan\u0131 Mesut Avc\u0131o\u011flu, \u0130l\u00e7e Milli E\u011fitim M\u00fcd\u00fcr\u00fc Yusuf Tekdemir, siyasi parti temsilcileri, kamu kurum ve kuru\u015flar\u0131n\u0131n temsilcileri ve okul m\u00fcd\u00fcrleri kat\u0131ld\u0131. Sayg\u0131 duru\u015fu ve \u0130stiklal Mar\u015f\u0131&#8217;n\u0131n ard\u0131ndan konu\u015fan proje koordinat\u00f6r\u00fc Deniz Karaarslan, &#8220;2018 y\u0131l\u0131ndan beri gelenekselle\u015ftirmeye \u00e7al\u0131\u015ft\u0131\u011f\u0131m\u0131z T\u00dcB\u0130TAK Bilim Fuar\u0131&#8217;n\u0131n bu y\u0131l 6&#8217;nc\u0131s\u0131n\u0131 d\u00fczenliyoruz. T\u00fcm T\u00fcrkiye&#8217;den 63 tematik konu ve 12 ana alan \u00e7er\u00e7evesinde 9 bin 653 okul taraf\u0131ndan 14 bin 255 proje ba\u015fvurusu yap\u0131lm\u0131\u015f olup t\u00fcm ba\u015fvurular benzerlik sorgulamas\u0131na tabii tutularak 109 bin 110 proje de\u011ferlendirme a\u015famas\u0131na ge\u00e7meyi hak kazanm\u0131\u015ft\u0131r. 7 bin 225 okuldan, 1054 akademisyen ve uzman taraf\u0131ndan de\u011ferlendirilen projelerden 3 bin 670 ortaokul ve liseden 8 bin 775 proje desteklenmeye hak kazanm\u0131\u015ft\u0131r. T\u00fcm bu elemelerin sonunda festivalde il\u00e7emizde tek okul olarak 11 tematik konu alt\u0131nda 14 inceleme alt proje ile 53 \u00f6\u011frenci ve 10 \u00f6\u011fretmenle kat\u0131l\u0131m sa\u011flad\u0131k&#8221; dedi. \u0130l\u00e7e Milli E\u011fitim M\u00fcd\u00fcr\u00fc Yusuf Tekdemir de &#8220;T\u00dcB\u0130TAK 4006 Bilim Fuarlar\u0131, \u00f6\u011frencilerimizin bilimsel d\u00fc\u015f\u00fcnme becerilerini geli\u015ftirmek, onlar\u0131 ara\u015ft\u0131rmaya te\u015fvik etmek ve projelerini sergilemeleri i\u00e7in de\u011ferli bir platform sunmaktad\u0131r. Havva Sedat Avc\u0131o\u011flu Fen Lisesi ev sahipli\u011finde ger\u00e7ekle\u015fecek olan bu bilim \u015fenli\u011fi, \u00f6\u011frencilerimizin hayal g\u00fc\u00e7lerini, yarat\u0131c\u0131l\u0131klar\u0131n\u0131 ve bilimsel meraklar\u0131n\u0131 ortaya koyduklar\u0131 birbirinden \u00f6zg\u00fcn projelerle dolu olacak. 13- 14 May\u0131s &hellip;"}