{"version":"1.0","provider_name":"Av. Deniz Can K\u0131z\u0131l","provider_url":"http:\/\/denizcankizil.tr\/ru","author_name":"Av. Deniz Can K\u0131z\u0131l","author_url":"http:\/\/denizcankizil.tr\/ru","title":"Kepez'de personele afet e\u011fitimi","type":"rich","width":600,"height":338,"html":"<blockquote class=\"wp-embedded-content\" data-secret=\"omMpmvUQAx\"><a href=\"http:\/\/denizcankizil.tr\/ru\/haberler\/antalya\/kepezde-personele-afet-egitimi\/\">Kepez&#8217;de personele afet e\u011fitimi<\/a><\/blockquote><iframe sandbox=\"allow-scripts\" security=\"restricted\" src=\"http:\/\/denizcankizil.tr\/ru\/haberler\/antalya\/kepezde-personele-afet-egitimi\/embed\/#?secret=omMpmvUQAx\" width=\"600\" height=\"338\" title=\"\u00abKepez&#8217;de personele afet e\u011fitimi\u00bb &#8212; Av. Deniz Can K\u0131z\u0131l\" data-secret=\"omMpmvUQAx\" frameborder=\"0\" marginwidth=\"0\" marginheight=\"0\" scrolling=\"no\" class=\"wp-embedded-content\"><\/iframe><script>\n\/*! This file is auto-generated *\/\n!function(d,l){\"use strict\";l.querySelector&&d.addEventListener&&\"undefined\"!=typeof URL&&(d.wp=d.wp||{},d.wp.receiveEmbedMessage||(d.wp.receiveEmbedMessage=function(e){var t=e.data;if((t||t.secret||t.message||t.value)&&!\/[^a-zA-Z0-9]\/.test(t.secret)){for(var s,r,n,a=l.querySelectorAll('iframe[data-secret=\"'+t.secret+'\"]'),o=l.querySelectorAll('blockquote[data-secret=\"'+t.secret+'\"]'),c=new RegExp(\"^https?:$\",\"i\"),i=0;i<o.length;i++)o[i].style.display=\"none\";for(i=0;i<a.length;i++)s=a[i],e.source===s.contentWindow&&(s.removeAttribute(\"style\"),\"height\"===t.message?(1e3<(r=parseInt(t.value,10))?r=1e3:~~r<200&&(r=200),s.height=r):\"link\"===t.message&&(r=new URL(s.getAttribute(\"src\")),n=new URL(t.value),c.test(n.protocol))&&n.host===r.host&&l.activeElement===s&&(d.top.location.href=t.value))}},d.addEventListener(\"message\",d.wp.receiveEmbedMessage,!1),l.addEventListener(\"DOMContentLoaded\",function(){for(var e,t,s=l.querySelectorAll(\"iframe.wp-embedded-content\"),r=0;r<s.length;r++)(t=(e=s[r]).getAttribute(\"data-secret\"))||(t=Math.random().toString(36).substring(2,12),e.src+=\"#?secret=\"+t,e.setAttribute(\"data-secret\",t)),e.contentWindow.postMessage({message:\"ready\",secret:t},\"*\")},!1)))}(window,document);\n\/\/# sourceURL=http:\/\/denizcankizil.tr\/wp-includes\/js\/wp-embed.min.js\n<\/script>","thumbnail_url":"http:\/\/denizcankizil.tr\/wp-content\/uploads\/2024\/11\/3159-01-wOUOX7.jpeg","thumbnail_width":1280,"thumbnail_height":720,"description":"Kepez Belediyesi Afet \u0130\u015fleri M\u00fcd\u00fcrl\u00fc\u011f\u00fc ve B\u00fcy\u00fck\u015fehir Belediyesi Afet \u0130\u015fleri Daire Ba\u015fkanl\u0131\u011f\u0131 i\u015fbirli\u011fiyle \u2018Afet Fark\u0131ndal\u0131k ve Afetler ile Ya\u015fam\u2019 i\u00e7erikli sunum ger\u00e7ekle\u015ftirildi. Kepez Belediyesi meclis salonunda d\u00fczenlenen afet fark\u0131ndal\u0131k program\u0131na, belediye personeli b\u00fcy\u00fck ilgi g\u00f6sterdi. Sunumda afetlerin, fiziksel, ekonomik ve sosyal kay\u0131plar do\u011furan, hayat ak\u0131\u015f\u0131n\u0131 durduran ve kesintiye u\u011fratan, do\u011fa, teknoloji ve insan kaynakl\u0131 olaylar oldu\u011fu belirtildi. Afetlerin etkilerinin ve zararlar\u0131n\u0131n azalt\u0131lmas\u0131nda toplumlar\u0131n bilgili ve e\u011fitimli olmalar\u0131n\u0131n \u00e7ok \u00f6nemli bir yer tuttu\u011funa de\u011finildi. Bireylerin afet tehlike ve risklerine kar\u015f\u0131 haz\u0131rl\u0131kl\u0131 olma ve riskleri azaltmak i\u00e7in at\u0131lacak en temel ad\u0131m\u0131n afet fark\u0131ndal\u0131\u011f\u0131 oldu\u011fu aktar\u0131ld\u0131. Programda; afet \u00f6ncesi, s\u0131ras\u0131 ve sonras\u0131 yap\u0131lmas\u0131 gerekenler, do\u011fru davran\u0131\u015f \u015fekilleri, \u00fclkemizde ve ilimizde ya\u015fanabilecek do\u011fal afetler (deprem, sel, heyelan ve yang\u0131n), afette alt\u0131n saatler olarak adland\u0131r\u0131lan ilk 72 saatin \u00f6nemi, deprem sonras\u0131 ilk 6 saatte yap\u0131lacaklar, afet \u00e7antas\u0131, birey olarak g\u00f6rev ve sorumluluklar ba\u015fl\u0131kl\u0131 konular ele al\u0131nd\u0131. Kaynak: www.kanalv.com.tr Haber Sitesinden Al\u0131nm\u0131\u015ft\u0131r."}