{"version":"1.0","provider_name":"Av. Deniz Can K\u0131z\u0131l","provider_url":"http:\/\/denizcankizil.tr\/ru","author_name":"Av. Deniz Can K\u0131z\u0131l","author_url":"http:\/\/denizcankizil.tr\/ru\/author\/denizcankizil\/","title":"'Engelsiz Plajlar' yaz sezonuna haz\u0131rlan\u0131yor","type":"rich","width":600,"height":338,"html":"<blockquote class=\"wp-embedded-content\" data-secret=\"wbfOammrNV\"><a href=\"http:\/\/denizcankizil.tr\/ru\/haberler\/antalya\/engelsiz-plajlar-yaz-sezonuna-hazirlaniyor\/\">&#8216;Engelsiz Plajlar&#8217; yaz sezonuna haz\u0131rlan\u0131yor<\/a><\/blockquote><iframe sandbox=\"allow-scripts\" security=\"restricted\" src=\"http:\/\/denizcankizil.tr\/ru\/haberler\/antalya\/engelsiz-plajlar-yaz-sezonuna-hazirlaniyor\/embed\/#?secret=wbfOammrNV\" width=\"600\" height=\"338\" title=\"\u00ab&#8216;Engelsiz Plajlar&#8217; yaz sezonuna haz\u0131rlan\u0131yor\u00bb &#8212; Av. Deniz Can K\u0131z\u0131l\" data-secret=\"wbfOammrNV\" frameborder=\"0\" marginwidth=\"0\" marginheight=\"0\" scrolling=\"no\" class=\"wp-embedded-content\"><\/iframe><script>\n\/*! This file is auto-generated *\/\n!function(d,l){\"use strict\";l.querySelector&&d.addEventListener&&\"undefined\"!=typeof URL&&(d.wp=d.wp||{},d.wp.receiveEmbedMessage||(d.wp.receiveEmbedMessage=function(e){var t=e.data;if((t||t.secret||t.message||t.value)&&!\/[^a-zA-Z0-9]\/.test(t.secret)){for(var s,r,n,a=l.querySelectorAll('iframe[data-secret=\"'+t.secret+'\"]'),o=l.querySelectorAll('blockquote[data-secret=\"'+t.secret+'\"]'),c=new RegExp(\"^https?:$\",\"i\"),i=0;i<o.length;i++)o[i].style.display=\"none\";for(i=0;i<a.length;i++)s=a[i],e.source===s.contentWindow&&(s.removeAttribute(\"style\"),\"height\"===t.message?(1e3<(r=parseInt(t.value,10))?r=1e3:~~r<200&&(r=200),s.height=r):\"link\"===t.message&&(r=new URL(s.getAttribute(\"src\")),n=new URL(t.value),c.test(n.protocol))&&n.host===r.host&&l.activeElement===s&&(d.top.location.href=t.value))}},d.addEventListener(\"message\",d.wp.receiveEmbedMessage,!1),l.addEventListener(\"DOMContentLoaded\",function(){for(var e,t,s=l.querySelectorAll(\"iframe.wp-embedded-content\"),r=0;r<s.length;r++)(t=(e=s[r]).getAttribute(\"data-secret\"))||(t=Math.random().toString(36).substring(2,12),e.src+=\"#?secret=\"+t,e.setAttribute(\"data-secret\",t)),e.contentWindow.postMessage({message:\"ready\",secret:t},\"*\")},!1)))}(window,document);\n\/\/# sourceURL=http:\/\/denizcankizil.tr\/wp-includes\/js\/wp-embed.min.js\n<\/script>","thumbnail_url":"http:\/\/denizcankizil.tr\/wp-content\/uploads\/2025\/06\/6862-01-yPO2WN.jpg","thumbnail_width":1280,"thumbnail_height":720,"description":"Antalya B\u00fcy\u00fck\u015fehir Belediyesi&#8217;nce engelli vatanda\u015flar\u0131n rahat ve g\u00fcvenli bir \u015fekilde denize girebilmesi i\u00e7in Konyaalt\u0131 ve Lara sahillerinde hayata ge\u00e7irilen &#8220;Engelsiz Plajlar&#8221; bu yaz da binlerce ziyaret\u00e7iyi Akdeniz&#8217;in serin sular\u0131yla bulu\u015fturacak. Bedensel engeli olan vatanda\u015flar\u0131n konforu d\u00fc\u015f\u00fcn\u00fclerek haz\u0131rlanan plajlarda son d\u00fczenlemeler yap\u0131l\u0131yor. \u0130skele ve asans\u00f6r sistemi yenileniyor Antalya&#8217;da ya\u015fayan ya da \u015fehir d\u0131\u015f\u0131ndan tatil i\u00e7in kente gelen engelli vatanda\u015flar\u0131n rahatl\u0131kla denize girebildi\u011fi, ge\u00e7ti\u011fimiz y\u0131l da 44 bin ki\u015fiye hizmet veren Konyaalt\u0131 Sahili&#8217;ndeki B\u00fcy\u00fck\u015fehir Belediyesi Engelsiz Plaj yeniden d\u00fczenlenip bak\u0131m ve onar\u0131m\u0131 yap\u0131larak engelli vatanda\u015flar\u0131n kullanabilece\u011fi hale getiriliyor. B\u00fcy\u00fck\u015fehir Belediyesi Fen \u0130\u015fleri Dairesi Ba\u015fkanl\u0131\u011f\u0131 ekipleri, iskele ve donat\u0131lar\u0131 yeniliyor. Plaj\u0131n iskelesi dalga ve f\u0131rt\u0131nalardan etkilenmemesi i\u00e7in ah\u015fap malzeme yerine daha sa\u011flam ve kaliteli bir malzemeyle yenileniyor. Plaja ait cankurtaran kulesi de iskele \u00fczerine monte ediliyor. Ayr\u0131ca bu y\u0131l engelli bireylerin denize ula\u015f\u0131m\u0131n\u0131 sa\u011flayacak yatay asans\u00f6r sistemi de yenileniyor. Denize rahat ve konforlu ula\u015f\u0131m Du\u015f ve soyunma kabinleri ile g\u00f6lgelik ve \u015fezlong engelli bireylerin kullan\u0131m\u0131na uygun standartlara g\u00f6re d\u00fczenleniyor. T\u00fcm ya\u015f grubundaki engelli bireylerin faydaland\u0131\u011f\u0131 plajda \u00e7al\u0131\u015fmalar\u0131n k\u0131sa s\u00fcrede tamamlanarak yaz sezonuyla birlikte hizmete a\u00e7\u0131lmas\u0131 planlan\u0131yor. Kaynak: www.kanalv.com.tr Haber Sitesinden Al\u0131nm\u0131\u015ft\u0131r."}