{"version":"1.0","provider_name":"Av. Deniz Can K\u0131z\u0131l","provider_url":"http:\/\/denizcankizil.tr\/ru","author_name":"Av. Deniz Can K\u0131z\u0131l","author_url":"http:\/\/denizcankizil.tr\/ru","title":"En iyi \u00f6yk\u00fc kitaplar\u0131 belli oldu","type":"rich","width":600,"height":338,"html":"<blockquote class=\"wp-embedded-content\" data-secret=\"iHk3vVSRNe\"><a href=\"http:\/\/denizcankizil.tr\/ru\/haberler\/antalya\/en-iyi-oyku-kitaplari-belli-oldu\/\">En iyi \u00f6yk\u00fc kitaplar\u0131 belli oldu<\/a><\/blockquote><iframe sandbox=\"allow-scripts\" security=\"restricted\" src=\"http:\/\/denizcankizil.tr\/ru\/haberler\/antalya\/en-iyi-oyku-kitaplari-belli-oldu\/embed\/#?secret=iHk3vVSRNe\" width=\"600\" height=\"338\" title=\"\u00abEn iyi \u00f6yk\u00fc kitaplar\u0131 belli oldu\u00bb &#8212; Av. Deniz Can K\u0131z\u0131l\" data-secret=\"iHk3vVSRNe\" frameborder=\"0\" marginwidth=\"0\" marginheight=\"0\" scrolling=\"no\" class=\"wp-embedded-content\"><\/iframe><script>\n\/*! This file is auto-generated *\/\n!function(d,l){\"use strict\";l.querySelector&&d.addEventListener&&\"undefined\"!=typeof URL&&(d.wp=d.wp||{},d.wp.receiveEmbedMessage||(d.wp.receiveEmbedMessage=function(e){var t=e.data;if((t||t.secret||t.message||t.value)&&!\/[^a-zA-Z0-9]\/.test(t.secret)){for(var s,r,n,a=l.querySelectorAll('iframe[data-secret=\"'+t.secret+'\"]'),o=l.querySelectorAll('blockquote[data-secret=\"'+t.secret+'\"]'),c=new RegExp(\"^https?:$\",\"i\"),i=0;i<o.length;i++)o[i].style.display=\"none\";for(i=0;i<a.length;i++)s=a[i],e.source===s.contentWindow&&(s.removeAttribute(\"style\"),\"height\"===t.message?(1e3<(r=parseInt(t.value,10))?r=1e3:~~r<200&&(r=200),s.height=r):\"link\"===t.message&&(r=new URL(s.getAttribute(\"src\")),n=new URL(t.value),c.test(n.protocol))&&n.host===r.host&&l.activeElement===s&&(d.top.location.href=t.value))}},d.addEventListener(\"message\",d.wp.receiveEmbedMessage,!1),l.addEventListener(\"DOMContentLoaded\",function(){for(var e,t,s=l.querySelectorAll(\"iframe.wp-embedded-content\"),r=0;r<s.length;r++)(t=(e=s[r]).getAttribute(\"data-secret\"))||(t=Math.random().toString(36).substring(2,12),e.src+=\"#?secret=\"+t,e.setAttribute(\"data-secret\",t)),e.contentWindow.postMessage({message:\"ready\",secret:t},\"*\")},!1)))}(window,document);\n\/\/# sourceURL=http:\/\/denizcankizil.tr\/wp-includes\/js\/wp-embed.min.js\n<\/script>","thumbnail_url":"http:\/\/denizcankizil.tr\/wp-content\/uploads\/2024\/11\/3025-01-reAf5B.jpeg","thumbnail_width":1280,"thumbnail_height":720,"description":"Antalya\u2019y\u0131 edebiyat \u015fehri yapmak ve Antalya\u2019n\u0131n edebiyatta daha \u00e7ok yer almas\u0131n\u0131 sa\u011flamak amac\u0131yla Muratpa\u015fa Belediyesi\u2019nin ger\u00e7ekle\u015ftirdi\u011fi Antalya Edebiyat G\u00fcnleri\u2019nin 9\u2019uncusu, 22-24 Kas\u0131m tarihlerinde ger\u00e7ekle\u015ftirilecek. Edebiyat G\u00fcnleri bu y\u0131l \u201cAkdeniz ve Bar\u0131\u015f\u201d temas\u0131yla d\u00fczenlenecek olan Antalya Edebiyat G\u00fcnleri\u2019nin Genel y\u00f6netmenli\u011fini Ferruh Tun\u00e7 yapacak. Antalya Edebiyat G\u00fcnleri\u2019nin dan\u0131\u015fma kurulunda ise \u0130brahim Karao\u011flu, \u00d6zcan Karabulut, Prof. Dr. Nedret \u00d6ztokat K\u0131l\u0131\u00e7eri, Ahmet Telli, Nazmi A\u011f\u0131l, Ali Cengizkan, Tar\u0131k G\u00fcnersel, Tuncer \u00c7etinkaya, Do\u00e7. Dr. Serhan Ada ve G\u00fclnur Karaaslan yer ald\u0131. Her y\u0131l \u00f6yk\u00fc dal\u0131nda y\u0131l\u0131n en iyilerini belirleyen se\u00e7ici kurul ise \u0130brahim Karao\u011flu, \u00d6zcan Karabulut, S\u00fcreyya K\u00f6le ve \u015eenay Ero\u011flu Aksoy\u2019dan olu\u015ftu. Bu y\u0131l\u0131n \u00f6d\u00fclleri Antalya Edebiyat G\u00fcnleri\u2019nde bu y\u0131l Onur \u00d6d\u00fcl\u00fc, T\u00fcrk edebiyat\u0131nda 1990\u2019larda yerini alan kad\u0131n edebiyat\u0131n\u0131n \u00f6nc\u00fclerinden Ayla Kutlu\u2019ya takdim edilecek. Y\u0131l\u0131n En \u0130yi \u00d6yk\u00fc Kitab\u0131 \u00f6d\u00fcl\u00fcne, s\u0131radan ya\u015famlar\u0131n ara sokaklar\u0131na s\u0131zan, fark edilemeyen ya da fark edilmek istenmeyenleri en ince ayr\u0131nt\u0131s\u0131na kadar g\u00f6steren \u201cNe Yeni Ne Ba\u015fka\u201d eseriyle Ay\u015fen I\u015f\u0131k lay\u0131k g\u00f6r\u00fcld\u00fc. En \u0130yi \u0130lk \u00d6yk\u00fc Kitab\u0131 \u00f6d\u00fcl\u00fc ise \u201cBizim eskiden gelece\u011fimiz olan \u015fimdiki zaman\u0131 nas\u0131l de\u011ferlendirece\u011fiz?\u201d sorusunu soran \u201cK\u0131ran Yeli\u201d kitab\u0131yla G\u00fclser Kut Arat\u2019\u0131n oldu. Yazarlara \u00f6d\u00fclleri, 22 Kas\u0131m Cuma ak\u015fam\u0131 T\u00fcrkan \u015eoray\u2019da d\u00fczenlenecek t\u00f6rende takdim edilecek. \u00d6d\u00fcl t\u00f6reni, Senem Demircio\u011flu ve \u0130klim Tamkan konseriyle sona erecek. T\u00f6ren \u00f6ncesinde &hellip;"}