{"version":"1.0","provider_name":"Av. Deniz Can K\u0131z\u0131l","provider_url":"http:\/\/denizcankizil.tr\/ru","author_name":"Av. Deniz Can K\u0131z\u0131l","author_url":"http:\/\/denizcankizil.tr\/ru\/author\/denizcankizil\/","title":"'Dur' ihtar\u0131na uymay\u0131nca kaza ka\u00e7\u0131n\u0131lmaz oldu","type":"rich","width":600,"height":338,"html":"<blockquote class=\"wp-embedded-content\" data-secret=\"LNuphoKzUJ\"><a href=\"http:\/\/denizcankizil.tr\/ru\/haberler\/antalya\/dur-ihtarina-uymayinca-kaza-kacinilmaz-oldu\/\">&#8216;Dur&#8217; ihtar\u0131na uymay\u0131nca kaza ka\u00e7\u0131n\u0131lmaz oldu<\/a><\/blockquote><iframe sandbox=\"allow-scripts\" security=\"restricted\" src=\"http:\/\/denizcankizil.tr\/ru\/haberler\/antalya\/dur-ihtarina-uymayinca-kaza-kacinilmaz-oldu\/embed\/#?secret=LNuphoKzUJ\" width=\"600\" height=\"338\" title=\"\u00ab&#8216;Dur&#8217; ihtar\u0131na uymay\u0131nca kaza ka\u00e7\u0131n\u0131lmaz oldu\u00bb &#8212; Av. Deniz Can K\u0131z\u0131l\" data-secret=\"LNuphoKzUJ\" frameborder=\"0\" marginwidth=\"0\" marginheight=\"0\" scrolling=\"no\" class=\"wp-embedded-content\"><\/iframe><script>\n\/*! This file is auto-generated *\/\n!function(d,l){\"use strict\";l.querySelector&&d.addEventListener&&\"undefined\"!=typeof URL&&(d.wp=d.wp||{},d.wp.receiveEmbedMessage||(d.wp.receiveEmbedMessage=function(e){var t=e.data;if((t||t.secret||t.message||t.value)&&!\/[^a-zA-Z0-9]\/.test(t.secret)){for(var s,r,n,a=l.querySelectorAll('iframe[data-secret=\"'+t.secret+'\"]'),o=l.querySelectorAll('blockquote[data-secret=\"'+t.secret+'\"]'),c=new RegExp(\"^https?:$\",\"i\"),i=0;i<o.length;i++)o[i].style.display=\"none\";for(i=0;i<a.length;i++)s=a[i],e.source===s.contentWindow&&(s.removeAttribute(\"style\"),\"height\"===t.message?(1e3<(r=parseInt(t.value,10))?r=1e3:~~r<200&&(r=200),s.height=r):\"link\"===t.message&&(r=new URL(s.getAttribute(\"src\")),n=new URL(t.value),c.test(n.protocol))&&n.host===r.host&&l.activeElement===s&&(d.top.location.href=t.value))}},d.addEventListener(\"message\",d.wp.receiveEmbedMessage,!1),l.addEventListener(\"DOMContentLoaded\",function(){for(var e,t,s=l.querySelectorAll(\"iframe.wp-embedded-content\"),r=0;r<s.length;r++)(t=(e=s[r]).getAttribute(\"data-secret\"))||(t=Math.random().toString(36).substring(2,12),e.src+=\"#?secret=\"+t,e.setAttribute(\"data-secret\",t)),e.contentWindow.postMessage({message:\"ready\",secret:t},\"*\")},!1)))}(window,document);\n\/\/# sourceURL=http:\/\/denizcankizil.tr\/wp-includes\/js\/wp-embed.min.js\n<\/script>","thumbnail_url":"http:\/\/denizcankizil.tr\/wp-content\/uploads\/2025\/03\/5807-01-z6AEq9.jpeg","thumbnail_width":1280,"thumbnail_height":720,"description":"Kaza, d\u00fcn saat 17.00 s\u0131ralar\u0131nda Alanya&#8217;n\u0131n Zamano\u011flu Caddesi \u00fczerinde meydana geldi. Edinilen bilgilere g\u00f6re, Mustafa B. (42) y\u00f6netimindeki 34 DZK 55 plakal\u0131 Tofa\u015f marka otomobil, Alanya il\u00e7e merkezindeki polis uygulama noktas\u0131nda dur ihtar\u0131na uymayarak h\u0131zla ka\u00e7maya ba\u015flad\u0131. Mersin istikametine do\u011fru ters y\u00f6nde ilerleyen otomobil, kar\u015f\u0131 y\u00f6nden gelen \u0130sa A. (37) y\u00f6netimindeki 07 BCJ 834 plakal\u0131 Volkswagen marka ara\u00e7la \u00e7arp\u0131\u015ft\u0131. \u0130hbar \u00fczerine olay yerine ambulans ekibi sevk edildi. Kazada otomobil s\u00fcr\u00fcc\u00fcs\u00fc polis ekipleri taraf\u0131ndan yakaland\u0131. Otomobil s\u00fcr\u00fcc\u00fcs\u00fc Mustafa B&#8217;nin (42) arac\u0131n\u0131n muayenesiz oldu\u011fu ve 1.94 promil alkoll\u00fc oldu\u011fu \u00f6\u011frenildi. Kazaya kar\u0131\u015fan ara\u00e7lar \u00e7ekici yard\u0131m\u0131 ile yolda kald\u0131r\u0131ld\u0131. Otomobil s\u00fcr\u00fcc\u00fcs\u00fc Mustafa B. (42) kazada hafif yaralan\u0131rken di\u011fer otomobil s\u00fcr\u00fcc\u00fcs\u00fc \u0130sa A. ise kazay\u0131 yara almadan atlatt\u0131. Kazayla ilgili soru\u015fturma ba\u015flat\u0131ld\u0131. \u00d6te yandan, ters istikametten giden otomobil s\u00fcr\u00fcc\u00fcs\u00fc Mustafa B&#8217;nin (42) ka\u00e7\u0131\u015f g\u00f6r\u00fcnt\u00fcleri ve ayr\u0131ca kaza sonras\u0131 \u00e7evredeki vatanda\u015flar\u0131n kaza yerine ko\u015fmalar\u0131 g\u00fcvenlik kameras\u0131na yans\u0131d\u0131. Kaynak: www.kanalv.com.tr Haber Sitesinden Al\u0131nm\u0131\u015ft\u0131r."}