{"version":"1.0","provider_name":"Av. Deniz Can K\u0131z\u0131l","provider_url":"http:\/\/denizcankizil.tr\/ru","author_name":"Av. Deniz Can K\u0131z\u0131l","author_url":"http:\/\/denizcankizil.tr\/ru\/author\/denizcankizil\/","title":"B\u00fcy\u00fck\u015fehir'de Haziran Ay\u0131 Meclis Toplant\u0131s\u0131","type":"rich","width":600,"height":338,"html":"<blockquote class=\"wp-embedded-content\" data-secret=\"4WcbaTEa1e\"><a href=\"http:\/\/denizcankizil.tr\/ru\/haberler\/antalya\/buyuksehirde-haziran-ayi-meclis-toplantisi\/\">B\u00fcy\u00fck\u015fehir&#8217;de Haziran Ay\u0131 Meclis Toplant\u0131s\u0131<\/a><\/blockquote><iframe sandbox=\"allow-scripts\" security=\"restricted\" src=\"http:\/\/denizcankizil.tr\/ru\/haberler\/antalya\/buyuksehirde-haziran-ayi-meclis-toplantisi\/embed\/#?secret=4WcbaTEa1e\" width=\"600\" height=\"338\" title=\"\u00abB\u00fcy\u00fck\u015fehir&#8217;de Haziran Ay\u0131 Meclis Toplant\u0131s\u0131\u00bb &#8212; Av. Deniz Can K\u0131z\u0131l\" data-secret=\"4WcbaTEa1e\" frameborder=\"0\" marginwidth=\"0\" marginheight=\"0\" scrolling=\"no\" class=\"wp-embedded-content\"><\/iframe><script>\n\/*! This file is auto-generated *\/\n!function(d,l){\"use strict\";l.querySelector&&d.addEventListener&&\"undefined\"!=typeof URL&&(d.wp=d.wp||{},d.wp.receiveEmbedMessage||(d.wp.receiveEmbedMessage=function(e){var t=e.data;if((t||t.secret||t.message||t.value)&&!\/[^a-zA-Z0-9]\/.test(t.secret)){for(var s,r,n,a=l.querySelectorAll('iframe[data-secret=\"'+t.secret+'\"]'),o=l.querySelectorAll('blockquote[data-secret=\"'+t.secret+'\"]'),c=new RegExp(\"^https?:$\",\"i\"),i=0;i<o.length;i++)o[i].style.display=\"none\";for(i=0;i<a.length;i++)s=a[i],e.source===s.contentWindow&&(s.removeAttribute(\"style\"),\"height\"===t.message?(1e3<(r=parseInt(t.value,10))?r=1e3:~~r<200&&(r=200),s.height=r):\"link\"===t.message&&(r=new URL(s.getAttribute(\"src\")),n=new URL(t.value),c.test(n.protocol))&&n.host===r.host&&l.activeElement===s&&(d.top.location.href=t.value))}},d.addEventListener(\"message\",d.wp.receiveEmbedMessage,!1),l.addEventListener(\"DOMContentLoaded\",function(){for(var e,t,s=l.querySelectorAll(\"iframe.wp-embedded-content\"),r=0;r<s.length;r++)(t=(e=s[r]).getAttribute(\"data-secret\"))||(t=Math.random().toString(36).substring(2,12),e.src+=\"#?secret=\"+t,e.setAttribute(\"data-secret\",t)),e.contentWindow.postMessage({message:\"ready\",secret:t},\"*\")},!1)))}(window,document);\n\/\/# sourceURL=http:\/\/denizcankizil.tr\/wp-includes\/js\/wp-embed.min.js\n<\/script>","description":"Toplant\u0131da, ge\u00e7ti\u011fimiz g\u00fcnlerde hayat\u0131n\u0131 kaybeden Manisa B\u00fcy\u00fck\u015fehir Belediye Ba\u015fkan\u0131 merhum Ferdi Zeyrek de unutulmad\u0131. Ferdi Zeyrek&#8217;in foto\u011fraf\u0131n\u0131 yakalar\u0131na takarak toplant\u0131ya kat\u0131lan meclis \u00fcyeleri, Ferdi Zeyrek i\u00e7in mecliste Fatiha okudu. Antalya B\u00fcy\u00fck\u015fehir Belediyesi Hizmet Binas\u0131&#8217;na da Zeyrek&#8217;in foto\u011fraf\u0131n\u0131n bulundu\u011fu &#8220;Seni Unutmayaca\u011f\u0131z&#8221; yaz\u0131l\u0131 pankart as\u0131ld\u0131. Antalya B\u00fcy\u00fck\u015fehir Belediyesi&#8217;nde Ferdi Zeyrek unutulmad\u0131 Ferdi Zeyrek&#8217;in an\u0131s\u0131na g\u00f6sterdikleri sayg\u0131 i\u00e7in Meclis \u00fcyelerine te\u015fekk\u00fcr eden Ba\u015fkan Muhittin B\u00f6cek, &#8220;\u00c7ok k\u0131ymetli karde\u015fimizi Manisa B\u00fcy\u00fck\u015fehir Belediye Ba\u015fkan\u0131 Ferdi Zeyrek&#8217;i kaybettik. T\u00fcm T\u00fcrkiye hep birlikte \u00fcz\u00fcld\u00fck. Dualar\u0131n\u0131z, destekleriniz i\u00e7in te\u015fekk\u00fcr ediyorum. 4 Haziran&#8217;da Antalya B\u00fcy\u00fck\u015fehir Belediyemiz ile Manisa B\u00fcy\u00fck\u015fehir Belediyemiz su y\u00f6netimi ile ASAT ALDA\u015e teknoloji su y\u00f6netimi ile ilgili protokol yapm\u0131\u015ft\u0131k. \u00c7ok g\u00fczel projelerimizi payla\u015facakt\u0131k ama elim bir kaza sonucu karde\u015fimizi kaybettik. Yard\u0131msever karde\u015fim Ferdi Zeyrek&#8217;e Allah&#8217;tan rahmet diliyorum. Mekan\u0131 cennet olsun&#8221; dedi. \u00c7evre projeleri \u00f6d\u00fcl getirdi Ba\u015fkan Muhittin B\u00f6cek meclis toplant\u0131s\u0131nda g\u00fcndeme ili\u015fkin a\u00e7\u0131klamalarda da bulundu. G\u00f6reve geldi\u011fi g\u00fcnden bu yana Antalya B\u00fcy\u00fck\u015fehir Belediyesi&#8217;nin \u00e7evre ile ilgili \u00f6nemli \u00e7al\u0131\u015fmalara imza att\u0131klar\u0131n\u0131 s\u00f6yleyen Ba\u015fkan Muhittin B\u00f6cek, &#8220;24. \u00e7evre \u00f6d\u00fcl\u00fcm\u00fcz\u00fc ald\u0131k. Bunlar yine bu meclisin \u00e7ok k\u0131ymetli \u00e7al\u0131\u015fma arkada\u015flar\u0131m\u0131n ve \u00e7evre dostlar\u0131n\u0131n sayesindedir. 8 gemi at\u0131k al\u0131m istasyonu kurduk, yetmedi 23 termal kamera ile b\u00fct\u00fcn gemileri takip ediyoruz. Denizlerimizi kirletenlere 120 milyonun \u00fczerinde ceza yazd\u0131k. \u00c7evre ile ilgili yapt\u0131\u011f\u0131m\u0131z &hellip;"}