{"version":"1.0","provider_name":"Av. Deniz Can K\u0131z\u0131l","provider_url":"http:\/\/denizcankizil.tr\/ru","author_name":"Av. Deniz Can K\u0131z\u0131l","author_url":"http:\/\/denizcankizil.tr\/ru\/author\/denizcankizil\/","title":"Be\u011fi\u015f Yaylas\u0131'nda geleneksel pilav \u015fenli\u011fi","type":"rich","width":600,"height":338,"html":"<blockquote class=\"wp-embedded-content\" data-secret=\"9nQ3MXjPGj\"><a href=\"http:\/\/denizcankizil.tr\/ru\/haberler\/antalya\/begis-yaylasinda-geleneksel-pilav-senligi\/\">Be\u011fi\u015f Yaylas\u0131&#8217;nda geleneksel pilav \u015fenli\u011fi<\/a><\/blockquote><iframe sandbox=\"allow-scripts\" security=\"restricted\" src=\"http:\/\/denizcankizil.tr\/ru\/haberler\/antalya\/begis-yaylasinda-geleneksel-pilav-senligi\/embed\/#?secret=9nQ3MXjPGj\" width=\"600\" height=\"338\" title=\"\u00abBe\u011fi\u015f Yaylas\u0131&#8217;nda geleneksel pilav \u015fenli\u011fi\u00bb &#8212; Av. Deniz Can K\u0131z\u0131l\" data-secret=\"9nQ3MXjPGj\" frameborder=\"0\" marginwidth=\"0\" marginheight=\"0\" scrolling=\"no\" class=\"wp-embedded-content\"><\/iframe><script>\n\/*! This file is auto-generated *\/\n!function(d,l){\"use strict\";l.querySelector&&d.addEventListener&&\"undefined\"!=typeof URL&&(d.wp=d.wp||{},d.wp.receiveEmbedMessage||(d.wp.receiveEmbedMessage=function(e){var t=e.data;if((t||t.secret||t.message||t.value)&&!\/[^a-zA-Z0-9]\/.test(t.secret)){for(var s,r,n,a=l.querySelectorAll('iframe[data-secret=\"'+t.secret+'\"]'),o=l.querySelectorAll('blockquote[data-secret=\"'+t.secret+'\"]'),c=new RegExp(\"^https?:$\",\"i\"),i=0;i<o.length;i++)o[i].style.display=\"none\";for(i=0;i<a.length;i++)s=a[i],e.source===s.contentWindow&&(s.removeAttribute(\"style\"),\"height\"===t.message?(1e3<(r=parseInt(t.value,10))?r=1e3:~~r<200&&(r=200),s.height=r):\"link\"===t.message&&(r=new URL(s.getAttribute(\"src\")),n=new URL(t.value),c.test(n.protocol))&&n.host===r.host&&l.activeElement===s&&(d.top.location.href=t.value))}},d.addEventListener(\"message\",d.wp.receiveEmbedMessage,!1),l.addEventListener(\"DOMContentLoaded\",function(){for(var e,t,s=l.querySelectorAll(\"iframe.wp-embedded-content\"),r=0;r<s.length;r++)(t=(e=s[r]).getAttribute(\"data-secret\"))||(t=Math.random().toString(36).substring(2,12),e.src+=\"#?secret=\"+t,e.setAttribute(\"data-secret\",t)),e.contentWindow.postMessage({message:\"ready\",secret:t},\"*\")},!1)))}(window,document);\n\/\/# sourceURL=http:\/\/denizcankizil.tr\/wp-includes\/js\/wp-embed.min.js\n<\/script>","description":"Be\u011fi\u015fliler ve Datk\u00f6y K\u00fclt\u00fcr ve Dayan\u0131\u015fma Derne\u011finin birlikte d\u00fczenledi\u011fi \u015fenlikte T\u00fcrkiye&#8217;nin d\u00f6rt bir yan\u0131ndan ak\u0131n ak\u0131n toplanan Be\u011fi\u015fliler ve di\u011fer davetliler hasret giderdiler, yaylan\u0131n so\u011fuk suyundan i\u00e7ip piknik yapt\u0131lar. \u015eenlik \u00e7er\u00e7evesinde, halat \u00e7ekme, sandalye kapma ve tahta ka\u015f\u0131kla yumurta ta\u015f\u0131ma, de\u011fnekle y\u00fcr\u00fcme yar\u0131\u015f\u0131, \u00e7uval yar\u0131\u015f\u0131, u\u00e7urtma \u015fenli\u011fi gibi \u00e7e\u015fitli etkinlikler d\u00fczenlendi. Kaynak: www.kanalv.com.tr Haber Sitesinden Al\u0131nm\u0131\u015ft\u0131r."}