{"version":"1.0","provider_name":"Av. Deniz Can K\u0131z\u0131l","provider_url":"http:\/\/denizcankizil.tr\/ru","author_name":"Av. Deniz Can K\u0131z\u0131l","author_url":"http:\/\/denizcankizil.tr\/ru","title":"Atat\u00fcrk g\u00f6rseline \u00e7irkin sald\u0131r\u0131","type":"rich","width":600,"height":338,"html":"<blockquote class=\"wp-embedded-content\" data-secret=\"BtJzJyLoyq\"><a href=\"http:\/\/denizcankizil.tr\/ru\/haberler\/antalya\/ataturk-gorseline-cirkin-saldiri\/\">Atat\u00fcrk g\u00f6rseline \u00e7irkin sald\u0131r\u0131<\/a><\/blockquote><iframe sandbox=\"allow-scripts\" security=\"restricted\" src=\"http:\/\/denizcankizil.tr\/ru\/haberler\/antalya\/ataturk-gorseline-cirkin-saldiri\/embed\/#?secret=BtJzJyLoyq\" width=\"600\" height=\"338\" title=\"\u00abAtat\u00fcrk g\u00f6rseline \u00e7irkin sald\u0131r\u0131\u00bb &#8212; Av. Deniz Can K\u0131z\u0131l\" data-secret=\"BtJzJyLoyq\" frameborder=\"0\" marginwidth=\"0\" marginheight=\"0\" scrolling=\"no\" class=\"wp-embedded-content\"><\/iframe><script>\n\/*! This file is auto-generated *\/\n!function(d,l){\"use strict\";l.querySelector&&d.addEventListener&&\"undefined\"!=typeof URL&&(d.wp=d.wp||{},d.wp.receiveEmbedMessage||(d.wp.receiveEmbedMessage=function(e){var t=e.data;if((t||t.secret||t.message||t.value)&&!\/[^a-zA-Z0-9]\/.test(t.secret)){for(var s,r,n,a=l.querySelectorAll('iframe[data-secret=\"'+t.secret+'\"]'),o=l.querySelectorAll('blockquote[data-secret=\"'+t.secret+'\"]'),c=new RegExp(\"^https?:$\",\"i\"),i=0;i<o.length;i++)o[i].style.display=\"none\";for(i=0;i<a.length;i++)s=a[i],e.source===s.contentWindow&&(s.removeAttribute(\"style\"),\"height\"===t.message?(1e3<(r=parseInt(t.value,10))?r=1e3:~~r<200&&(r=200),s.height=r):\"link\"===t.message&&(r=new URL(s.getAttribute(\"src\")),n=new URL(t.value),c.test(n.protocol))&&n.host===r.host&&l.activeElement===s&&(d.top.location.href=t.value))}},d.addEventListener(\"message\",d.wp.receiveEmbedMessage,!1),l.addEventListener(\"DOMContentLoaded\",function(){for(var e,t,s=l.querySelectorAll(\"iframe.wp-embedded-content\"),r=0;r<s.length;r++)(t=(e=s[r]).getAttribute(\"data-secret\"))||(t=Math.random().toString(36).substring(2,12),e.src+=\"#?secret=\"+t,e.setAttribute(\"data-secret\",t)),e.contentWindow.postMessage({message:\"ready\",secret:t},\"*\")},!1)))}(window,document);\n\/\/# sourceURL=http:\/\/denizcankizil.tr\/wp-includes\/js\/wp-embed.min.js\n<\/script>","thumbnail_url":"http:\/\/denizcankizil.tr\/wp-content\/uploads\/2024\/11\/3059-01-iZhsKr.jpeg","thumbnail_width":1280,"thumbnail_height":720,"description":"Olay, Muratpa\u015fa il\u00e7esi G\u00fczeloba Mahallesi&#8217;nde meydana geldi. Lastik tamircisi Mehmet Can Sevin\u00e7&#8217;in d\u00fckkan\u0131na m\u00fc\u015fteri olarak gelen ki\u015fi, ara\u00e7 etiketlerini inceledi. Kap\u0131da as\u0131l\u0131, Mustafa Kemal Atat\u00fcrk g\u00f6rselinin bas\u0131l\u0131 oldu\u011fu etiketi g\u00f6ren m\u00fc\u015fteri, etiketi eline alarak iddiaya g\u00f6re alayc\u0131 tav\u0131rla Sevin\u00e7&#8217;e g\u00f6sterip, neden kap\u0131da as\u0131l\u0131 oldu\u011funu sordu. Ard\u0131ndan etiketi yere atan bu ki\u015fi, \u00f6nce a\u011fz\u0131ndaki suyu etikete d\u00f6kt\u00fc, ard\u0131ndan aya\u011f\u0131yla \u00fczerine defalarca bast\u0131. Bu s\u0131rada ne oldu\u011funu anlamaya \u00e7al\u0131\u015fan Sevin\u00e7, tezgah\u0131n \u00fczerinden atlayarak m\u00fcdahalede bulundu. \u0130\u015f yerinde ba\u015flayan arbede soka\u011fa ta\u015f\u0131nca \u00e7evredekilerin m\u00fcdahalesiyle Sevin\u00e7, uzakla\u015ft\u0131r\u0131ld\u0131. \u0130smi \u00f6\u011frenilemeyen ki\u015fi ise ko\u015farak uzakla\u015ft\u0131. OLAY ANINI ANLATTI Olay an\u0131n\u0131 anlatan Mehmet Can Sevin\u00e7, &#8220;D\u00fckkana yabanc\u0131 uyruklu m\u00fc\u015fterimiz geldi. \u00d6nce \u00fcr\u00fcnleri inceledi, sonra etrafa bakt\u0131m. Bizden su istedi. Daha sonra satt\u0131\u011f\u0131m\u0131z etiketlere bakarak, Atat\u00fcrk etiketine m\u00fcdahalede bulundu. Ne yapt\u0131\u011f\u0131n\u0131 sordu\u011fumda etiketi yere att\u0131, a\u011fz\u0131ndaki suyu yere d\u00f6kt\u00fc. Alayc\u0131 tav\u0131rlarla yakla\u015ft\u0131. Atat\u00fcrk etiketini de aya\u011f\u0131yla ezdi. O an \u00e7ok \u00f6fkelendim, dayanamad\u0131m ve masan\u0131n \u00fczerinden atlayarak m\u00fcdahale ettim. O an hi\u00e7bir \u015fey d\u00fc\u015f\u00fcnmedim ve m\u00fcdahalede bulundum. Sonra ka\u00e7maya ba\u015flad\u0131, yeniden yakalad\u0131m. Ard\u0131ndan bizi \u00e7evredekiler ay\u0131rd\u0131&#8221; dedi. Kaynak: www.kanalv.com.tr Haber Sitesinden Al\u0131nm\u0131\u015ft\u0131r."}