{"version":"1.0","provider_name":"Av. Deniz Can K\u0131z\u0131l","provider_url":"http:\/\/denizcankizil.tr\/ru","author_name":"Av. Deniz Can K\u0131z\u0131l","author_url":"http:\/\/denizcankizil.tr\/ru\/author\/denizcankizil\/","title":"Antalya'da anma t\u00f6reni","type":"rich","width":600,"height":338,"html":"<blockquote class=\"wp-embedded-content\" data-secret=\"AOIwO15aqW\"><a href=\"http:\/\/denizcankizil.tr\/ru\/haberler\/antalya\/antalyada-anma-toreni\/\">Antalya&#8217;da anma t\u00f6reni<\/a><\/blockquote><iframe sandbox=\"allow-scripts\" security=\"restricted\" src=\"http:\/\/denizcankizil.tr\/ru\/haberler\/antalya\/antalyada-anma-toreni\/embed\/#?secret=AOIwO15aqW\" width=\"600\" height=\"338\" title=\"\u00abAntalya&#8217;da anma t\u00f6reni\u00bb &#8212; Av. Deniz Can K\u0131z\u0131l\" data-secret=\"AOIwO15aqW\" frameborder=\"0\" marginwidth=\"0\" marginheight=\"0\" scrolling=\"no\" class=\"wp-embedded-content\"><\/iframe><script>\n\/*! This file is auto-generated *\/\n!function(d,l){\"use strict\";l.querySelector&&d.addEventListener&&\"undefined\"!=typeof URL&&(d.wp=d.wp||{},d.wp.receiveEmbedMessage||(d.wp.receiveEmbedMessage=function(e){var t=e.data;if((t||t.secret||t.message||t.value)&&!\/[^a-zA-Z0-9]\/.test(t.secret)){for(var s,r,n,a=l.querySelectorAll('iframe[data-secret=\"'+t.secret+'\"]'),o=l.querySelectorAll('blockquote[data-secret=\"'+t.secret+'\"]'),c=new RegExp(\"^https?:$\",\"i\"),i=0;i<o.length;i++)o[i].style.display=\"none\";for(i=0;i<a.length;i++)s=a[i],e.source===s.contentWindow&&(s.removeAttribute(\"style\"),\"height\"===t.message?(1e3<(r=parseInt(t.value,10))?r=1e3:~~r<200&&(r=200),s.height=r):\"link\"===t.message&&(r=new URL(s.getAttribute(\"src\")),n=new URL(t.value),c.test(n.protocol))&&n.host===r.host&&l.activeElement===s&&(d.top.location.href=t.value))}},d.addEventListener(\"message\",d.wp.receiveEmbedMessage,!1),l.addEventListener(\"DOMContentLoaded\",function(){for(var e,t,s=l.querySelectorAll(\"iframe.wp-embedded-content\"),r=0;r<s.length;r++)(t=(e=s[r]).getAttribute(\"data-secret\"))||(t=Math.random().toString(36).substring(2,12),e.src+=\"#?secret=\"+t,e.setAttribute(\"data-secret\",t)),e.contentWindow.postMessage({message:\"ready\",secret:t},\"*\")},!1)))}(window,document);\n\/\/# sourceURL=http:\/\/denizcankizil.tr\/wp-includes\/js\/wp-embed.min.js\n<\/script>","thumbnail_url":"http:\/\/denizcankizil.tr\/wp-content\/uploads\/2025\/02\/4516-01-9t9Ize.jpeg","thumbnail_width":1280,"thumbnail_height":720,"description":"Asr\u0131n felaketinde Malatya Valisi olarak g\u00f6rev yapan Antalya Valisi Hulusi \u015eahin, \u015fehirlerin sa\u011fl\u0131kl\u0131 ve g\u00fcvenli in\u015fa edilmesi gerekti\u011fine vurgu yaparak, &#8220;Hi\u00e7 unutmuyorum. Malatya&#8217;da e\u015fini, \u00fc\u00e7 k\u0131z\u0131n\u0131 kaybetmi\u015f olan bir vatanda\u015f \u015f\u00f6yle demi\u015fti; \u2018Ben me\u011fer ev almam\u0131\u015f\u0131m? \u00c7ocuklar\u0131ma tabut alm\u0131\u015f\u0131m. \u00c7ocuklar\u0131ma mezar alm\u0131\u015f\u0131m.&#8217; Ev yapal\u0131m, insanlara ya\u015fayabilecekleri \u015fehirler kural\u0131m. Mezarlar, mezarl\u0131klar yapmayal\u0131m&#8221; dedi. 6 \u015eubat 2023 tarihinde ya\u015fanan ve &#8220;asr\u0131n felaketi&#8221; olarak nitelendirilen Kahramanmara\u015f merkezli depremlerin ikinci y\u0131l d\u00f6n\u00fcm\u00fc nedeniyle Antalya&#8217;da anma program\u0131 ger\u00e7ekle\u015ftirildi. Antalya Valili\u011fi ve AFAD taraf\u0131ndan Erdem Bayaz\u0131t K\u00fclt\u00fcr Merkezi&#8217;nde ger\u00e7ekle\u015ftirilen programda, depremlerde hayat\u0131n\u0131 kaybedenler i\u00e7in bir anma ve arma t\u00f6reni yap\u0131ld\u0131. Kur&#8217;an-\u0131 Kerim ve dualar\u0131n okundu\u011fu programda, deprem s\u0131ras\u0131nda Malatya Valisi olan Antalya Valisi Hulusi \u015eahin o d\u00f6nem ya\u015fad\u0131klar\u0131n\u0131 aktard\u0131. Vali \u015eahin, &#8220;6 \u015eubat sabah\u0131 ya\u015fad\u0131klar\u0131m\u0131z\u0131 kelimeler tarif edemez. 6 \u015eubat&#8217;\u0131n tam bu saatlerinde benim kar\u015f\u0131la\u015ft\u0131\u011f\u0131m konular\u0131 Allah kimseyi bir daha ya\u015fatmas\u0131n, g\u00f6stermesin. Birinci deprem olmu\u015f. Ekiplerimizi elimizde ne kadar varsa y\u0131k\u0131lan binalar\u0131n enkazlar\u0131na g\u00f6ndermi\u015fiz. Hepsi \u00e7al\u0131\u015f\u0131yorlar. Enkaz alt\u0131ndan insanlar\u0131m\u0131z\u0131 kurtarmaya \u00e7al\u0131\u015f\u0131yorlar. O arada ikinci deprem oluyor ve \u015f\u00f6yle haber geliyor; \u2018Arama kurtarma ekiplerimizin \u00fczerine binalar devrildi. Ekiplerimiz enkaz alt\u0131nda kald\u0131.&#8217; Nas\u0131l bir duygu ya\u015fad\u0131\u011f\u0131m\u0131z\u0131 hayal edebiliyor musunuz? \u00c7ok a\u011f\u0131r bir imtihan. Bir taraftan haber geliyor, Malatya&#8217;y\u0131 g\u00fcneye ba\u011flayan Erkenek T\u00fcneli y\u0131k\u0131ld\u0131. Bir telefon geliyor, kuzeye ba\u011flayan &hellip;"}