{"version":"1.0","provider_name":"Av. Deniz Can K\u0131z\u0131l","provider_url":"http:\/\/denizcankizil.tr\/ru","author_name":"Av. Deniz Can K\u0131z\u0131l","author_url":"http:\/\/denizcankizil.tr\/ru\/author\/denizcankizil\/","title":"Alanya kad\u0131nlar\u0131n yan\u0131nda","type":"rich","width":600,"height":338,"html":"<blockquote class=\"wp-embedded-content\" data-secret=\"c09Dm6la5V\"><a href=\"http:\/\/denizcankizil.tr\/ru\/haberler\/antalya\/alanya-kadinlarin-yaninda\/\">Alanya kad\u0131nlar\u0131n yan\u0131nda<\/a><\/blockquote><iframe sandbox=\"allow-scripts\" security=\"restricted\" src=\"http:\/\/denizcankizil.tr\/ru\/haberler\/antalya\/alanya-kadinlarin-yaninda\/embed\/#?secret=c09Dm6la5V\" width=\"600\" height=\"338\" title=\"\u00abAlanya kad\u0131nlar\u0131n yan\u0131nda\u00bb &#8212; Av. Deniz Can K\u0131z\u0131l\" data-secret=\"c09Dm6la5V\" frameborder=\"0\" marginwidth=\"0\" marginheight=\"0\" scrolling=\"no\" class=\"wp-embedded-content\"><\/iframe><script>\n\/*! This file is auto-generated *\/\n!function(d,l){\"use strict\";l.querySelector&&d.addEventListener&&\"undefined\"!=typeof URL&&(d.wp=d.wp||{},d.wp.receiveEmbedMessage||(d.wp.receiveEmbedMessage=function(e){var t=e.data;if((t||t.secret||t.message||t.value)&&!\/[^a-zA-Z0-9]\/.test(t.secret)){for(var s,r,n,a=l.querySelectorAll('iframe[data-secret=\"'+t.secret+'\"]'),o=l.querySelectorAll('blockquote[data-secret=\"'+t.secret+'\"]'),c=new RegExp(\"^https?:$\",\"i\"),i=0;i<o.length;i++)o[i].style.display=\"none\";for(i=0;i<a.length;i++)s=a[i],e.source===s.contentWindow&&(s.removeAttribute(\"style\"),\"height\"===t.message?(1e3<(r=parseInt(t.value,10))?r=1e3:~~r<200&&(r=200),s.height=r):\"link\"===t.message&&(r=new URL(s.getAttribute(\"src\")),n=new URL(t.value),c.test(n.protocol))&&n.host===r.host&&l.activeElement===s&&(d.top.location.href=t.value))}},d.addEventListener(\"message\",d.wp.receiveEmbedMessage,!1),l.addEventListener(\"DOMContentLoaded\",function(){for(var e,t,s=l.querySelectorAll(\"iframe.wp-embedded-content\"),r=0;r<s.length;r++)(t=(e=s[r]).getAttribute(\"data-secret\"))||(t=Math.random().toString(36).substring(2,12),e.src+=\"#?secret=\"+t,e.setAttribute(\"data-secret\",t)),e.contentWindow.postMessage({message:\"ready\",secret:t},\"*\")},!1)))}(window,document);\n\/\/# sourceURL=http:\/\/denizcankizil.tr\/wp-includes\/js\/wp-embed.min.js\n<\/script>","thumbnail_url":"http:\/\/denizcankizil.tr\/wp-content\/uploads\/2025\/05\/6572-01-zqBSR3.jpg","thumbnail_width":1280,"thumbnail_height":720,"description":"Dan\u0131\u015fan kad\u0131nlar ve g\u00f6revlilerin evlerinde yapt\u0131klar\u0131 \u00fcr\u00fcnlerle haz\u0131rlanan kahvalt\u0131, Alanya Belediye Ba\u015fkan\u0131 Osman Tar\u0131k \u00d6z\u00e7elik&#8217;in be\u011fenisini toplad\u0131. \u0130mece k\u00fclt\u00fcr\u00fcn\u00fc hayat\u0131n her yerinde yayg\u0131nla\u015ft\u0131rmay\u0131 hedeflediklerini belirten Ba\u015fkan \u00d6z\u00e7elik, t\u00fcm kat\u0131l\u0131mc\u0131lara te\u015fekk\u00fcr etti. Programda kad\u0131n meclis \u00fcyeleri Halime Dim Ceylan ve Ufuk Aras Solmaz da yer ald\u0131. Programa kat\u0131lan ve kona\u011f\u0131n kullan\u0131m hakk\u0131n\u0131 Alanya Belediyesi&#8217;ne veren hay\u0131rsever Sevim Yavuz ve ailesine Ba\u015fkan Osman Tar\u0131k \u00d6z\u00e7elik taraf\u0131ndan te\u015fekk\u00fcr plaketi verildi. Merkezde kad\u0131nlara psikolojik ve hukuki dan\u0131\u015fmanl\u0131k, aile dan\u0131\u015fmanl\u0131\u011f\u0131 ve diyetisyen deste\u011fi Merkez b\u00fcnyesinde psikolojik dan\u0131\u015fmanl\u0131k, hukuki dan\u0131\u015fmanl\u0131k, aile dan\u0131\u015fmanl\u0131\u011f\u0131 ve diyetisyen deste\u011fi gibi alanlarda hizmet veriliyor. Kad\u0131nlar\u0131n sosyal hayata daha g\u00fc\u00e7l\u00fc kat\u0131l\u0131m\u0131n\u0131 sa\u011flamak, ya\u015fad\u0131klar\u0131 sorunlarla ba\u015f etmelerini kolayla\u015ft\u0131rmak ve kamu kurumlar\u0131yla ba\u011f kurmalar\u0131na yard\u0131mc\u0131 olmak, merkezin temel hedefleri aras\u0131nda yer al\u0131yor. Kad\u0131n Politikalar\u0131 ve Aile Destek Merkezi&#8217;nin en \u00f6nemli misyonlar\u0131ndan birini \u015fiddetle m\u00fccadele olu\u015fturuyor. \u015eiddete u\u011frayan ya da risk alt\u0131nda olan kad\u0131nlara psikolojik destek sa\u011flan\u0131rken, hukuki haklar\u0131 konusunda da bilgilendirme yap\u0131l\u0131yor. Merkez, ilgili kurumlara y\u00f6nlendirme konusunda da aktif rol al\u0131yor. Aile Dan\u0131\u015fmanl\u0131\u011f\u0131 hizmeti kapsam\u0131nda bireysel ve grup \u00e7al\u0131\u015fmalar\u0131 y\u00fcr\u00fct\u00fcl\u00fcrken, ayr\u0131ca evlilik kurumunun \u00f6nemi, sa\u011fl\u0131kl\u0131 ileti\u015fim, artan bo\u015fanma oranlar\u0131 gibi konularda dan\u0131\u015fmanl\u0131k verilerek aile yap\u0131s\u0131n\u0131n g\u00fc\u00e7lenmesi hedefleniyor. Merkezde g\u00f6rev yapan diyetisyen taraf\u0131ndan sa\u011fl\u0131kl\u0131 beslenme al\u0131\u015fkanl\u0131klar\u0131 kazand\u0131r\u0131lmas\u0131na y\u00f6nelik dan\u0131\u015fmanl\u0131k hizmeti veriliyor. Kad\u0131nlar\u0131n kendi bedenlerini tan\u0131mas\u0131, &hellip;"}