{"version":"1.0","provider_name":"Av. Deniz Can K\u0131z\u0131l","provider_url":"http:\/\/denizcankizil.tr\/ru","author_name":"Av. Deniz Can K\u0131z\u0131l","author_url":"http:\/\/denizcankizil.tr\/ru","title":"1800 y\u0131l aradan sonra yeniden su ile bulu\u015ftu","type":"rich","width":600,"height":338,"html":"<blockquote class=\"wp-embedded-content\" data-secret=\"6FjDizdj2e\"><a href=\"http:\/\/denizcankizil.tr\/ru\/haberler\/antalya\/1800-yil-aradan-sonra-yeniden-su-ile-bulustu\/\">1800 y\u0131l aradan sonra yeniden su ile bulu\u015ftu<\/a><\/blockquote><iframe sandbox=\"allow-scripts\" security=\"restricted\" src=\"http:\/\/denizcankizil.tr\/ru\/haberler\/antalya\/1800-yil-aradan-sonra-yeniden-su-ile-bulustu\/embed\/#?secret=6FjDizdj2e\" width=\"600\" height=\"338\" title=\"\u00ab1800 y\u0131l aradan sonra yeniden su ile bulu\u015ftu\u00bb &#8212; Av. Deniz Can K\u0131z\u0131l\" data-secret=\"6FjDizdj2e\" frameborder=\"0\" marginwidth=\"0\" marginheight=\"0\" scrolling=\"no\" class=\"wp-embedded-content\"><\/iframe><script>\n\/*! This file is auto-generated *\/\n!function(d,l){\"use strict\";l.querySelector&&d.addEventListener&&\"undefined\"!=typeof URL&&(d.wp=d.wp||{},d.wp.receiveEmbedMessage||(d.wp.receiveEmbedMessage=function(e){var t=e.data;if((t||t.secret||t.message||t.value)&&!\/[^a-zA-Z0-9]\/.test(t.secret)){for(var s,r,n,a=l.querySelectorAll('iframe[data-secret=\"'+t.secret+'\"]'),o=l.querySelectorAll('blockquote[data-secret=\"'+t.secret+'\"]'),c=new RegExp(\"^https?:$\",\"i\"),i=0;i<o.length;i++)o[i].style.display=\"none\";for(i=0;i<a.length;i++)s=a[i],e.source===s.contentWindow&&(s.removeAttribute(\"style\"),\"height\"===t.message?(1e3<(r=parseInt(t.value,10))?r=1e3:~~r<200&&(r=200),s.height=r):\"link\"===t.message&&(r=new URL(s.getAttribute(\"src\")),n=new URL(t.value),c.test(n.protocol))&&n.host===r.host&&l.activeElement===s&&(d.top.location.href=t.value))}},d.addEventListener(\"message\",d.wp.receiveEmbedMessage,!1),l.addEventListener(\"DOMContentLoaded\",function(){for(var e,t,s=l.querySelectorAll(\"iframe.wp-embedded-content\"),r=0;r<s.length;r++)(t=(e=s[r]).getAttribute(\"data-secret\"))||(t=Math.random().toString(36).substring(2,12),e.src+=\"#?secret=\"+t,e.setAttribute(\"data-secret\",t)),e.contentWindow.postMessage({message:\"ready\",secret:t},\"*\")},!1)))}(window,document);\n\/\/# sourceURL=http:\/\/denizcankizil.tr\/wp-includes\/js\/wp-embed.min.js\n<\/script>","thumbnail_url":"http:\/\/denizcankizil.tr\/wp-content\/uploads\/2024\/11\/3164-01-rRKiAE.jpeg","thumbnail_width":1280,"thumbnail_height":720,"description":"Perge Antik Kenti\u2019nin \u00f6nemli yap\u0131lar\u0131ndan Kestros \u00c7esmesi, yakla\u015f\u0131k bin 800 y\u0131l aradan sonra yeniden su ile bulu\u015ftu. 2022 y\u0131l\u0131nda ger\u00e7ekle\u015ftirilen denemeyle yap\u0131n\u0131n g\u00fcncel durumu hakk\u0131nda g\u00f6zlemlerde bulunulan Kestros \u00c7e\u015fmesi, antik kentteki di\u011fer \u00e7e\u015fme yap\u0131lar\u0131na g\u00f6re farkl\u0131l\u0131k g\u00f6steriyor. Antalya&#8217;n\u0131n 17 kilometre do\u011fusunda, Aksu il\u00e7esi s\u0131n\u0131rlar\u0131ndaki Pamfilya b\u00f6lgesine ba\u015fkentlik yapm\u0131\u015f Perge Antik Kenti&#8217;nde, 1946&#8217;da Prof. Dr. Arif M\u00fcfid Mansel taraf\u0131ndan ba\u015flat\u0131lan, ard\u0131ndan Prof. Dr. Jale \u0130nan, Prof. Dr. Haluk Abbbaso\u011flu ve bug\u00fcn de Prof. Dr. \u015eebnem Sedef \u00c7okay Kep\u00e7e ba\u015fkanl\u0131\u011f\u0131nda y\u00fcr\u00fct\u00fclen kaz\u0131 \u00e7al\u0131\u015fmalar\u0131 devam ediyor. Tun\u00e7 \u00c7a\u011f\u0131 d\u00f6neminde kuruldu\u011fu d\u00fc\u015f\u00fcn\u00fclen ve Helenistik d\u00f6nem boyunca en zengin ve en g\u00fczel \u015fehirler aras\u0131nda say\u0131lan, UNESCO&#8217;nun D\u00fcnya K\u00fclt\u00fcr Miras\u0131 Ge\u00e7ici Listesi&#8217;ndeki antik kentin en g\u00f6rkemli tarihi \u00e7e\u015fmesi Kestros&#8217;tan bin 800 y\u0131l sonra yeniden su akt\u0131. &#8220;Kestros \u00c7e\u015fmesi bin 800 y\u0131l sonra yeniden suyuna kavu\u015fmu\u015f oldu&#8221; Perge\u2019nin ilk kaz\u0131 ba\u015fkan\u0131 Prof. Dr. Arif M\u00fcfid Mansel d\u00f6neminden itibaren su akmas\u0131 hedeflenen Kestros \u00c7e\u015fmesi\u2019nde yap\u0131lan \u00e7al\u0131\u015fmalar hakk\u0131nda bilgi veren Perge Antik Kenti Kaz\u0131 Ba\u015fkan Yard\u0131mc\u0131s\u0131 Dr. \u00d6\u011fr. \u00dcyesi Ayta\u00e7 D\u00f6nmez, \u015fu ifadelere yer verdi: &#8220;Kestros \u00c7e\u015fmesi\u2019nde ilk kez su ak\u0131tma denemesini 2022 y\u0131l\u0131nda ger\u00e7ekle\u015ftirmi\u015ftik. Acaba su aksa nas\u0131l olacak ve ka\u00e7aklar nerelerde ger\u00e7ekle\u015fiyor ba\u011flam\u0131nda bir \u00e7al\u0131\u015fma ger\u00e7ekle\u015ftirdik, bu \u00e7al\u0131\u015fma sonucunda da yap\u0131da suyun akmas\u0131n\u0131n herhangi bir problem do\u011furmayaca\u011f\u0131n\u0131 &hellip;"}