{"version":"1.0","provider_name":"Av. Deniz Can K\u0131z\u0131l","provider_url":"http:\/\/denizcankizil.tr\/en","author_name":"Hukuki Haber.net","author_url":"http:\/\/denizcankizil.tr\/en\/author\/hukukihabernet\/","title":"GAZETE, DERG\u0130 veya K\u0130TABIN TOPLATILMASI M\u00dcMK\u00dcN M\u00dcD\u00dcR?","type":"rich","width":600,"height":338,"html":"<blockquote class=\"wp-embedded-content\" data-secret=\"WcPiUbl41L\"><a href=\"http:\/\/denizcankizil.tr\/en\/hukukihaber\/gazete-dergi-veya-kitabin-toplatilmasi-mumkun-mudur\/\">GAZETE, DERG\u0130 veya K\u0130TABIN TOPLATILMASI M\u00dcMK\u00dcN M\u00dcD\u00dcR?<\/a><\/blockquote><iframe sandbox=\"allow-scripts\" security=\"restricted\" src=\"http:\/\/denizcankizil.tr\/en\/hukukihaber\/gazete-dergi-veya-kitabin-toplatilmasi-mumkun-mudur\/embed\/#?secret=WcPiUbl41L\" width=\"600\" height=\"338\" title=\"&#8220;GAZETE, DERG\u0130 veya K\u0130TABIN TOPLATILMASI M\u00dcMK\u00dcN M\u00dcD\u00dcR?&#8221; &#8212; Av. Deniz Can K\u0131z\u0131l\" data-secret=\"WcPiUbl41L\" frameborder=\"0\" marginwidth=\"0\" marginheight=\"0\" scrolling=\"no\" class=\"wp-embedded-content\"><\/iframe><script>\n\/*! This file is auto-generated *\/\n!function(d,l){\"use strict\";l.querySelector&&d.addEventListener&&\"undefined\"!=typeof URL&&(d.wp=d.wp||{},d.wp.receiveEmbedMessage||(d.wp.receiveEmbedMessage=function(e){var t=e.data;if((t||t.secret||t.message||t.value)&&!\/[^a-zA-Z0-9]\/.test(t.secret)){for(var s,r,n,a=l.querySelectorAll('iframe[data-secret=\"'+t.secret+'\"]'),o=l.querySelectorAll('blockquote[data-secret=\"'+t.secret+'\"]'),c=new RegExp(\"^https?:$\",\"i\"),i=0;i<o.length;i++)o[i].style.display=\"none\";for(i=0;i<a.length;i++)s=a[i],e.source===s.contentWindow&&(s.removeAttribute(\"style\"),\"height\"===t.message?(1e3<(r=parseInt(t.value,10))?r=1e3:~~r<200&&(r=200),s.height=r):\"link\"===t.message&&(r=new URL(s.getAttribute(\"src\")),n=new URL(t.value),c.test(n.protocol))&&n.host===r.host&&l.activeElement===s&&(d.top.location.href=t.value))}},d.addEventListener(\"message\",d.wp.receiveEmbedMessage,!1),l.addEventListener(\"DOMContentLoaded\",function(){for(var e,t,s=l.querySelectorAll(\"iframe.wp-embedded-content\"),r=0;r<s.length;r++)(t=(e=s[r]).getAttribute(\"data-secret\"))||(t=Math.random().toString(36).substring(2,12),e.src+=\"#?secret=\"+t,e.setAttribute(\"data-secret\",t)),e.contentWindow.postMessage({message:\"ready\",secret:t},\"*\")},!1)))}(window,document);\n\/\/# sourceURL=http:\/\/denizcankizil.tr\/wp-includes\/js\/wp-embed.min.js\n<\/script>","description":"Bu \u00e7al\u0131\u015fmada daha \u00e7ok kamu ad\u0131na do\u011frudan soru\u015fturulmas\u0131 gereken veya do\u011frudan ge\u00e7ilen soru\u015fturma-kovu\u015fturma \u00e7er\u00e7evesinde gazete, dergi ve kitab\u0131n toplat\u0131lmas\u0131n\u0131n mevcut yasal durumu ele al\u0131nm\u0131\u015ft\u0131r. \u00d6ncelikle belirtmek gerekir ki yasalarla ifade \u00f6zg\u00fcrl\u00fc\u011f\u00fcn\u00fcn en \u00f6nemli ve \u00f6zel hali olan bas\u0131n \u00f6zg\u00fcrl\u00fc\u011f\u00fc g\u00fcvence alt\u0131na al\u0131nm\u0131\u015ft\u0131r. Bunun yan\u0131nda, yine yasalarla, bu \u00f6zg\u00fcrl\u00fc\u011f\u00fcn s\u0131n\u0131rs\u0131z olmad\u0131\u011f\u0131, devletlerce, yasal ilkeler \u00e7er\u00e7evesinde birtak\u0131m s\u0131n\u0131rlamalara tabi tutulabilece\u011fi de vurgulanm\u0131\u015ft\u0131r. Bas\u0131n \u00f6zg\u00fcrl\u00fc\u011f\u00fcnden yararlanma, gazeteciler y\u00f6n\u00fcnden \u00f6nemli hak olmakla birlikte, yasalarda ve uygulamada gazeteciler korunmu\u015ftur ancak bu \u00f6zg\u00fcrl\u00fc\u011f\u00fc kullan\u0131rken bir tak\u0131m g\u00f6rev ve sorumluluklar da getirilmi\u015ftir. Avrupa \u0130nsan Haklara Mahkemesi, S\u00f6zle\u015fme&#8217;nin 10. maddesiyle gazetecilere tan\u0131nan g\u00fcvence, gazetecilerin yapt\u0131klar\u0131 i\u015fin niteli\u011fi gere\u011fi olarak do\u011fru, g\u00fcncel, objektif ve g\u00fcvenilir bilgiler sunmalar\u0131 anlam\u0131nda iyi niyetle hareket etmeleri \u015fart\u0131na ba\u011flanm\u0131\u015ft\u0131r. Yay\u0131n\u0131n toplatmas\u0131, durdurulmas\u0131, engellenmesine dair i\u015flem ya da uygulamalar\u0131 istisnai ve yasal \u015fartlar\u0131n ger\u00e7ekle\u015fmesine ba\u011fl\u0131d\u0131r. Anayasan\u0131n ilgili maddeleri \u015fu \u015fekildedir: Anayasas\u0131&#8217;n\u0131n 13. (Temel hak ve h\u00fcrriyetlerin s\u0131n\u0131rlanmas\u0131), 14. (Temel hak ve h\u00fcrriyetlerin k\u00f6t\u00fcye kullan\u0131lmamas\u0131), 26\/2. (D\u00fc\u015f\u00fcnceyi a\u00e7\u0131klama ve yayma h\u00fcrriyeti ve s\u0131n\u0131rlar\u0131), 28. (Bas\u0131n h\u00fcrriyeti ve s\u0131n\u0131rlar\u0131). Bunlar\u0131n yan\u0131nda Avrupa \u0130nsan Haklar\u0131 S\u00f6zle\u015fmesi&#8217;nin 10\/2. maddesi de bu ba\u011flamda olup benzer ama\u00e7 ve kavramlarla s\u0131n\u0131rlamay\u0131 benimsemi\u015ftir. Su\u00e7 i\u015flenmesi ya da su\u00e7un \u00f6nlenmesi nedeniyle al\u0131nabilecek bu tedbirler, yay\u0131n t\u00fcr\u00fcne g\u00f6re, farkl\u0131 yasalarda d\u00fczenlenmi\u015ftir. Gazete ya da dergi &hellip;"}