{"version":"1.0","provider_name":"Av. Deniz Can K\u0131z\u0131l","provider_url":"http:\/\/denizcankizil.tr\/en","author_name":"Hukuki Haber.net","author_url":"http:\/\/denizcankizil.tr\/en\/author\/hukukihabernet\/","title":"\u00c7ATI KATLARI ARTIK RESMEN KONUT: \u0130STANBUL\u2019DA YEN\u0130 D\u00d6NEM","type":"rich","width":600,"height":338,"html":"<blockquote class=\"wp-embedded-content\" data-secret=\"LN2CF0nCgp\"><a href=\"http:\/\/denizcankizil.tr\/en\/hukukihaber\/cati-katlari-artik-resmen-konut-istanbulda-yeni-donem\/\">\u00c7ATI KATLARI ARTIK RESMEN KONUT: \u0130STANBUL\u2019DA YEN\u0130 D\u00d6NEM<\/a><\/blockquote><iframe sandbox=\"allow-scripts\" security=\"restricted\" src=\"http:\/\/denizcankizil.tr\/en\/hukukihaber\/cati-katlari-artik-resmen-konut-istanbulda-yeni-donem\/embed\/#?secret=LN2CF0nCgp\" width=\"600\" height=\"338\" title=\"&#8220;\u00c7ATI KATLARI ARTIK RESMEN KONUT: \u0130STANBUL\u2019DA YEN\u0130 D\u00d6NEM&#8221; &#8212; Av. Deniz Can K\u0131z\u0131l\" data-secret=\"LN2CF0nCgp\" frameborder=\"0\" marginwidth=\"0\" marginheight=\"0\" scrolling=\"no\" class=\"wp-embedded-content\"><\/iframe><script>\n\/*! This file is auto-generated *\/\n!function(d,l){\"use strict\";l.querySelector&&d.addEventListener&&\"undefined\"!=typeof URL&&(d.wp=d.wp||{},d.wp.receiveEmbedMessage||(d.wp.receiveEmbedMessage=function(e){var t=e.data;if((t||t.secret||t.message||t.value)&&!\/[^a-zA-Z0-9]\/.test(t.secret)){for(var s,r,n,a=l.querySelectorAll('iframe[data-secret=\"'+t.secret+'\"]'),o=l.querySelectorAll('blockquote[data-secret=\"'+t.secret+'\"]'),c=new RegExp(\"^https?:$\",\"i\"),i=0;i<o.length;i++)o[i].style.display=\"none\";for(i=0;i<a.length;i++)s=a[i],e.source===s.contentWindow&&(s.removeAttribute(\"style\"),\"height\"===t.message?(1e3<(r=parseInt(t.value,10))?r=1e3:~~r<200&&(r=200),s.height=r):\"link\"===t.message&&(r=new URL(s.getAttribute(\"src\")),n=new URL(t.value),c.test(n.protocol))&&n.host===r.host&&l.activeElement===s&&(d.top.location.href=t.value))}},d.addEventListener(\"message\",d.wp.receiveEmbedMessage,!1),l.addEventListener(\"DOMContentLoaded\",function(){for(var e,t,s=l.querySelectorAll(\"iframe.wp-embedded-content\"),r=0;r<s.length;r++)(t=(e=s[r]).getAttribute(\"data-secret\"))||(t=Math.random().toString(36).substring(2,12),e.src+=\"#?secret=\"+t,e.setAttribute(\"data-secret\",t)),e.contentWindow.postMessage({message:\"ready\",secret:t},\"*\")},!1)))}(window,document);\n\/\/# sourceURL=http:\/\/denizcankizil.tr\/wp-includes\/js\/wp-embed.min.js\n<\/script>","description":"\u0130stanbul B\u00fcy\u00fck\u015fehir Belediyesi (\u0130BB) Meclisi, kent genelinde \u00e7at\u0131 katlar\u0131n\u0131n kullan\u0131m\u0131na dair \u00f6nemli bir d\u00fczenlemeyi hayata ge\u00e7irdi. Yeni karar do\u011frultusunda, \u00e7at\u0131 katlar\u0131 art\u0131k ba\u011f\u0131ms\u0131z konut olarak ruhsatland\u0131r\u0131labilecek. Kentsel d\u00f6n\u00fc\u015f\u00fcm s\u00fcrecine ivme kazand\u0131rmay\u0131 hedefleyen bu karar\u0131n; ka\u00e7ak yap\u0131la\u015fman\u0131n \u00f6n\u00fcne ge\u00e7mesi, mevcut yap\u0131 sto\u011funun daha verimli kullan\u0131lmas\u0131n\u0131 sa\u011flamay\u0131 ama\u00e7lanmaktad\u0131r. \u015eartlar\u0131 ta\u015f\u0131yan daha \u00f6nce in\u015fa edilmi\u015f yap\u0131lar\u0131n ruhsatland\u0131r\u0131lmas\u0131na imkan vermektedir. Peki, bu yeni uygulama kent dokusunu nas\u0131l etkileyecek ve hukuki boyutta ne gibi sorunlar ortaya \u00e7\u0131kabilir? Yeni D\u00fczenleme ile Gelen De\u011fi\u015fiklikler Nas\u0131l Uygulanacak? 1.\u00a0Ba\u011f\u0131ms\u0131z B\u00f6l\u00fcm Olarak Kullan\u0131m &#8211; \u00c7at\u0131 katlar\u0131, \u00e7at\u0131 e\u011fimi i\u00e7inde kalmak ko\u015fuluyla ayr\u0131 bir konut olarak d\u00fczenlenebilecek. &#8211; Bu durum, \u00e7at\u0131 katlar\u0131n\u0131n fiilen yeni bir kat eklenmi\u015f gibi kullan\u0131lmas\u0131na olanak tan\u0131yacak. 2.\u00a0Bina Y\u00fcksekli\u011fine Dahil Olmama &#8211; Normalde bina y\u00fcksekli\u011fi kat say\u0131s\u0131na g\u00f6re belirlenirken, \u00e7at\u0131 katlar\u0131n\u0131n bu hesaba dahil edilmemesi mevcut yap\u0131 d\u00fczenini de\u011fi\u015ftirebilir. &#8211; \u00d6zellikle kat art\u0131\u015f\u0131 gibi alg\u0131lanabilecek bu durum, emsal hesaplamalar\u0131nda yeni sorunlar do\u011furabilir. 3.\u00a0Asans\u00f6r Zorunlulu\u011fu &#8211; \u00c7at\u0131 katlar\u0131n\u0131n asans\u00f6rle eri\u015filebilir olmas\u0131, engelli bireyler ve ya\u015fl\u0131lar i\u00e7in b\u00fcy\u00fck bir avantaj sa\u011flayacakt\u0131r. &#8211; Ancak, mevcut binalarda asans\u00f6r sistemi uygun de\u011filse, maliyetler art\u0131racakt\u0131r. 4.\u00a0\u0130ki Ayr\u0131 Meyilli \u00c7at\u0131 Uygulamas\u0131 &#8211; \u00c7at\u0131 katlar\u0131n\u0131n daha ferah ve ayd\u0131nl\u0131k olmas\u0131 i\u00e7in, cepheye bakan y\u00fczeylerde iki ayr\u0131 e\u011fimli \u00e7at\u0131 yap\u0131labilecek. &#8211; Bu sayede \u00e7at\u0131 katlar\u0131nda daha &hellip;"}