{"version":"1.0","provider_name":"Av. Deniz Can K\u0131z\u0131l","provider_url":"http:\/\/denizcankizil.tr\/en","author_name":"Hukuki Haber.net","author_url":"http:\/\/denizcankizil.tr\/en\/author\/hukukihabernet\/","title":"AYM'nin 2022\/19234 ba\u015fvuru numaral\u0131 karar\u0131","type":"rich","width":600,"height":338,"html":"<blockquote class=\"wp-embedded-content\" data-secret=\"0yoYMiPkPz\"><a href=\"http:\/\/denizcankizil.tr\/en\/hukukihaber\/aymnin-2022-19234-basvuru-numarali-karari\/\">AYM&#8217;nin 2022\/19234 ba\u015fvuru numaral\u0131 karar\u0131<\/a><\/blockquote><iframe sandbox=\"allow-scripts\" security=\"restricted\" src=\"http:\/\/denizcankizil.tr\/en\/hukukihaber\/aymnin-2022-19234-basvuru-numarali-karari\/embed\/#?secret=0yoYMiPkPz\" width=\"600\" height=\"338\" title=\"&#8220;AYM&#8217;nin 2022\/19234 ba\u015fvuru numaral\u0131 karar\u0131&#8221; &#8212; Av. Deniz Can K\u0131z\u0131l\" data-secret=\"0yoYMiPkPz\" frameborder=\"0\" marginwidth=\"0\" marginheight=\"0\" scrolling=\"no\" class=\"wp-embedded-content\"><\/iframe><script>\n\/*! This file is auto-generated *\/\n!function(d,l){\"use strict\";l.querySelector&&d.addEventListener&&\"undefined\"!=typeof URL&&(d.wp=d.wp||{},d.wp.receiveEmbedMessage||(d.wp.receiveEmbedMessage=function(e){var t=e.data;if((t||t.secret||t.message||t.value)&&!\/[^a-zA-Z0-9]\/.test(t.secret)){for(var s,r,n,a=l.querySelectorAll('iframe[data-secret=\"'+t.secret+'\"]'),o=l.querySelectorAll('blockquote[data-secret=\"'+t.secret+'\"]'),c=new RegExp(\"^https?:$\",\"i\"),i=0;i<o.length;i++)o[i].style.display=\"none\";for(i=0;i<a.length;i++)s=a[i],e.source===s.contentWindow&&(s.removeAttribute(\"style\"),\"height\"===t.message?(1e3<(r=parseInt(t.value,10))?r=1e3:~~r<200&&(r=200),s.height=r):\"link\"===t.message&&(r=new URL(s.getAttribute(\"src\")),n=new URL(t.value),c.test(n.protocol))&&n.host===r.host&&l.activeElement===s&&(d.top.location.href=t.value))}},d.addEventListener(\"message\",d.wp.receiveEmbedMessage,!1),l.addEventListener(\"DOMContentLoaded\",function(){for(var e,t,s=l.querySelectorAll(\"iframe.wp-embedded-content\"),r=0;r<s.length;r++)(t=(e=s[r]).getAttribute(\"data-secret\"))||(t=Math.random().toString(36).substring(2,12),e.src+=\"#?secret=\"+t,e.setAttribute(\"data-secret\",t)),e.contentWindow.postMessage({message:\"ready\",secret:t},\"*\")},!1)))}(window,document);\n\/\/# sourceURL=http:\/\/denizcankizil.tr\/wp-includes\/js\/wp-embed.min.js\n<\/script>","description":"T\u00dcRK\u0130YE CUMHUR\u0130YET\u0130 ANAYASA MAHKEMES\u0130 \u00a0 \u00a0 B\u0130R\u0130NC\u0130 B\u00d6L\u00dcM \u00a0 KARAR \u00a0 \u00d6ZCAN \u015eAHANO\u011eLU BA\u015eVURUSU (Ba\u015fvuru Numaras\u0131: 2022\/19234) \u00a0 Karar Tarihi: 28\/11\/2024 B\u0130R\u0130NC\u0130 B\u00d6L\u00dcM \u00a0 KARAR \u00a0 \u00a0 Ba\u015fkan : Hasan Tahsin G\u00d6KCAN \u00dcyeler : Recai AKYEL \u00a0 \u00a0 Yusuf \u015eevki HAKYEMEZ \u00a0 \u00a0 \u0130rfan F\u0130DAN \u00a0 \u00a0 Y\u0131lmaz AK\u00c7\u0130L Raport\u00f6r : Y\u00fccel ARSLAN Ba\u015fvurucu : \u00d6zcan \u015eAHANO\u011eLU \u00a0 I. BA\u015eVURUNUN \u00d6ZET\u0130 1. Ba\u015fvuru, ziyaret g\u00fcn\u00fcn\u00fcn \u00f6\u011frenim g\u00f6ren \u00e7ocu\u011fuyla g\u00f6r\u00fc\u015fmeyi sa\u011flayacak \u015fekilde belirlenmesi talebinin reddedilmesi nedeniyle aile hayat\u0131na sayg\u0131 hakk\u0131n\u0131n ihlal edildi\u011fi iddias\u0131na ili\u015fkindir. A. Bireysel Ba\u015fvuruya Konu S\u00fcre\u00e7 2. H\u00fck\u00fcml\u00fc olarak Tekirda\u011f 2 Numaral\u0131 F Tipi Y\u00fcksek G\u00fcvenlikli Ceza \u0130nfaz Kurumunda bulunan ba\u015fvurucu, k\u0131z\u0131n\u0131n e\u011fitim durumu nedeniyle hafta i\u00e7i olarak belirlenen ziyaret g\u00fcn\u00fcn\u00fcn hafta sonuna al\u0131nmas\u0131 i\u00e7in 7\/9\/2021 tarihinde ceza infaz kurumuna (Kurum) m\u00fcracaat etmi\u015ftir. Kurum, \u0130dare ve G\u00f6zlem Kurulu (Kurul) 7\/10\/2021 tarihli karar\u0131yla ba\u015fvurucunun talebini COVID-19 pandemi tedbirleri ve pandemi s\u00fcrecinde ba\u015flayan izole \u00e7al\u0131\u015fma \u015fekli ve personel durumu, kurum g\u00fcvenli\u011fi ve kapasitesini dikkate ald\u0131\u011f\u0131n\u0131 belirterek hafta sonu ziyaret yap\u0131lmas\u0131n\u0131n mevcut \u015fartlarda uygun olmayaca\u011f\u0131 gerek\u00e7esiyle reddetmi\u015ftir. 3. Ba\u015fvurucu, hafta sonu g\u00f6r\u00fc\u015f yapma hakk\u0131 verilmemesinin hukuka ayk\u0131r\u0131 oldu\u011funu belirterek Tekirda\u011f 1. \u0130nfaz H\u00e2kimli\u011fine (H\u00e2kimlik) \u015fik\u00e2yette bulunmu\u015ftur. H\u00e2kimlik 12\/12\/2021 tarihinde \u015fikayeti reddetmi\u015f ve karar\u0131n\u0131n gerek\u00e7esinde Adalet Bakanl\u0131\u011f\u0131 (Bakanl\u0131k) Ceza ve Tevkif Evleri &hellip;"}