{"version":"1.0","provider_name":"Av. Deniz Can K\u0131z\u0131l","provider_url":"http:\/\/denizcankizil.tr\/en","author_name":"Av. Deniz Can K\u0131z\u0131l","author_url":"http:\/\/denizcankizil.tr\/en","title":"Y\u00fcksek \u0130sti\u015fare Be\u015ftepe'de topland\u0131","type":"rich","width":600,"height":338,"html":"<blockquote class=\"wp-embedded-content\" data-secret=\"1xJyptat89\"><a href=\"http:\/\/denizcankizil.tr\/en\/haberler\/gundem\/yuksek-istisare-bestepede-toplandi\/\">Y\u00fcksek \u0130sti\u015fare Be\u015ftepe&#8217;de topland\u0131<\/a><\/blockquote><iframe sandbox=\"allow-scripts\" security=\"restricted\" src=\"http:\/\/denizcankizil.tr\/en\/haberler\/gundem\/yuksek-istisare-bestepede-toplandi\/embed\/#?secret=1xJyptat89\" width=\"600\" height=\"338\" title=\"&#8220;Y\u00fcksek \u0130sti\u015fare Be\u015ftepe&#8217;de topland\u0131&#8221; &#8212; Av. Deniz Can K\u0131z\u0131l\" data-secret=\"1xJyptat89\" frameborder=\"0\" marginwidth=\"0\" marginheight=\"0\" scrolling=\"no\" class=\"wp-embedded-content\"><\/iframe><script>\n\/*! This file is auto-generated *\/\n!function(d,l){\"use strict\";l.querySelector&&d.addEventListener&&\"undefined\"!=typeof URL&&(d.wp=d.wp||{},d.wp.receiveEmbedMessage||(d.wp.receiveEmbedMessage=function(e){var t=e.data;if((t||t.secret||t.message||t.value)&&!\/[^a-zA-Z0-9]\/.test(t.secret)){for(var s,r,n,a=l.querySelectorAll('iframe[data-secret=\"'+t.secret+'\"]'),o=l.querySelectorAll('blockquote[data-secret=\"'+t.secret+'\"]'),c=new RegExp(\"^https?:$\",\"i\"),i=0;i<o.length;i++)o[i].style.display=\"none\";for(i=0;i<a.length;i++)s=a[i],e.source===s.contentWindow&&(s.removeAttribute(\"style\"),\"height\"===t.message?(1e3<(r=parseInt(t.value,10))?r=1e3:~~r<200&&(r=200),s.height=r):\"link\"===t.message&&(r=new URL(s.getAttribute(\"src\")),n=new URL(t.value),c.test(n.protocol))&&n.host===r.host&&l.activeElement===s&&(d.top.location.href=t.value))}},d.addEventListener(\"message\",d.wp.receiveEmbedMessage,!1),l.addEventListener(\"DOMContentLoaded\",function(){for(var e,t,s=l.querySelectorAll(\"iframe.wp-embedded-content\"),r=0;r<s.length;r++)(t=(e=s[r]).getAttribute(\"data-secret\"))||(t=Math.random().toString(36).substring(2,12),e.src+=\"#?secret=\"+t,e.setAttribute(\"data-secret\",t)),e.contentWindow.postMessage({message:\"ready\",secret:t},\"*\")},!1)))}(window,document);\n\/\/# sourceURL=http:\/\/denizcankizil.tr\/wp-includes\/js\/wp-embed.min.js\n<\/script>","description":"Cumhurba\u015fkanl\u0131\u011f\u0131 Y\u00fcksek \u0130sti\u015fare Kurulu, Cumhurba\u015fkan\u0131 Recep Tayyip Erdo\u011fan&#8217;\u0131n ba\u015fkanl\u0131\u011f\u0131nda topland\u0131.ANKARA (\u0130GFA) &#8211; Y\u00fcksek \u0130sti\u015fare Kurulu, 5 ayl\u0131k s\u00fcre sonras\u0131nda\u00a0Be\u015ftepe&#8217;de bir araya geldi. \u0130leti\u015fim Ba\u015fkanl\u0131\u011f\u0131&#8217;ndan aktar\u0131lan habere g\u00f6re Cumhurba\u015fkanl\u0131\u011f\u0131 Y\u00fcksek \u0130sti\u015fare Kurulu (Y\u0130K), Cumhurba\u015fkan\u0131Recep Tayyip Erdo\u011fan ba\u015fkanl\u0131\u011f\u0131nda Cumhurba\u015fkanl\u0131\u011f\u0131 K\u00fclliyesi\u2019nde topland\u0131. Y\u0130K toplant\u0131s\u0131na\u00a0kurul \u00fcyesi eski TBMM Ba\u015fkanlar\u0131 Binali Y\u0131ld\u0131r\u0131m, Cemil \u00c7i\u00e7ek, \u0130smail Kahraman, \u0130smet Y\u0131lmaz, Mehmet Ali \u015eahin ve Mustafa \u015eentop ile Cumhurba\u015fkanl\u0131\u011f\u0131 \u0130leti\u015fim Ba\u015fkan\u0131 Fahrettin Altun, Cumhurba\u015fkanl\u0131\u011f\u0131 \u00d6zel Kalem M\u00fcd\u00fcr\u00fc Hasan Do\u011fan ve Cumhurba\u015fkanl\u0131\u011f\u0131 \u0130dari \u0130\u015fler Ba\u015fkan\u0131 Hakk\u0131 Susmaz kat\u0131ld\u0131. \u200bCumhurba\u015fkanl\u0131\u011f\u0131 Y\u00fcksek \u0130sti\u015fare Kurulu, Cumhurba\u015fkan\u0131 Recep Tayyip Erdo\u011fan&#8217;\u0131n ba\u015fkanl\u0131\u011f\u0131nda topland\u0131\u00a0 \u200bHaberin Al\u0131nt\u0131land\u0131\u011f\u0131 Kaynak: www.iskenderun.org"}