{"version":"1.0","provider_name":"Av. Deniz Can K\u0131z\u0131l","provider_url":"http:\/\/denizcankizil.tr\/en","author_name":"admin","author_url":"http:\/\/denizcankizil.tr\/en\/author\/admin\/","title":"Yazar Halil \u0130brahim \u0130zgi \u2018\u015e\u00fckran D\u00fckk\u00e2n\u0131\u2019 ile Sakarya\u2019da","type":"rich","width":600,"height":338,"html":"<blockquote class=\"wp-embedded-content\" data-secret=\"LDnC26ASeC\"><a href=\"http:\/\/denizcankizil.tr\/en\/haberler\/gundem\/yazar-halil-ibrahim-izgi-sukran-dukkani-ile-sakaryada\/\">Yazar Halil \u0130brahim \u0130zgi \u2018\u015e\u00fckran D\u00fckk\u00e2n\u0131\u2019 ile Sakarya\u2019da<\/a><\/blockquote><iframe sandbox=\"allow-scripts\" security=\"restricted\" src=\"http:\/\/denizcankizil.tr\/en\/haberler\/gundem\/yazar-halil-ibrahim-izgi-sukran-dukkani-ile-sakaryada\/embed\/#?secret=LDnC26ASeC\" width=\"600\" height=\"338\" title=\"&#8220;Yazar Halil \u0130brahim \u0130zgi \u2018\u015e\u00fckran D\u00fckk\u00e2n\u0131\u2019 ile Sakarya\u2019da&#8221; &#8212; Av. Deniz Can K\u0131z\u0131l\" data-secret=\"LDnC26ASeC\" frameborder=\"0\" marginwidth=\"0\" marginheight=\"0\" scrolling=\"no\" class=\"wp-embedded-content\"><\/iframe><script>\n\/*! This file is auto-generated *\/\n!function(d,l){\"use strict\";l.querySelector&&d.addEventListener&&\"undefined\"!=typeof URL&&(d.wp=d.wp||{},d.wp.receiveEmbedMessage||(d.wp.receiveEmbedMessage=function(e){var t=e.data;if((t||t.secret||t.message||t.value)&&!\/[^a-zA-Z0-9]\/.test(t.secret)){for(var s,r,n,a=l.querySelectorAll('iframe[data-secret=\"'+t.secret+'\"]'),o=l.querySelectorAll('blockquote[data-secret=\"'+t.secret+'\"]'),c=new RegExp(\"^https?:$\",\"i\"),i=0;i<o.length;i++)o[i].style.display=\"none\";for(i=0;i<a.length;i++)s=a[i],e.source===s.contentWindow&&(s.removeAttribute(\"style\"),\"height\"===t.message?(1e3<(r=parseInt(t.value,10))?r=1e3:~~r<200&&(r=200),s.height=r):\"link\"===t.message&&(r=new URL(s.getAttribute(\"src\")),n=new URL(t.value),c.test(n.protocol))&&n.host===r.host&&l.activeElement===s&&(d.top.location.href=t.value))}},d.addEventListener(\"message\",d.wp.receiveEmbedMessage,!1),l.addEventListener(\"DOMContentLoaded\",function(){for(var e,t,s=l.querySelectorAll(\"iframe.wp-embedded-content\"),r=0;r<s.length;r++)(t=(e=s[r]).getAttribute(\"data-secret\"))||(t=Math.random().toString(36).substring(2,12),e.src+=\"#?secret=\"+t,e.setAttribute(\"data-secret\",t)),e.contentWindow.postMessage({message:\"ready\",secret:t},\"*\")},!1)))}(window,document);\n\/\/# sourceURL=http:\/\/denizcankizil.tr\/wp-includes\/js\/wp-embed.min.js\n<\/script>","description":"Sakarya B\u00fcy\u00fck\u015fehir Ramazan k\u00fclt\u00fcr sanat etkinlikleri Yazar Halil \u0130brahim \u0130zgi\u2019nin minik kitapseverlerle bulu\u015ftu\u011fu \u201c\u015e\u00fckran D\u00fckk\u00e2n\u0131\u201d adl\u0131 s\u00f6yle\u015fiyle devam etti. \u00c7ocuklarla \u2018\u0130yilik Gazetesi\u2019 adl\u0131 at\u00f6lye ger\u00e7ekle\u015ftiren Yazar \u0130zgi, \u201cAmac\u0131m\u0131z, k\u0131ymetli \u00e7ocuklar\u0131m\u0131za de\u011ferlerimizi aktarmak ve iyili\u011fi birlikte yaymak. \u0130yilik, halka halka \u00e7evremize yay\u0131ld\u0131k\u00e7a g\u00fc\u00e7lenir\u201d dedi. S\u00f6yle\u015fide \u00e7ok anlaml\u0131 toplumsal mesajlar verildi. SAKARYA (\u0130GFA) &#8211;\u00a0Sakarya B\u00fcy\u00fck\u015fehir Belediyesi, Ramazan K\u00fclt\u00fcr Takvimi kapsam\u0131nda birbirinden de\u011ferli organizasyonlara ev sahipli\u011fi yap\u0131yor. Minik kitapseverlerle bulu\u015ftu \u00c7ocuklar\u0131n birbirinden g\u00fczel etkinliklerde bulu\u015ftu\u011fu takvimin son etkinli\u011fi \u201c\u015e\u00fckran D\u00fckk\u00e2n\u0131\u201d s\u00f6yle\u015fi program\u0131, keyifli bir ak\u015fama sahne oldu. Faik Baysal K\u00fct\u00fcphanesi\u2019nde ger\u00e7ekle\u015ftirilen s\u00f6yle\u015fiye konu\u015fmac\u0131 olarak \u201c\u015e\u00fckran D\u00fckk\u00e2n\u0131\u201d adl\u0131 kitab\u0131n Yazar\u0131 Halil \u0130brahim \u0130zgi kat\u0131ld\u0131. \u015e\u00fckran D\u00fckkan\u0131\u2019n\u0131n hikayesi \u00c7ok say\u0131da minik kitapseverlerin kat\u0131ld\u0131\u011f\u0131 s\u00f6yle\u015fide Yazar \u0130zgi, insanlara te\u015fekk\u00fcr etmeyi ve nezaketi hat\u0131rlatan hayali bir d\u00fckk\u00e2n \u2018\u015e\u00fckran D\u00fckkan\u0131\u2019n\u0131n yaz\u0131m s\u00fcrecini anlatt\u0131. Te\u015fekk\u00fcr\u00fc ve nezaketi hat\u0131rlatan\u2026 Hik\u00e2ye arac\u0131l\u0131\u011f\u0131yla \u00e7ocuklara iyili\u011fin ve \u015f\u00fckran duygusunun \u00f6nemini aktarmay\u0131 ama\u00e7lad\u0131\u011f\u0131n\u0131 dile getiren Yazar Halil \u0130brahim \u0130zgi, \u201c\u015e\u00fckran D\u00fckk\u00e2n\u0131, insanlara te\u015fekk\u00fcr etmeyi ve nezaketi hat\u0131rlatan hayali bir d\u00fckk\u00e2nd\u0131r. Be\u015f ku\u015fakt\u0131r ayn\u0131 aile taraf\u0131ndan i\u015fletilen bu d\u00fckk\u00e2n\u0131n sahibi Mayege, ilgiyi art\u0131rmak i\u00e7in yeni fikirler geli\u015ftirir. Bunlardan biri de iyilik haberlerini bir araya getiren \u0130yilik Gazetesi\u2019dir\u201d dedi. \u00a0\u0130yilik Gazetesi S\u00f6yle\u015finin ard\u0131ndan minik kitapseverlerin kat\u0131l\u0131m\u0131yla \u201c\u0130yilik Gazetesi\u201d isimli bir at\u00f6lye \u00e7al\u0131\u015fmas\u0131 ger\u00e7ekle\u015ftirildi. \u0130yilik haberlerinin bir &hellip;"}