{"version":"1.0","provider_name":"Av. Deniz Can K\u0131z\u0131l","provider_url":"http:\/\/denizcankizil.tr\/en","author_name":"Av. Deniz Can K\u0131z\u0131l","author_url":"http:\/\/denizcankizil.tr\/en","title":"Ula\u015ft\u0131rma ve Altyap\u0131'n\u0131n yeni b\u00fct\u00e7esi onayland\u0131","type":"rich","width":600,"height":338,"html":"<blockquote class=\"wp-embedded-content\" data-secret=\"piYxfD4ryj\"><a href=\"http:\/\/denizcankizil.tr\/en\/haberler\/gundem\/ulastirma-ve-altyapinin-yeni-butcesi-onaylandi\/\">Ula\u015ft\u0131rma ve Altyap\u0131&#8217;n\u0131n yeni b\u00fct\u00e7esi onayland\u0131<\/a><\/blockquote><iframe sandbox=\"allow-scripts\" security=\"restricted\" src=\"http:\/\/denizcankizil.tr\/en\/haberler\/gundem\/ulastirma-ve-altyapinin-yeni-butcesi-onaylandi\/embed\/#?secret=piYxfD4ryj\" width=\"600\" height=\"338\" title=\"&#8220;Ula\u015ft\u0131rma ve Altyap\u0131&#8217;n\u0131n yeni b\u00fct\u00e7esi onayland\u0131&#8221; &#8212; Av. Deniz Can K\u0131z\u0131l\" data-secret=\"piYxfD4ryj\" frameborder=\"0\" marginwidth=\"0\" marginheight=\"0\" scrolling=\"no\" class=\"wp-embedded-content\"><\/iframe><script>\n\/*! This file is auto-generated *\/\n!function(d,l){\"use strict\";l.querySelector&&d.addEventListener&&\"undefined\"!=typeof URL&&(d.wp=d.wp||{},d.wp.receiveEmbedMessage||(d.wp.receiveEmbedMessage=function(e){var t=e.data;if((t||t.secret||t.message||t.value)&&!\/[^a-zA-Z0-9]\/.test(t.secret)){for(var s,r,n,a=l.querySelectorAll('iframe[data-secret=\"'+t.secret+'\"]'),o=l.querySelectorAll('blockquote[data-secret=\"'+t.secret+'\"]'),c=new RegExp(\"^https?:$\",\"i\"),i=0;i<o.length;i++)o[i].style.display=\"none\";for(i=0;i<a.length;i++)s=a[i],e.source===s.contentWindow&&(s.removeAttribute(\"style\"),\"height\"===t.message?(1e3<(r=parseInt(t.value,10))?r=1e3:~~r<200&&(r=200),s.height=r):\"link\"===t.message&&(r=new URL(s.getAttribute(\"src\")),n=new URL(t.value),c.test(n.protocol))&&n.host===r.host&&l.activeElement===s&&(d.top.location.href=t.value))}},d.addEventListener(\"message\",d.wp.receiveEmbedMessage,!1),l.addEventListener(\"DOMContentLoaded\",function(){for(var e,t,s=l.querySelectorAll(\"iframe.wp-embedded-content\"),r=0;r<s.length;r++)(t=(e=s[r]).getAttribute(\"data-secret\"))||(t=Math.random().toString(36).substring(2,12),e.src+=\"#?secret=\"+t,e.setAttribute(\"data-secret\",t)),e.contentWindow.postMessage({message:\"ready\",secret:t},\"*\")},!1)))}(window,document);\n\/\/# sourceURL=http:\/\/denizcankizil.tr\/wp-includes\/js\/wp-embed.min.js\n<\/script>","description":"Ula\u015ft\u0131rma ve Altyap\u0131 Bakan\u0131 Abdulkadir Uralo\u011flu, TBMM Plan ve B\u00fct\u00e7e Komisyonu&#8221;nda kara, deniz, demir ve hava yolu ula\u015f\u0131m\u0131 ile haberle\u015fme altyap\u0131lar\u0131 hakk\u0131nda sunum yapt\u0131. Bakan Uralo\u011flu, yat\u0131r\u0131m portf\u00f6y\u00fcnde bulunan 2 bin 667 projeye 2 trilyon 295 milyar lira yat\u0131r\u0131m ger\u00e7ekle\u015ftireceklerini bildirdi. Bakanl\u0131\u011f\u0131n yeni b\u00fct\u00e7esi komisyonda kabul edildi.ANKARA (\u0130GFA) &#8211; Ula\u015ft\u0131rma ve Altyap\u0131 Bakan\u0131 Abdulkadir Uralo\u011flu, TBMM Plan ve B\u00fct\u00e7e Komisyonu&#8217;nda Ula\u015ft\u0131rma ve Altyap\u0131 Bakanl\u0131\u011f\u0131\u0092n\u0131n 2025 y\u0131l\u0131 b\u00fct\u00e7esini sundu. Uralo\u011flu, Bakanl\u0131\u011f\u0131n 8 merkez, 5 ilgili, 2 ba\u011fl\u0131 ve 2 ili\u015fkili kurulu\u015f olmak \u00fczere; 17 genel m\u00fcd\u00fcrl\u00fck ve 10 ba\u015fkanl\u0131ktan olu\u015ftu\u011funu belirterek, \u0093\u00dclke genelinde 131 bin Bakanl\u0131k personelimiz ile birlikte 2 bin 3 \u015fantiyede \u00e7al\u0131\u015fanlar\u0131m\u0131z dahil toplam 223 bin ki\u015fiye istihdam sa\u011fl\u0131yoruz.\u0094 ifadelerini kulland\u0131. Bakanl\u0131\u011f\u0131n temel faaliyet alan\u0131n\u0131n insan, y\u00fck ve veri hareketlili\u011fini sa\u011flamak oldu\u011funu vurgulayan Uralo\u011flu, \u0093T\u00fcrkiye Y\u00fczy\u0131l\u0131&#8217;nda, insan ve \u00e7evre odakl\u0131, ak\u0131ll\u0131 ve g\u00fcvenli entegre ula\u015f\u0131m sistemleriyle d\u00fcnyada \u00f6nc\u00fc olmak i\u00e7in \u00e7al\u0131\u015f\u0131yoruz.\u0094 dedi. MARMARAY 62 M\u0130LYON TON KARBON EM\u0130SYONU AZALTIMI SA\u011eLADI 2053 net s\u0131f\u0131r emisyon hedefi kapsam\u0131nda, karayolu ta\u015f\u0131mac\u0131l\u0131\u011f\u0131ndaki y\u0131ll\u0131k y\u00fck pay\u0131n\u0131 azaltarak demiryolu ta\u015f\u0131mac\u0131l\u0131\u011f\u0131n\u0131 art\u0131rd\u0131klar\u0131n\u0131 ifade eden Uralo\u011flu, \u0093Kurumsal karbon ayak izi hesab\u0131n\u0131 yapan ilk Bakanl\u0131k olarak sadece Marmaray projemizde 62 milyon ton karbon emisyonu azalt\u0131m\u0131 sa\u011flad\u0131k. Projelerden sa\u011flanacak emisyon azalt\u0131mlar\u0131 karbon borsalar\u0131nda krediye d\u00f6n\u00fc\u015ft\u00fcr\u00fclecektir. Bu vizyon do\u011frultusunda, \u00fcniversitelerimizle &hellip;"}