{"version":"1.0","provider_name":"Av. Deniz Can K\u0131z\u0131l","provider_url":"http:\/\/denizcankizil.tr\/en","author_name":"admin","author_url":"http:\/\/denizcankizil.tr\/en\/author\/admin\/","title":"TUSA\u015e, \u0130skenderunlu Sanayicilerle Bulu\u015ftu","type":"rich","width":600,"height":338,"html":"<blockquote class=\"wp-embedded-content\" data-secret=\"JQGMuFxtfn\"><a href=\"http:\/\/denizcankizil.tr\/en\/haberler\/gundem\/tusas-iskenderunlu-sanayicilerle-bulustu\/\">TUSA\u015e, \u0130skenderunlu Sanayicilerle Bulu\u015ftu<\/a><\/blockquote><iframe sandbox=\"allow-scripts\" security=\"restricted\" src=\"http:\/\/denizcankizil.tr\/en\/haberler\/gundem\/tusas-iskenderunlu-sanayicilerle-bulustu\/embed\/#?secret=JQGMuFxtfn\" width=\"600\" height=\"338\" title=\"&#8220;TUSA\u015e, \u0130skenderunlu Sanayicilerle Bulu\u015ftu&#8221; &#8212; Av. Deniz Can K\u0131z\u0131l\" data-secret=\"JQGMuFxtfn\" frameborder=\"0\" marginwidth=\"0\" marginheight=\"0\" scrolling=\"no\" class=\"wp-embedded-content\"><\/iframe><script>\n\/*! This file is auto-generated *\/\n!function(d,l){\"use strict\";l.querySelector&&d.addEventListener&&\"undefined\"!=typeof URL&&(d.wp=d.wp||{},d.wp.receiveEmbedMessage||(d.wp.receiveEmbedMessage=function(e){var t=e.data;if((t||t.secret||t.message||t.value)&&!\/[^a-zA-Z0-9]\/.test(t.secret)){for(var s,r,n,a=l.querySelectorAll('iframe[data-secret=\"'+t.secret+'\"]'),o=l.querySelectorAll('blockquote[data-secret=\"'+t.secret+'\"]'),c=new RegExp(\"^https?:$\",\"i\"),i=0;i<o.length;i++)o[i].style.display=\"none\";for(i=0;i<a.length;i++)s=a[i],e.source===s.contentWindow&&(s.removeAttribute(\"style\"),\"height\"===t.message?(1e3<(r=parseInt(t.value,10))?r=1e3:~~r<200&&(r=200),s.height=r):\"link\"===t.message&&(r=new URL(s.getAttribute(\"src\")),n=new URL(t.value),c.test(n.protocol))&&n.host===r.host&&l.activeElement===s&&(d.top.location.href=t.value))}},d.addEventListener(\"message\",d.wp.receiveEmbedMessage,!1),l.addEventListener(\"DOMContentLoaded\",function(){for(var e,t,s=l.querySelectorAll(\"iframe.wp-embedded-content\"),r=0;r<s.length;r++)(t=(e=s[r]).getAttribute(\"data-secret\"))||(t=Math.random().toString(36).substring(2,12),e.src+=\"#?secret=\"+t,e.setAttribute(\"data-secret\",t)),e.contentWindow.postMessage({message:\"ready\",secret:t},\"*\")},!1)))}(window,document);\n\/\/# sourceURL=http:\/\/denizcankizil.tr\/wp-includes\/js\/wp-embed.min.js\n<\/script>","description":"Toplant\u0131ya \u0130TSO Ba\u015fkan\u0131 Levent Hakk\u0131 Y\u0131lmaz, TUSA\u015e yetkilileri, sanayiciler ve KOB\u0130 temsilcileri kat\u0131ld\u0131. Toplant\u0131n\u0131n a\u00e7\u0131l\u0131\u015f konu\u015fmas\u0131n\u0131 yapan \u0130TSO Ba\u015fkan\u0131 Levent Hakk\u0131 Y\u0131lmaz, TUSA\u015e\u2019\u0131n T\u00fcrkiye&#8217;nin savunma ve havac\u0131l\u0131k sanayisindeki d\u0131\u015fa ba\u011f\u0131ml\u0131l\u0131\u011f\u0131n\u0131 azaltmak amac\u0131yla kuruldu\u011funu belirterek, \u201cY\u00f6netim kurulumuzla birlikte k\u0131sa s\u00fcre \u00f6nce TUSA\u015e tesislerine bir ziyaret ger\u00e7ekle\u015ftirdik. Bu ziyaretlerde yerli \u00fcretim, b\u00f6lgesel KOB\u0130 entegrasyonu ve \u00fcniversite-sanayi i\u015f birli\u011fi gibi \u00f6nemli ba\u015fl\u0131klarda fikir al\u0131\u015fveri\u015finde bulunduk. \u00d6zellikle Milli Muharip U\u00e7ak KAAN, ANKA ve AKSUNGUR \u0130HA&#8217;lar\u0131 ile ATAK ve G\u00d6KBEY helikopterlerinin \u00fcretim alanlar\u0131n\u0131 yerinde g\u00f6rme f\u0131rsat\u0131m\u0131z oldu\u201d diye konu\u015ftu. TUSA\u015e Ziyaretlerinin ard\u0131ndan \u00e7e\u015fitli proje \u00f6nerilerinin g\u00fcndeme geldi\u011fini ifade eden \u0130TSO Ba\u015fkan\u0131 Y\u0131lmaz, T\u00dcB\u0130TAK destekli AR-GE i\u015f birlikleri, staj ve uygulamal\u0131 e\u011fitim imkanlar\u0131, montaj ve test gibi s\u00fcre\u00e7lerde \u00f6\u011frencilere deneyim kazand\u0131racak programlar\u0131n geli\u015ftirilmesi gibi ad\u0131mlar\u0131n at\u0131laca\u011f\u0131n\u0131 s\u00f6yledi. Ayr\u0131ca \u0130skenderun\u2019daki sanayi kurulu\u015flar\u0131n\u0131n TUSA\u015e\u2019\u0131n tedarik zincirine dahil edilmesiyle hem b\u00f6lgeye teknoloji transferi sa\u011flanaca\u011f\u0131 hem de \u00fcretim kapasitesinin art\u0131r\u0131laca\u011f\u0131 vurgulayarak \u201cBu i\u015f birli\u011finin hem yerel sanayiye hem de \u00fclke savunma sanayiine \u00f6nemli katk\u0131lar sunaca\u011f\u0131na inan\u0131yoruz. \u0130skenderunlu firmalar\u0131n TUSA\u015e projelerinde yer alabilmesi i\u00e7in gerekli t\u00fcm deste\u011fi verece\u011fiz\u201d dedi. \u00a0 \u00a0 TUSA\u015e: \u201cEKOS\u0130STEM\u0130 B\u00dcY\u00dcT\u00dcYORUZ\u201d Toplant\u0131da bir sunum yaparak \u015firketin faaliyetleri hakk\u0131nda bilgi veren TUSA\u015e Sanayi Geli\u015ftirme M\u00fchendisi Ahmet Furkan \u00d6ney, TUSA\u015e\u2019\u0131n 1973 y\u0131l\u0131nda kuruldu\u011funu, 1984\u2019te F-16 \u00fcretimiyle ABD ortakl\u0131\u011f\u0131yla faaliyetlerini s\u00fcrd\u00fcrd\u00fc\u011f\u00fcn\u00fc, &hellip;"}