{"version":"1.0","provider_name":"Av. Deniz Can K\u0131z\u0131l","provider_url":"http:\/\/denizcankizil.tr\/en","author_name":"admin","author_url":"http:\/\/denizcankizil.tr\/en\/author\/admin\/","title":"T\u00fcrkiye'de kuvvetli ya\u011f\u0131\u015f ve r\u00fczg\u00e2r alarm\u0131!","type":"rich","width":600,"height":338,"html":"<blockquote class=\"wp-embedded-content\" data-secret=\"h7ETTdJUXr\"><a href=\"http:\/\/denizcankizil.tr\/en\/haberler\/gundem\/turkiyede-kuvvetli-yagis-ve-ruzgar-alarmi-2\/\">T\u00fcrkiye&#8217;de kuvvetli ya\u011f\u0131\u015f ve r\u00fczg\u00e2r alarm\u0131!<\/a><\/blockquote><iframe sandbox=\"allow-scripts\" security=\"restricted\" src=\"http:\/\/denizcankizil.tr\/en\/haberler\/gundem\/turkiyede-kuvvetli-yagis-ve-ruzgar-alarmi-2\/embed\/#?secret=h7ETTdJUXr\" width=\"600\" height=\"338\" title=\"&#8220;T\u00fcrkiye&#8217;de kuvvetli ya\u011f\u0131\u015f ve r\u00fczg\u00e2r alarm\u0131!&#8221; &#8212; Av. Deniz Can K\u0131z\u0131l\" data-secret=\"h7ETTdJUXr\" frameborder=\"0\" marginwidth=\"0\" marginheight=\"0\" scrolling=\"no\" class=\"wp-embedded-content\"><\/iframe><script>\n\/*! This file is auto-generated *\/\n!function(d,l){\"use strict\";l.querySelector&&d.addEventListener&&\"undefined\"!=typeof URL&&(d.wp=d.wp||{},d.wp.receiveEmbedMessage||(d.wp.receiveEmbedMessage=function(e){var t=e.data;if((t||t.secret||t.message||t.value)&&!\/[^a-zA-Z0-9]\/.test(t.secret)){for(var s,r,n,a=l.querySelectorAll('iframe[data-secret=\"'+t.secret+'\"]'),o=l.querySelectorAll('blockquote[data-secret=\"'+t.secret+'\"]'),c=new RegExp(\"^https?:$\",\"i\"),i=0;i<o.length;i++)o[i].style.display=\"none\";for(i=0;i<a.length;i++)s=a[i],e.source===s.contentWindow&&(s.removeAttribute(\"style\"),\"height\"===t.message?(1e3<(r=parseInt(t.value,10))?r=1e3:~~r<200&&(r=200),s.height=r):\"link\"===t.message&&(r=new URL(s.getAttribute(\"src\")),n=new URL(t.value),c.test(n.protocol))&&n.host===r.host&&l.activeElement===s&&(d.top.location.href=t.value))}},d.addEventListener(\"message\",d.wp.receiveEmbedMessage,!1),l.addEventListener(\"DOMContentLoaded\",function(){for(var e,t,s=l.querySelectorAll(\"iframe.wp-embedded-content\"),r=0;r<s.length;r++)(t=(e=s[r]).getAttribute(\"data-secret\"))||(t=Math.random().toString(36).substring(2,12),e.src+=\"#?secret=\"+t,e.setAttribute(\"data-secret\",t)),e.contentWindow.postMessage({message:\"ready\",secret:t},\"*\")},!1)))}(window,document);\n\/\/# sourceURL=http:\/\/denizcankizil.tr\/wp-includes\/js\/wp-embed.min.js\n<\/script>","description":"Meteoroloji Genel M\u00fcd\u00fcrl\u00fc\u011f\u00fc\u2019nden gelen son tahminlere g\u00f6re, T\u00fcrkiye genelinde par\u00e7al\u0131 ve \u00e7ok bulutlu hava hakim olacak. \u00d6zellikle Rize, Artvin, Ardahan ve Kars\u2019ta kuvvetli sa\u011fanak ya\u011f\u0131\u015flar beklenirken, Marmara\u2019dan Do\u011fu Anadolu\u2019ya kadar bir\u00e7ok b\u00f6lgede r\u00fczgar\u0131n saatte 60 kilometreye ula\u015fmas\u0131 \u00f6ng\u00f6r\u00fcl\u00fcyor.ANKARA (\u0130GFA) &#8211; Meteoroloji Genel M\u00fcd\u00fcrl\u00fc\u011f\u00fc, 15 Haziran Pazar g\u00fcn\u00fcne ili\u015fkin hava tahmin raporunu yay\u0131mlad\u0131. Hava s\u0131cakl\u0131klar\u0131n\u0131n yurdun kuzeydo\u011fu kesimlerinde mevsim normallerinin 1-3 derece alt\u0131nda, di\u011fer b\u00f6lgelerde ise normallerin \u00fczerinde seyretmesi bekleniyor. Meteorolojik verilere g\u00f6re, Marmara\u2019n\u0131n kuzeydo\u011fusu, Bat\u0131 Karadeniz, Orta Karadeniz k\u0131y\u0131lar\u0131, Do\u011fu Karadeniz, Do\u011fu Anadolu\u2019nun kuzeyi, Do\u011fu Akdeniz\u2019in i\u00e7 kesimleri ile Konya, Karaman, Ni\u011fde ve Malatya \u00e7evrelerinde sa\u011fanak ve g\u00f6k g\u00fcr\u00fclt\u00fcl\u00fc sa\u011fanak ya\u011f\u0131\u015f bekleniyor. Ya\u011f\u0131\u015flar\u0131n \u00f6zellikle Rize, Artvin, Ardahan ve Kars\u2019ta yerel olarak kuvvetli olaca\u011f\u0131 tahmin ediliyor. R\u00fczgar\u0131n ise, Marmara\u2019n\u0131n g\u00fcneyi, Ege, Do\u011fu Akdeniz, \u0130\u00e7 Anadolu\u2019nun kuzeyi ve Do\u011fu Anadolu\u2019nun bat\u0131s\u0131nda kuzeyli y\u00f6nlerden; Do\u011fu Anadolu\u2019nun g\u00fcneydo\u011fusu ile G\u00fcneydo\u011fu Anadolu\u2019nun do\u011fusunda ise g\u00fcney ve g\u00fcneybat\u0131 y\u00f6nlerden kuvvetli (40-60 km\/sa) esece\u011fi \u00f6ng\u00f6r\u00fcl\u00fcyor. &#8216;KUVVETL\u0130&#8217; UYARILAR Ya\u011f\u0131\u015f ve r\u00fczgar konusunda &#8216;kuvvetli&#8217; uyar\u0131larda da bulunan Meteoroloji, \u00f6zellikle Rize, Artvin, Ardahan ve Kars\u2019ta beklenen kuvvetli ya\u011f\u0131\u015flar nedeniyle sel, su bask\u0131n\u0131 ve ula\u015f\u0131mda aksamalar gibi olumsuzluklara kar\u015f\u0131 vatanda\u015flar\u0131n tedbirli olmas\u0131n\u0131 istedi. Meteoroloji ayr\u0131ca Marmara, Ege, Do\u011fu Akdeniz, \u0130\u00e7 Anadolu\u2019nun kuzeyi, Do\u011fu Anadolu ve G\u00fcneydo\u011fu Anadolu\u2019nun do\u011fusunda etkili olacak kuvvetli &hellip;"}