{"version":"1.0","provider_name":"Av. Deniz Can K\u0131z\u0131l","provider_url":"http:\/\/denizcankizil.tr\/en","author_name":"admin","author_url":"http:\/\/denizcankizil.tr\/en\/author\/admin\/","title":"T\u00fcrk Mutfa\u011f\u0131 Haftas\u0131'nda y\u00f6resel lezzet \u015f\u00f6leni\u2026","type":"rich","width":600,"height":338,"html":"<blockquote class=\"wp-embedded-content\" data-secret=\"4VP5cy8VAJ\"><a href=\"http:\/\/denizcankizil.tr\/en\/haberler\/gundem\/turk-mutfagi-haftasinda-yoresel-lezzet-soleni\/\">T\u00fcrk Mutfa\u011f\u0131 Haftas\u0131&#8217;nda y\u00f6resel lezzet \u015f\u00f6leni\u2026<\/a><\/blockquote><iframe sandbox=\"allow-scripts\" security=\"restricted\" src=\"http:\/\/denizcankizil.tr\/en\/haberler\/gundem\/turk-mutfagi-haftasinda-yoresel-lezzet-soleni\/embed\/#?secret=4VP5cy8VAJ\" width=\"600\" height=\"338\" title=\"&#8220;T\u00fcrk Mutfa\u011f\u0131 Haftas\u0131&#8217;nda y\u00f6resel lezzet \u015f\u00f6leni\u2026&#8221; &#8212; Av. Deniz Can K\u0131z\u0131l\" data-secret=\"4VP5cy8VAJ\" frameborder=\"0\" marginwidth=\"0\" marginheight=\"0\" scrolling=\"no\" class=\"wp-embedded-content\"><\/iframe><script>\n\/*! This file is auto-generated *\/\n!function(d,l){\"use strict\";l.querySelector&&d.addEventListener&&\"undefined\"!=typeof URL&&(d.wp=d.wp||{},d.wp.receiveEmbedMessage||(d.wp.receiveEmbedMessage=function(e){var t=e.data;if((t||t.secret||t.message||t.value)&&!\/[^a-zA-Z0-9]\/.test(t.secret)){for(var s,r,n,a=l.querySelectorAll('iframe[data-secret=\"'+t.secret+'\"]'),o=l.querySelectorAll('blockquote[data-secret=\"'+t.secret+'\"]'),c=new RegExp(\"^https?:$\",\"i\"),i=0;i<o.length;i++)o[i].style.display=\"none\";for(i=0;i<a.length;i++)s=a[i],e.source===s.contentWindow&&(s.removeAttribute(\"style\"),\"height\"===t.message?(1e3<(r=parseInt(t.value,10))?r=1e3:~~r<200&&(r=200),s.height=r):\"link\"===t.message&&(r=new URL(s.getAttribute(\"src\")),n=new URL(t.value),c.test(n.protocol))&&n.host===r.host&&l.activeElement===s&&(d.top.location.href=t.value))}},d.addEventListener(\"message\",d.wp.receiveEmbedMessage,!1),l.addEventListener(\"DOMContentLoaded\",function(){for(var e,t,s=l.querySelectorAll(\"iframe.wp-embedded-content\"),r=0;r<s.length;r++)(t=(e=s[r]).getAttribute(\"data-secret\"))||(t=Math.random().toString(36).substring(2,12),e.src+=\"#?secret=\"+t,e.setAttribute(\"data-secret\",t)),e.contentWindow.postMessage({message:\"ready\",secret:t},\"*\")},!1)))}(window,document);\n\/\/# sourceURL=http:\/\/denizcankizil.tr\/wp-includes\/js\/wp-embed.min.js\n<\/script>","description":"Cumhurba\u015fkan\u0131 Recep Tayyip Erdo\u011fan&#8217;\u0131n e\u015fi Emine Erdo\u011fan&#8217;\u0131n \u00f6nc\u00fcl\u00fc\u011f\u00fcnde kutlanan &#8220;T\u00fcrk Mutfa\u011f\u0131 Haftas\u0131&#8221; kapsam\u0131nda \u0130skenderun Teknik \u00dcniversitesi (\u0130STE) Gastronomi ve Fuar Merkezi&#8217;nde etkinlik d\u00fczenlendi. \u0130skenderun Teknik \u00dcniversitesi, T\u00fcrk mutfa\u011f\u0131n\u0131 uluslararas\u0131 platformda ba\u015far\u0131yla temsil etti\u011fini ifade eden Rekt\u00f6r Prof. Dr. Mehmet Duruel, \u2018T\u00fcrk Mutfa\u011f\u0131 Haftas\u0131\u2019 kapsam\u0131nda d\u00fczenledikleri etkinlikte Gastronomi \u00f6\u011frenciler taraf\u0131ndan haz\u0131rlanan co\u011frafi i\u015faretli lezzetlerin yer ald\u0131\u011f\u0131n\u0131 s\u00f6yledi. \u0130skenderun Teknik \u00dcniversitesi (\u0130STE), 23-25 May\u0131s tarihleri aras\u0131nda Bodrum\u2019da d\u00fczenlenen International Gastro Bodrum Festivalinde \u00f6nemli bir ba\u015far\u0131ya imza att\u0131\u011f\u0131n\u0131 ifade eden Rekt\u00f6r Duruel \u201c\u00d6\u011fretim G\u00f6revlisi Enes Y\u00fcrhani koordinat\u00f6rl\u00fc\u011f\u00fcnde festivale kat\u0131lan Gastronomi ve Mutfak Sanatlar\u0131 B\u00f6l\u00fcm\u00fc \u00f6\u011frencileri ba\u015far\u0131lar\u0131yla gururland\u0131rd\u0131. \u00dcniversiteler aras\u0131 ekip ve bireysel kategorilerde toplam 5 alt\u0131n, 3 g\u00fcm\u00fc\u015f ve 4 bronz madalya kazanarak \u0130STE\u2019yi gururla temsil etti\u201d dedi. Rekt\u00f6r Prof. Dr. Mehmet Duruel, \u00fcniversite \u00f6\u011frencilerinin ve akademik kadronun bu \u00f6nemli ba\u015far\u0131s\u0131ndan duydu\u011fu memnuniyeti dile getirerek \u201c\u0130skenderun Teknik \u00dcniversitesi olarak bizleri gururland\u0131r\u0131yorsunuz. Hafta sonunda ses getiren bir etkinli\u011fe daha imza att\u0131n\u0131z. Sizlerle gurur duyuyoruz, sizler de kendinizle gurur duyabilirsiniz. \u00dcniversitemize katk\u0131lar\u0131n\u0131z i\u00e7in tekrar tekrar te\u015fekk\u00fcr ederiz\u201d diye konu\u015ftu. \u201cT\u00fcrkiye\u2019nin Ayd\u0131nl\u0131k Gelece\u011fi \u0130\u00e7in \u00c7al\u0131\u015f\u0131yoruz\u201d Rekt\u00f6r Duruel, T\u00fcrk mutfa\u011f\u0131n\u0131n k\u00fclt\u00fcrel mirastaki yerine de dikkat \u00e7ekerek \u201cBu lezzetler sadece birer yemek de\u011fil, ayn\u0131 zamanda tarihimizin, k\u00fclt\u00fcr\u00fcm\u00fcz\u00fcn ve yerel zenginliklerimizin birer ta\u015f\u0131y\u0131c\u0131s\u0131d\u0131r. Etkinli\u011fimiz, \u00f6\u011frencilerimiz i\u00e7in hem mesleki geli\u015fim &hellip;"}