{"version":"1.0","provider_name":"Av. Deniz Can K\u0131z\u0131l","provider_url":"http:\/\/denizcankizil.tr\/en","author_name":"admin","author_url":"http:\/\/denizcankizil.tr\/en\/author\/admin\/","title":"Tatilin ilk iki g\u00fcn\u00fcnde trafik 19 can ald\u0131!","type":"rich","width":600,"height":338,"html":"<blockquote class=\"wp-embedded-content\" data-secret=\"EBfQ0jXfDM\"><a href=\"http:\/\/denizcankizil.tr\/en\/haberler\/gundem\/tatilin-ilk-iki-gununde-trafik-19-can-aldi\/\">Tatilin ilk iki g\u00fcn\u00fcnde trafik 19 can ald\u0131!<\/a><\/blockquote><iframe sandbox=\"allow-scripts\" security=\"restricted\" src=\"http:\/\/denizcankizil.tr\/en\/haberler\/gundem\/tatilin-ilk-iki-gununde-trafik-19-can-aldi\/embed\/#?secret=EBfQ0jXfDM\" width=\"600\" height=\"338\" title=\"&#8220;Tatilin ilk iki g\u00fcn\u00fcnde trafik 19 can ald\u0131!&#8221; &#8212; Av. Deniz Can K\u0131z\u0131l\" data-secret=\"EBfQ0jXfDM\" frameborder=\"0\" marginwidth=\"0\" marginheight=\"0\" scrolling=\"no\" class=\"wp-embedded-content\"><\/iframe><script>\n\/*! This file is auto-generated *\/\n!function(d,l){\"use strict\";l.querySelector&&d.addEventListener&&\"undefined\"!=typeof URL&&(d.wp=d.wp||{},d.wp.receiveEmbedMessage||(d.wp.receiveEmbedMessage=function(e){var t=e.data;if((t||t.secret||t.message||t.value)&&!\/[^a-zA-Z0-9]\/.test(t.secret)){for(var s,r,n,a=l.querySelectorAll('iframe[data-secret=\"'+t.secret+'\"]'),o=l.querySelectorAll('blockquote[data-secret=\"'+t.secret+'\"]'),c=new RegExp(\"^https?:$\",\"i\"),i=0;i<o.length;i++)o[i].style.display=\"none\";for(i=0;i<a.length;i++)s=a[i],e.source===s.contentWindow&&(s.removeAttribute(\"style\"),\"height\"===t.message?(1e3<(r=parseInt(t.value,10))?r=1e3:~~r<200&&(r=200),s.height=r):\"link\"===t.message&&(r=new URL(s.getAttribute(\"src\")),n=new URL(t.value),c.test(n.protocol))&&n.host===r.host&&l.activeElement===s&&(d.top.location.href=t.value))}},d.addEventListener(\"message\",d.wp.receiveEmbedMessage,!1),l.addEventListener(\"DOMContentLoaded\",function(){for(var e,t,s=l.querySelectorAll(\"iframe.wp-embedded-content\"),r=0;r<s.length;r++)(t=(e=s[r]).getAttribute(\"data-secret\"))||(t=Math.random().toString(36).substring(2,12),e.src+=\"#?secret=\"+t,e.setAttribute(\"data-secret\",t)),e.contentWindow.postMessage({message:\"ready\",secret:t},\"*\")},!1)))}(window,document);\n\/\/# sourceURL=http:\/\/denizcankizil.tr\/wp-includes\/js\/wp-embed.min.js\n<\/script>","description":"\u0130\u00e7i\u015fleri Bakanl\u0131\u011f\u0131, 9 g\u00fcnl\u00fck tatilin ikinci g\u00fcn\u00fc olan 30 Mart Pazar g\u00fcn\u00fcne ili\u015fkin trafik raporunu kamuoyuyla payla\u015ft\u0131. 709 trafik kazas\u0131n\u0131n meydana geldi\u011fi tatilin ikinci g\u00fcn\u00fcnde 14 ki\u015fi hayat\u0131n\u0131 kaybederken, bin 280 ki\u015fi yaraland\u0131.ANKARA (\u0130GFA) &#8211; \u0130\u00e7i\u015fleri Bakan\u0131 Ali Yerlikaya, 9 g\u00fcnl\u00fck tatilinin ikinci g\u00fcn\u00fc, Ramazan Bayram\u0131&#8217;n\u0131n ilk g\u00fcn\u00fc olan 30 Mart Pazar g\u00fcn\u00fcne ili\u015fkin trafik bilan\u00e7osunu a\u00e7\u0131klad\u0131.\u00a0 Bakan Yerlikaya, 14 can\u0131n geride g\u00f6z\u00fc ya\u015fl\u0131 anne, baba, evlat, karde\u015f, akraba b\u0131rakt\u0131\u011f\u0131n\u0131 belirterek, &#8220;L\u00fctfen, trafik kurallar\u0131na uyal\u0131m. Bayram sevin\u00e7lerimize ac\u0131 kar\u0131\u015fmas\u0131n. Yollar bizleri kavu\u015fturmak i\u00e7in var, ay\u0131rmak i\u00e7in de\u011fil&#8221; mesaj\u0131n\u0131 yineledi. Ramazan Bayram\u0131 tatilinin 2. g\u00fcn\u00fc (Pazar) 709 trafik kazas\u0131 meydana geldi. Maalesef ????14 vatanda\u015f\u0131m\u0131z hayat\u0131n\u0131 kaybetti, ????1.280 vatanda\u015f\u0131m\u0131z ise yaraland\u0131. 14 can geride g\u00f6z\u00fc ya\u015fl\u0131 anne, baba, evlat, karde\u015f, akraba b\u0131rakt\u0131. L\u00fctfen, trafik kurallar\u0131na uyal\u0131m. Bayram\u2026 pic.twitter.com\/FpeCUHXL7S\u2014 Ali Yerlikaya (@AliYerlikaya) March 31, 2025 Bu arada 9 g\u00fcnl\u00fck Ramazan Bayram\u0131 Tatilinde Emniyet ve Jandarma Trafik ekiplerinin denetimleri s\u00fcrd\u00fc\u011f\u00fcn\u00fc ifade eden Bakan Yerlikaya, bayram tatilinin 2. g\u00fcn\u00fc 30 Mart 2025 Pazar g\u00fcn\u00fc trafik ekiplerimizce; 420 bin 737 ara\u00e7 denetlendi\u011fini, 22 bin 310 araca h\u0131z ve radar i\u015flemi, 18 bin 49 araca ise di\u011fer i\u015flemler yap\u0131ld\u0131\u011f\u0131n\u0131 belirterek, &#8220;Denetlemelerimiz i\u015flem yapmak i\u00e7in de\u011fil, kazalar\u0131 \u00f6nlemek ve can kayb\u0131m\u0131z\u0131 s\u0131f\u0131ra indirmek i\u00e7indir. Hayat\u0131n\u0131 kaybeden vatanda\u015flar\u0131m\u0131za Allah\u2019tan &hellip;"}