{"version":"1.0","provider_name":"Av. Deniz Can K\u0131z\u0131l","provider_url":"http:\/\/denizcankizil.tr\/en","author_name":"admin","author_url":"http:\/\/denizcankizil.tr\/en\/author\/admin\/","title":"Suriye\u2019deki Yang\u0131n\u0131nda Kritik Rol \u00dcstlendiler","type":"rich","width":600,"height":338,"html":"<blockquote class=\"wp-embedded-content\" data-secret=\"WI76pe6p2n\"><a href=\"http:\/\/denizcankizil.tr\/en\/haberler\/gundem\/suriyedeki-yangininda-kritik-rol-ustlendiler\/\">Suriye\u2019deki Yang\u0131n\u0131nda Kritik Rol \u00dcstlendiler<\/a><\/blockquote><iframe sandbox=\"allow-scripts\" security=\"restricted\" src=\"http:\/\/denizcankizil.tr\/en\/haberler\/gundem\/suriyedeki-yangininda-kritik-rol-ustlendiler\/embed\/#?secret=WI76pe6p2n\" width=\"600\" height=\"338\" title=\"&#8220;Suriye\u2019deki Yang\u0131n\u0131nda Kritik Rol \u00dcstlendiler&#8221; &#8212; Av. Deniz Can K\u0131z\u0131l\" data-secret=\"WI76pe6p2n\" frameborder=\"0\" marginwidth=\"0\" marginheight=\"0\" scrolling=\"no\" class=\"wp-embedded-content\"><\/iframe><script>\n\/*! This file is auto-generated *\/\n!function(d,l){\"use strict\";l.querySelector&&d.addEventListener&&\"undefined\"!=typeof URL&&(d.wp=d.wp||{},d.wp.receiveEmbedMessage||(d.wp.receiveEmbedMessage=function(e){var t=e.data;if((t||t.secret||t.message||t.value)&&!\/[^a-zA-Z0-9]\/.test(t.secret)){for(var s,r,n,a=l.querySelectorAll('iframe[data-secret=\"'+t.secret+'\"]'),o=l.querySelectorAll('blockquote[data-secret=\"'+t.secret+'\"]'),c=new RegExp(\"^https?:$\",\"i\"),i=0;i<o.length;i++)o[i].style.display=\"none\";for(i=0;i<a.length;i++)s=a[i],e.source===s.contentWindow&&(s.removeAttribute(\"style\"),\"height\"===t.message?(1e3<(r=parseInt(t.value,10))?r=1e3:~~r<200&&(r=200),s.height=r):\"link\"===t.message&&(r=new URL(s.getAttribute(\"src\")),n=new URL(t.value),c.test(n.protocol))&&n.host===r.host&&l.activeElement===s&&(d.top.location.href=t.value))}},d.addEventListener(\"message\",d.wp.receiveEmbedMessage,!1),l.addEventListener(\"DOMContentLoaded\",function(){for(var e,t,s=l.querySelectorAll(\"iframe.wp-embedded-content\"),r=0;r<s.length;r++)(t=(e=s[r]).getAttribute(\"data-secret\"))||(t=Math.random().toString(36).substring(2,12),e.src+=\"#?secret=\"+t,e.setAttribute(\"data-secret\",t)),e.contentWindow.postMessage({message:\"ready\",secret:t},\"*\")},!1)))}(window,document);\n\/\/# sourceURL=http:\/\/denizcankizil.tr\/wp-includes\/js\/wp-embed.min.js\n<\/script>","description":"3 Temmuz&#8217;da Suriye&#8217;nin T\u00fcrkmenda\u011f\u0131 b\u00f6lgesinde ba\u015flayan ve r\u00fczg\u00e2r\u0131n etkisiyle Hatay&#8217;\u0131n Yaylada\u011f\u0131 il\u00e7esine kadar ilerleyen yang\u0131na kar\u015f\u0131, Hatay Valili\u011fi koordinasyonunda geni\u015f \u00e7apl\u0131 bir m\u00fcdahale ger\u00e7ekle\u015ftirildi. Orman Genel M\u00fcd\u00fcrl\u00fc\u011f\u00fc, HBB, AFAD, Jandarma Genel Komutanl\u0131\u011f\u0131, Kahramanmara\u015f KASK\u0130, \u00e7evre illerden itfaiye ekipleri ve il\u00e7e belediyeleri i\u015f birli\u011fiyle yang\u0131na havadan ve karadan m\u00fcdahale edildi. 734 Personel, 215 Ara\u00e7, 21 Hava Arac\u0131yla M\u00fcdahale Toplamda 14 helikopter, 7 u\u00e7ak, 215 ara\u00e7 ve 734 personelin g\u00f6rev yapt\u0131\u011f\u0131 m\u00fcdahalede, Hatay B\u00fcy\u00fck\u015fehir Belediyesi \u00f6zellikle itfaiye dairesi ba\u015fta olmak \u00fczere t\u00fcm birimleriyle etkin g\u00f6rev ald\u0131. HBB ekipleri, yang\u0131n hatt\u0131na ara\u00e7, ekipman, ikmal ve personel deste\u011fi sa\u011flayarak m\u00fccadeleye g\u00fc\u00e7 katt\u0131. HBB EK\u0130PLER\u0130NDEN SINIRA GECE G\u00dcND\u00dcZ N\u00d6BET Yang\u0131n\u0131n T\u00fcrkiye taraf\u0131na s\u0131\u00e7ramas\u0131n\u0131 \u00f6nlemek amac\u0131yla Yaylada\u011f\u0131 s\u0131n\u0131r hatt\u0131nda gece g\u00fcnd\u00fcz n\u00f6bet tutan HBB ekipleri, yang\u0131n\u0131n kontrol alt\u0131na al\u0131nmas\u0131n\u0131n ard\u0131ndan Yaylada\u011f\u0131 G\u00fcmr\u00fck Kap\u0131s\u0131\u2019ndan yurda d\u00f6n\u00fc\u015f yapt\u0131. Sevin\u00e7 Konvoyu ile D\u00f6n\u00fc\u015f Yang\u0131n\u0131n s\u00f6nd\u00fcr\u00fclmesinin ard\u0131ndan HBB personelleri, zorlu g\u00f6revin ba\u015far\u0131yla tamamlanmas\u0131n\u0131n sevincini ara\u00e7 konvoyu e\u015fli\u011finde kutlad\u0131. Yang\u0131n boyunca sahada \u00fcst\u00fcn gayret g\u00f6steren ekipler, yurda d\u00f6n\u00fc\u015flerinde moral ve motivasyon kayna\u011f\u0131 olan sevgi g\u00f6sterileriyle kar\u015f\u0131land\u0131. So\u011futma \u00c7al\u0131\u015fmalar\u0131 S\u00fcr\u00fcyor, Tedbirler Al\u0131nd\u0131 HBB yetkilileri, yang\u0131n\u0131n kontrol alt\u0131na al\u0131nmas\u0131na ra\u011fmen b\u00f6lgede so\u011futma \u00e7al\u0131\u015fmalar\u0131n\u0131n s\u00fcrd\u00fc\u011f\u00fcn\u00fc belirtti. Olas\u0131 yeniden alevlenmelere kar\u015f\u0131 gerekli t\u00fcm tedbirlerin al\u0131nd\u0131\u011f\u0131n\u0131 vurgulayan yetkililer, b\u00f6lge halk\u0131n\u0131n g\u00fcvenli\u011fi i\u00e7in \u00e7al\u0131\u015fmalar\u0131n hassasiyetle s\u00fcrd\u00fcr\u00fcld\u00fc\u011f\u00fcn\u00fc ifade &hellip;","thumbnail_url":"https:\/\/iskenderunorg.teimg.com\/iskenderun-org\/uploads\/2025\/07\/2025\/07\/itfayeciler-yurda-dondu-5.jpg"}