{"version":"1.0","provider_name":"Av. Deniz Can K\u0131z\u0131l","provider_url":"http:\/\/denizcankizil.tr\/en","author_name":"admin","author_url":"http:\/\/denizcankizil.tr\/en\/author\/admin\/","title":"S\u0131f\u0131r At\u0131k'ta 'geri kazan\u0131m' y\u00fczde 36,08'e \u00e7\u0131kt\u0131","type":"rich","width":600,"height":338,"html":"<blockquote class=\"wp-embedded-content\" data-secret=\"7m3ApVFedC\"><a href=\"http:\/\/denizcankizil.tr\/en\/haberler\/gundem\/sifir-atikta-geri-kazanim-yuzde-3608e-cikti\/\">S\u0131f\u0131r At\u0131k&#8217;ta &#8216;geri kazan\u0131m&#8217; y\u00fczde 36,08&#8217;e \u00e7\u0131kt\u0131<\/a><\/blockquote><iframe sandbox=\"allow-scripts\" security=\"restricted\" src=\"http:\/\/denizcankizil.tr\/en\/haberler\/gundem\/sifir-atikta-geri-kazanim-yuzde-3608e-cikti\/embed\/#?secret=7m3ApVFedC\" width=\"600\" height=\"338\" title=\"&#8220;S\u0131f\u0131r At\u0131k&#8217;ta &#8216;geri kazan\u0131m&#8217; y\u00fczde 36,08&#8217;e \u00e7\u0131kt\u0131&#8221; &#8212; Av. Deniz Can K\u0131z\u0131l\" data-secret=\"7m3ApVFedC\" frameborder=\"0\" marginwidth=\"0\" marginheight=\"0\" scrolling=\"no\" class=\"wp-embedded-content\"><\/iframe><script>\n\/*! This file is auto-generated *\/\n!function(d,l){\"use strict\";l.querySelector&&d.addEventListener&&\"undefined\"!=typeof URL&&(d.wp=d.wp||{},d.wp.receiveEmbedMessage||(d.wp.receiveEmbedMessage=function(e){var t=e.data;if((t||t.secret||t.message||t.value)&&!\/[^a-zA-Z0-9]\/.test(t.secret)){for(var s,r,n,a=l.querySelectorAll('iframe[data-secret=\"'+t.secret+'\"]'),o=l.querySelectorAll('blockquote[data-secret=\"'+t.secret+'\"]'),c=new RegExp(\"^https?:$\",\"i\"),i=0;i<o.length;i++)o[i].style.display=\"none\";for(i=0;i<a.length;i++)s=a[i],e.source===s.contentWindow&&(s.removeAttribute(\"style\"),\"height\"===t.message?(1e3<(r=parseInt(t.value,10))?r=1e3:~~r<200&&(r=200),s.height=r):\"link\"===t.message&&(r=new URL(s.getAttribute(\"src\")),n=new URL(t.value),c.test(n.protocol))&&n.host===r.host&&l.activeElement===s&&(d.top.location.href=t.value))}},d.addEventListener(\"message\",d.wp.receiveEmbedMessage,!1),l.addEventListener(\"DOMContentLoaded\",function(){for(var e,t,s=l.querySelectorAll(\"iframe.wp-embedded-content\"),r=0;r<s.length;r++)(t=(e=s[r]).getAttribute(\"data-secret\"))||(t=Math.random().toString(36).substring(2,12),e.src+=\"#?secret=\"+t,e.setAttribute(\"data-secret\",t)),e.contentWindow.postMessage({message:\"ready\",secret:t},\"*\")},!1)))}(window,document);\n\/\/# sourceURL=http:\/\/denizcankizil.tr\/wp-includes\/js\/wp-embed.min.js\n<\/script>","description":"\u00c7evre, \u015eehircilik ve \u0130klim De\u011fi\u015fikli\u011fi Bakan\u0131 Murat Kurum, T\u00fcrkiye\u2019nin BM nezdinde de kabul g\u00f6ren \u00e7evre hareketi S\u0131f\u0131r At\u0131k ile ilgili 30 Mart Uluslararas\u0131 S\u0131f\u0131r At\u0131k G\u00fcn\u00fc\u2019nde 7 y\u0131ll\u0131k kazan\u0131mlar\u0131 anlatan video-animasyon payla\u015f\u0131m\u0131 yapt\u0131. Bakan Kurum, geri kazan\u0131m oran\u0131n\u0131n y\u00fczde 36.08\u2019e \u00e7\u0131kt\u0131\u011f\u0131, 2035\u2019te ise y\u00fczde 60 olaca\u011f\u0131 kaydedildi.ANKARA (\u0130GFA) &#8211; \u00c7evre, \u015eehircilik ve \u0130klim De\u011fi\u015fikli\u011fi Bakan\u0131 Murat Kurum, 30 Mart Uluslararas\u0131 S\u0131f\u0131r At\u0131k G\u00fcn\u00fc dolay\u0131s\u0131yla sosyal medya hesab\u0131ndan yapt\u0131\u011f\u0131 g\u00f6r\u00fcnt\u00fcl\u00fc payla\u015f\u0131mda d\u00fcnyan\u0131n ve insanl\u0131\u011f\u0131n gelece\u011finin tehdit alt\u0131nda oldu\u011fu b\u00f6ylesi bir d\u00f6nemde d\u00fc\u015fen g\u00f6revin\u00a0 do\u011faya, canl\u0131lara kar\u015f\u0131 daha sorumlu hayatlar ya\u015famaktan ge\u00e7ti\u011fini belirtti. S\u0131f\u0131r At\u0131k hareketinin hayati \u00f6nemde oldu\u011funa dikkati \u00e7ekeilen payla\u015f\u0131mda, &#8220;Uluslararas\u0131 S\u0131f\u0131r At\u0131k G\u00fcn\u00fc de bu alana t\u00fcm d\u00fcnyan\u0131n dikkatini \u00e7ekerek k\u00fcresel bir \u00e7evre seferberli\u011fine \u00f6nc\u00fcl\u00fck etmesi a\u00e7\u0131s\u0131ndan son derece anlaml\u0131. Sayg\u0131de\u011fer Emine Erdo\u011fan Han\u0131mefendi\u2019nin \u00f6nc\u00fcl\u00fc\u011f\u00fcnde 7 y\u0131lda 7 k\u0131taya yay\u0131lan S\u0131f\u0131r At\u0131k ile hedeflerimizi bir bir hayata ge\u00e7iyoruz. Geri kazan\u0131m oran\u0131m\u0131z\u0131 y\u00fczde 36.08\u2019e \u00e7\u0131kard\u0131k. 2035\u2019te bu oran y\u00fczde 60 olacak, \u00e7\u00fcnk\u00fc elimizde Yeterince Var\u201d ifadelerini kulland\u0131. SIFIR GER\u0130 KAZANIM ORANI Y\u00dcZDE 36,08\u2019E \u00c7IKTI Bakan Kurum, S\u0131f\u0131r At\u0131k ile bug\u00fcne kadar 205 bin binada S\u0131f\u0131r At\u0131k Y\u00f6netim Sistemi\u2019ne ge\u00e7ildi\u011fi; 2017&#8217;de y\u00fczde 13 olan geri kazan\u0131m oran\u0131n\u0131 2024&#8217;te y\u00fczde 36,08&#8217;e \u00e7\u0131kar\u0131ld\u0131\u011f\u0131n\u0131 kaydetti.\u00a0 D\u00fcnyam\u0131z\u0131n ve insanl\u0131\u011f\u0131n gelece\u011finin tehdit alt\u0131nda oldu\u011fu b\u00f6ylesi bir &hellip;"}