{"version":"1.0","provider_name":"Av. Deniz Can K\u0131z\u0131l","provider_url":"http:\/\/denizcankizil.tr\/en","author_name":"Antalya K\u00f6rfez","author_url":"http:\/\/denizcankizil.tr\/en\/author\/www-antalyakorfez-com\/","title":"Ramazan Bayram\u0131 tatili 9 g\u00fcne \u00e7\u0131kt\u0131!","type":"rich","width":600,"height":338,"html":"<blockquote class=\"wp-embedded-content\" data-secret=\"BEIXWM4csy\"><a href=\"http:\/\/denizcankizil.tr\/en\/haberler\/gundem\/ramazan-bayrami-tatili-9-gune-cikti\/\">Ramazan Bayram\u0131 tatili 9 g\u00fcne \u00e7\u0131kt\u0131!<\/a><\/blockquote><iframe sandbox=\"allow-scripts\" security=\"restricted\" src=\"http:\/\/denizcankizil.tr\/en\/haberler\/gundem\/ramazan-bayrami-tatili-9-gune-cikti\/embed\/#?secret=BEIXWM4csy\" width=\"600\" height=\"338\" title=\"&#8220;Ramazan Bayram\u0131 tatili 9 g\u00fcne \u00e7\u0131kt\u0131!&#8221; &#8212; Av. Deniz Can K\u0131z\u0131l\" data-secret=\"BEIXWM4csy\" frameborder=\"0\" marginwidth=\"0\" marginheight=\"0\" scrolling=\"no\" class=\"wp-embedded-content\"><\/iframe><script>\n\/*! This file is auto-generated *\/\n!function(d,l){\"use strict\";l.querySelector&&d.addEventListener&&\"undefined\"!=typeof URL&&(d.wp=d.wp||{},d.wp.receiveEmbedMessage||(d.wp.receiveEmbedMessage=function(e){var t=e.data;if((t||t.secret||t.message||t.value)&&!\/[^a-zA-Z0-9]\/.test(t.secret)){for(var s,r,n,a=l.querySelectorAll('iframe[data-secret=\"'+t.secret+'\"]'),o=l.querySelectorAll('blockquote[data-secret=\"'+t.secret+'\"]'),c=new RegExp(\"^https?:$\",\"i\"),i=0;i<o.length;i++)o[i].style.display=\"none\";for(i=0;i<a.length;i++)s=a[i],e.source===s.contentWindow&&(s.removeAttribute(\"style\"),\"height\"===t.message?(1e3<(r=parseInt(t.value,10))?r=1e3:~~r<200&&(r=200),s.height=r):\"link\"===t.message&&(r=new URL(s.getAttribute(\"src\")),n=new URL(t.value),c.test(n.protocol))&&n.host===r.host&&l.activeElement===s&&(d.top.location.href=t.value))}},d.addEventListener(\"message\",d.wp.receiveEmbedMessage,!1),l.addEventListener(\"DOMContentLoaded\",function(){for(var e,t,s=l.querySelectorAll(\"iframe.wp-embedded-content\"),r=0;r<s.length;r++)(t=(e=s[r]).getAttribute(\"data-secret\"))||(t=Math.random().toString(36).substring(2,12),e.src+=\"#?secret=\"+t,e.setAttribute(\"data-secret\",t)),e.contentWindow.postMessage({message:\"ready\",secret:t},\"*\")},!1)))}(window,document);\n\/\/# sourceURL=http:\/\/denizcankizil.tr\/wp-includes\/js\/wp-embed.min.js\n<\/script>","description":"Cumhurba\u015fkan\u0131 ve AK Parti Genel Ba\u015fkan\u0131 Recep Tayyip Erdo\u011fan, \u201cKamu \u00e7al\u0131\u015fanlar\u0131m\u0131z i\u00e7in bayram\u0131 takip eden 3 g\u00fcnl\u00fck s\u00fcreyi de idari izin kapsam\u0131na ald\u0131k\u201d ifadelerini kulland\u0131. Bu\u00a0a\u00e7\u0131klama ile bayramda tatil 9 g\u00fcne \u00e7\u0131km\u0131\u015f oldu. BAYRAMI SEV\u0130N\u00c7LE \u0130DRAK ETS\u0130NLER Erdo\u011fan\u2019\u0131n konuya ili\u015fkin a\u00e7\u0131klamas\u0131nda \u015fu ifadeler yer buldu: \u201cGelecek hafta t\u00fcm okullar\u0131m\u0131z ikinci ara tatillerine giriyor. Ara tatilin oldu\u011fu pazartesi ve sal\u0131 g\u00fcnleri ayn\u0131 zamanda Ramazan bayram\u0131 tatilinin ikinci ve \u00fc\u00e7\u00fcnc\u00fc g\u00fcnlerine denk geliyor. Ailelerimiz \u00e7ocuklar\u0131yla doya doya vakit ge\u00e7irsin, bayram\u0131 aileleriyle birlikte huzurla, sevin\u00e7le idrak etsin istiyoruz. Bu ama\u00e7la kamu \u00e7al\u0131\u015fanlar\u0131m\u0131z i\u00e7in bayram\u0131 takip eden 3 g\u00fcnl\u00fck s\u00fcreyi de idari izin kapsam\u0131na ald\u0131k. Yani 2 Nisan \u00c7ar\u015famba, 3 Nisan Per\u015fembe ve 4 Nisan Cuma g\u00fcn\u00fc de kamu \u00e7al\u0131\u015fanlar\u0131m\u0131z idari izinli say\u0131lacak. B\u00f6ylece milletimiz toplamda 9 g\u00fcnl\u00fck bir tatil yapma imkan\u0131na kavu\u015facak.&#8221; 29 Mart\u2019ta ba\u015flayacak bayram tatili 9 g\u00fcn boyunca s\u00fcrecek ve 7 Nisan\u2019da yeniden i\u015fba\u015f\u0131 yap\u0131lacak. \u00a0 \u200bCumhurba\u015fkan\u0131 Recep Tayyip Erdo\u011fan, Ramazan Bayram\u0131\u2019nda tatil s\u00fcresinin kamuda 9 g\u00fcn oldu\u011funu duyurdu. \u0130\u015fte ayr\u0131nt\u0131lar&#8230;\u00a0 \u200bHaberin Al\u0131nt\u0131land\u0131\u011f\u0131 Kaynak: www.antalyakorfez.com"}