{"version":"1.0","provider_name":"Av. Deniz Can K\u0131z\u0131l","provider_url":"http:\/\/denizcankizil.tr\/en","author_name":"admin","author_url":"http:\/\/denizcankizil.tr\/en\/author\/admin\/","title":"Ocak'\u0131n son g\u00fcn\u00fcnde yurtta hava nas\u0131l?","type":"rich","width":600,"height":338,"html":"<blockquote class=\"wp-embedded-content\" data-secret=\"3WoRPhRT18\"><a href=\"http:\/\/denizcankizil.tr\/en\/haberler\/gundem\/ocakin-son-gununde-yurtta-hava-nasil\/\">Ocak&#8217;\u0131n son g\u00fcn\u00fcnde yurtta hava nas\u0131l?<\/a><\/blockquote><iframe sandbox=\"allow-scripts\" security=\"restricted\" src=\"http:\/\/denizcankizil.tr\/en\/haberler\/gundem\/ocakin-son-gununde-yurtta-hava-nasil\/embed\/#?secret=3WoRPhRT18\" width=\"600\" height=\"338\" title=\"&#8220;Ocak&#8217;\u0131n son g\u00fcn\u00fcnde yurtta hava nas\u0131l?&#8221; &#8212; Av. Deniz Can K\u0131z\u0131l\" data-secret=\"3WoRPhRT18\" frameborder=\"0\" marginwidth=\"0\" marginheight=\"0\" scrolling=\"no\" class=\"wp-embedded-content\"><\/iframe><script>\n\/*! This file is auto-generated *\/\n!function(d,l){\"use strict\";l.querySelector&&d.addEventListener&&\"undefined\"!=typeof URL&&(d.wp=d.wp||{},d.wp.receiveEmbedMessage||(d.wp.receiveEmbedMessage=function(e){var t=e.data;if((t||t.secret||t.message||t.value)&&!\/[^a-zA-Z0-9]\/.test(t.secret)){for(var s,r,n,a=l.querySelectorAll('iframe[data-secret=\"'+t.secret+'\"]'),o=l.querySelectorAll('blockquote[data-secret=\"'+t.secret+'\"]'),c=new RegExp(\"^https?:$\",\"i\"),i=0;i<o.length;i++)o[i].style.display=\"none\";for(i=0;i<a.length;i++)s=a[i],e.source===s.contentWindow&&(s.removeAttribute(\"style\"),\"height\"===t.message?(1e3<(r=parseInt(t.value,10))?r=1e3:~~r<200&&(r=200),s.height=r):\"link\"===t.message&&(r=new URL(s.getAttribute(\"src\")),n=new URL(t.value),c.test(n.protocol))&&n.host===r.host&&l.activeElement===s&&(d.top.location.href=t.value))}},d.addEventListener(\"message\",d.wp.receiveEmbedMessage,!1),l.addEventListener(\"DOMContentLoaded\",function(){for(var e,t,s=l.querySelectorAll(\"iframe.wp-embedded-content\"),r=0;r<s.length;r++)(t=(e=s[r]).getAttribute(\"data-secret\"))||(t=Math.random().toString(36).substring(2,12),e.src+=\"#?secret=\"+t,e.setAttribute(\"data-secret\",t)),e.contentWindow.postMessage({message:\"ready\",secret:t},\"*\")},!1)))}(window,document);\n\/\/# sourceURL=http:\/\/denizcankizil.tr\/wp-includes\/js\/wp-embed.min.js\n<\/script>","description":"Meteoroloji&#8217;ye g\u00f6re mevsim normalleri \u00fczerinde seyredecek olan hava s\u0131cakl\u0131klar\u0131n\u0131n 4 \u015eubat Sal\u0131 g\u00fcn\u00fcnden itibaren hissedilir derecede azalaca\u011f\u0131 tahmin ediliyor.ANKARA (\u0130GFA) &#8211; Meteoroloji Genel M\u00fcd\u00fcrl\u00fc\u011f\u00fc, Ocak ay\u0131n\u0131n son g\u00fcn\u00fcne ili\u015fkin hava tahmin raporunu yay\u0131mlad\u0131. Hava s\u0131cakl\u0131klar\u0131n\u0131n mevsim normallerinin \u00fczerinde seyredece\u011fi tahmin edilen rapora g\u00f6re,en d\u00fc\u015f\u00fck s\u0131cakl\u0131klar 9-10 derece aras\u0131nda, en y\u00fcksek s\u0131cakl\u0131klar ise 14 derece civar\u0131nda olacak. 1-2 \u015eubat tarihlerinde de s\u0131cakl\u0131klar\u0131n benzer seviyelerde seyredece\u011fi belirtiliyor. Pazartesi g\u00fcn\u00fcnden itibaren s\u0131cakl\u0131klar\u0131n d\u00fc\u015fece\u011fi ve ya\u011f\u0131\u015f ihtimalinin artaca\u011f\u0131 konusunda uyar\u0131da bulunan Meteoroloji, lodosun etkisini kaybetmesiyle birlikte so\u011fuk havan\u0131n kente giri\u015f yapmas\u0131n\u0131n beklendi\u011fini, \u00f6zellikle sal\u0131 g\u00fcn\u00fcnden itibaren 2-4 derece civar\u0131nda d\u00fc\u015f\u00fc\u015f ya\u015fanaca\u011f\u0131, gece saatlerinde ise baz\u0131 b\u00f6lgelerde hafif kar ya\u011f\u0131\u015f\u0131n\u0131n g\u00f6r\u00fclebilece\u011fini \u00f6n g\u00f6rd\u00fc. BUZLANMA VE DON UYARISI Yetkililer, gece s\u0131cakl\u0131klar\u0131n\u0131n d\u00fc\u015fmesiyle birlikte yollarda buzlanma riskinin artabilece\u011fini belirtirken, vatanda\u015flar\u0131n buzlanma ve don olaylar\u0131na kar\u015f\u0131 dikkatli olmalar\u0131n\u0131 istedi. \u00d6zellikle Do\u011fu Karadeniz\u2019in i\u00e7 kesimlerinin y\u00fcksekleri ile Do\u011fu Anadolu&#8217;nun do\u011fusunun dik ve e\u011fimli yama\u00e7lar\u0131nda \u00e7\u0131\u011f tehlikesi ile yurdun i\u00e7 ve do\u011fu kesimlerinde buzlanma ve don olay\u0131 beklendi\u011finden ula\u015f\u0131mda meydana gelebilecek olumsuzluklara kar\u015f\u0131 dikkatli ve tedbirli olunmas\u0131 gerekti\u011fi kaydedildi. \u200bMeteoroloji&#8217;ye g\u00f6re mevsim normalleri \u00fczerinde seyredecek olan hava s\u0131cakl\u0131klar\u0131n\u0131n 4 \u015eubat Sal\u0131 g\u00fcn\u00fcnden itibaren hissedilir derecede azalaca\u011f\u0131 tahmin ediliyor.ANKARA (\u0130GFA) &#8211; Meteoroloji Genel M\u00fcd\u00fcrl\u00fc\u011f\u00fc, Ocak ay\u0131n\u0131n son g\u00fcn\u00fcne ili\u015fkin hava tahmin &hellip;"}