{"version":"1.0","provider_name":"Av. Deniz Can K\u0131z\u0131l","provider_url":"http:\/\/denizcankizil.tr\/en","author_name":"Antalya K\u00f6rfez","author_url":"http:\/\/denizcankizil.tr\/en\/author\/www-antalyakorfez-com\/","title":"Muratpa\u015fa\u2019da merhum CHP'li Deniz Demiral an\u0131ld\u0131","type":"rich","width":600,"height":338,"html":"<blockquote class=\"wp-embedded-content\" data-secret=\"rcYhcPzx4P\"><a href=\"http:\/\/denizcankizil.tr\/en\/haberler\/gundem\/muratpasada-merhum-chpli-deniz-demiral-anildi\/\">Muratpa\u015fa\u2019da merhum CHP&#8217;li Deniz Demiral an\u0131ld\u0131<\/a><\/blockquote><iframe sandbox=\"allow-scripts\" security=\"restricted\" src=\"http:\/\/denizcankizil.tr\/en\/haberler\/gundem\/muratpasada-merhum-chpli-deniz-demiral-anildi\/embed\/#?secret=rcYhcPzx4P\" width=\"600\" height=\"338\" title=\"&#8220;Muratpa\u015fa\u2019da merhum CHP&#8217;li Deniz Demiral an\u0131ld\u0131&#8221; &#8212; Av. Deniz Can K\u0131z\u0131l\" data-secret=\"rcYhcPzx4P\" frameborder=\"0\" marginwidth=\"0\" marginheight=\"0\" scrolling=\"no\" class=\"wp-embedded-content\"><\/iframe><script>\n\/*! This file is auto-generated *\/\n!function(d,l){\"use strict\";l.querySelector&&d.addEventListener&&\"undefined\"!=typeof URL&&(d.wp=d.wp||{},d.wp.receiveEmbedMessage||(d.wp.receiveEmbedMessage=function(e){var t=e.data;if((t||t.secret||t.message||t.value)&&!\/[^a-zA-Z0-9]\/.test(t.secret)){for(var s,r,n,a=l.querySelectorAll('iframe[data-secret=\"'+t.secret+'\"]'),o=l.querySelectorAll('blockquote[data-secret=\"'+t.secret+'\"]'),c=new RegExp(\"^https?:$\",\"i\"),i=0;i<o.length;i++)o[i].style.display=\"none\";for(i=0;i<a.length;i++)s=a[i],e.source===s.contentWindow&&(s.removeAttribute(\"style\"),\"height\"===t.message?(1e3<(r=parseInt(t.value,10))?r=1e3:~~r<200&&(r=200),s.height=r):\"link\"===t.message&&(r=new URL(s.getAttribute(\"src\")),n=new URL(t.value),c.test(n.protocol))&&n.host===r.host&&l.activeElement===s&&(d.top.location.href=t.value))}},d.addEventListener(\"message\",d.wp.receiveEmbedMessage,!1),l.addEventListener(\"DOMContentLoaded\",function(){for(var e,t,s=l.querySelectorAll(\"iframe.wp-embedded-content\"),r=0;r<s.length;r++)(t=(e=s[r]).getAttribute(\"data-secret\"))||(t=Math.random().toString(36).substring(2,12),e.src+=\"#?secret=\"+t,e.setAttribute(\"data-secret\",t)),e.contentWindow.postMessage({message:\"ready\",secret:t},\"*\")},!1)))}(window,document);\n\/\/# sourceURL=http:\/\/denizcankizil.tr\/wp-includes\/js\/wp-embed.min.js\n<\/script>","description":"Antalya\u2019da 2021 y\u0131l\u0131nda elim bir trafik kazas\u0131nda hayat\u0131n\u0131 kaybeden CHP Konyaalt\u0131 Gen\u00e7lik Kollar\u0131 Ba\u015fkan\u0131 Deniz Demiral\u2019\u0131n ad\u0131 K\u0131z\u0131lsaray Mahallesi\u2019nde bir parka verildi. O parkta ge\u00e7ti\u011fimiz g\u00fcnlerde Muratpa\u015fa Belediyesi bak\u0131m ve onar\u0131m \u00e7al\u0131\u015fmalar\u0131 ger\u00e7ekle\u015ftirmi\u015fti. Yenilenen o parkta d\u00fcn merhum Deniz Demiral ad\u0131na anma t\u00f6reni d\u00fczenlendi. T\u00d6RENE CHP KONYAALTI\u2019NDAN KATILIM OLMADI Antalya\u2019da CHP\u2019lileri yasa bo\u011fan \u00f6l\u00fcm haberi \u00fczerinde Muratpa\u015fa Belediyesi Deniz Demiral\u2019\u0131n ad\u0131n\u0131 il\u00e7ede bir parka verdi. \u0130\u015fte o parkta d\u00fcn Deniz Demiral dualarla an\u0131ld\u0131. Demiral\u2019\u0131n ruhuna lokma da\u011f\u0131t\u0131ld\u0131. D\u00fczenlenen t\u00f6rene CHP Konyaalt\u0131 \u00f6rg\u00fctlerinden kat\u0131lan olmad\u0131. T\u00f6rende konu\u015fan CHP Muratpa\u015fa \u0130l\u00e7e Gen\u00e7lik Kollar\u0131 Ba\u015fkan\u0131 Salih Can Akba\u015f, \u201cBug\u00fcn ad\u0131n\u0131 ta\u015f\u0131yan parkta, yolda\u015f\u0131m\u0131z, abimiz, can\u0131m\u0131z Deniz Demiral\u2019\u0131 and\u0131k\u201d dedi. ANILAR TAZELEND\u0130 Demiral\u2019\u0131n ac\u0131s\u0131n\u0131n hale taze oldu\u011funa vurgu yapan Akba\u015f, \u201cBug\u00fcn ad\u0131n\u0131 ta\u015f\u0131yan parkta, yolda\u015f\u0131m\u0131z, abimiz, can\u0131m\u0131z Deniz Demiral\u2019\u0131 and\u0131k. Lokmalar\u0131m\u0131z\u0131 payla\u015ft\u0131k, an\u0131lar\u0131m\u0131z\u0131 konu\u015fturduk. Ayn\u0131 masalarda siyaset tart\u0131\u015ft\u0131\u011f\u0131m\u0131z, birlikte yol y\u00fcr\u00fcd\u00fc\u011f\u00fcm\u00fcz Deniz i\u00e7in bug\u00fcn s\u00f6z verdik. O\u2019nun inand\u0131\u011f\u0131 de\u011ferleri ya\u015fatmaya devam edece\u011fiz. Anma program\u0131m\u0131za kat\u0131larak ac\u0131m\u0131z\u0131 ve umudumuzu payla\u015fan t\u00fcm dostlara y\u00fcrekten te\u015fekk\u00fcr ederiz. Bu gen\u00e7lik, Deniz\u2019in yar\u0131m kalan d\u00fc\u015flerini tamamlayacak. Deniz Demiral \u00f6l\u00fcms\u00fczd\u00fcr\u201d diye konu\u015ftu. \u200bGe\u00e7irdi\u011fi trafik kazas\u0131nda ard\u0131ndan ya\u015fam\u0131n\u0131 yitiren CHP Konyaalt\u0131 Gen\u00e7lik Kollar\u0131 Ba\u015fkan\u0131 Deniz Demiral, \u00f6l\u00fcm y\u0131ld\u00f6n\u00fcm\u00fcnde Muratpa\u015fa \u0130l\u00e7e Gen\u00e7lik Kollar\u0131 taraf\u0131ndan an\u0131ld\u0131. Deniz Demiral Park\u0131\u2019nda ger\u00e7ekle\u015ftirilen anma t\u00f6reninde merhum &hellip;"}