{"version":"1.0","provider_name":"Av. Deniz Can K\u0131z\u0131l","provider_url":"http:\/\/denizcankizil.tr\/en","author_name":"Av. Deniz Can K\u0131z\u0131l","author_url":"http:\/\/denizcankizil.tr\/en","title":"Mudanya'da bal\u0131k tutarken kaybolan ki\u015fi aran\u0131yor","type":"rich","width":600,"height":338,"html":"<blockquote class=\"wp-embedded-content\" data-secret=\"Ifg1ysMwmW\"><a href=\"http:\/\/denizcankizil.tr\/en\/haberler\/gundem\/mudanyada-balik-tutarken-kaybolan-kisi-araniyor\/\">Mudanya&#8217;da bal\u0131k tutarken kaybolan ki\u015fi aran\u0131yor<\/a><\/blockquote><iframe sandbox=\"allow-scripts\" security=\"restricted\" src=\"http:\/\/denizcankizil.tr\/en\/haberler\/gundem\/mudanyada-balik-tutarken-kaybolan-kisi-araniyor\/embed\/#?secret=Ifg1ysMwmW\" width=\"600\" height=\"338\" title=\"&#8220;Mudanya&#8217;da bal\u0131k tutarken kaybolan ki\u015fi aran\u0131yor&#8221; &#8212; Av. Deniz Can K\u0131z\u0131l\" data-secret=\"Ifg1ysMwmW\" frameborder=\"0\" marginwidth=\"0\" marginheight=\"0\" scrolling=\"no\" class=\"wp-embedded-content\"><\/iframe><script>\n\/*! This file is auto-generated *\/\n!function(d,l){\"use strict\";l.querySelector&&d.addEventListener&&\"undefined\"!=typeof URL&&(d.wp=d.wp||{},d.wp.receiveEmbedMessage||(d.wp.receiveEmbedMessage=function(e){var t=e.data;if((t||t.secret||t.message||t.value)&&!\/[^a-zA-Z0-9]\/.test(t.secret)){for(var s,r,n,a=l.querySelectorAll('iframe[data-secret=\"'+t.secret+'\"]'),o=l.querySelectorAll('blockquote[data-secret=\"'+t.secret+'\"]'),c=new RegExp(\"^https?:$\",\"i\"),i=0;i<o.length;i++)o[i].style.display=\"none\";for(i=0;i<a.length;i++)s=a[i],e.source===s.contentWindow&&(s.removeAttribute(\"style\"),\"height\"===t.message?(1e3<(r=parseInt(t.value,10))?r=1e3:~~r<200&&(r=200),s.height=r):\"link\"===t.message&&(r=new URL(s.getAttribute(\"src\")),n=new URL(t.value),c.test(n.protocol))&&n.host===r.host&&l.activeElement===s&&(d.top.location.href=t.value))}},d.addEventListener(\"message\",d.wp.receiveEmbedMessage,!1),l.addEventListener(\"DOMContentLoaded\",function(){for(var e,t,s=l.querySelectorAll(\"iframe.wp-embedded-content\"),r=0;r<s.length;r++)(t=(e=s[r]).getAttribute(\"data-secret\"))||(t=Math.random().toString(36).substring(2,12),e.src+=\"#?secret=\"+t,e.setAttribute(\"data-secret\",t)),e.contentWindow.postMessage({message:\"ready\",secret:t},\"*\")},!1)))}(window,document);\n\/\/# sourceURL=http:\/\/denizcankizil.tr\/wp-includes\/js\/wp-embed.min.js\n<\/script>","description":"Bursa&#8217;n\u0131n Mudanya il\u00e7esinde ailesi taraf\u0131ndan kay\u0131p ihbar\u0131 yap\u0131lan ki\u015fi, Pazar g\u00fcn\u00fcnden bu yana 3 g\u00fcnd\u00fcr AFAD ve Deniz Polisi ile Sahil G\u00fcvenlik Komutanl\u0131\u011f\u0131&#8217;na ba\u011fl\u0131 ekipler taraf\u0131ndan denizde aran\u0131yor.BURSA (\u0130GFA) &#8211; Al\u0131nan bilgiye g\u00f6re Mudanya sahilinde bal\u0131k tutarken, denize d\u00fc\u015ferek g\u00f6zden kayboldu\u011fu \u00f6ne s\u00fcr\u00fclen 59 ya\u015f\u0131ndaki R.O.&#8217;yu arama \u00e7al\u0131\u015fmalar\u0131 s\u00fcr\u00fcyor. 22 Aral\u0131k Pazar g\u00fcn\u00fcnden bu yana kendisinden haber al\u0131nmayan ve ailesi taraf\u0131ndan da kay\u0131p ihbar\u0131 yap\u0131lan vatanda\u015f\u0131n, mont, cep telefonu ve n\u00fcfuys c\u00fczdan\u0131n\u0131n sahildeki banklarda olmas\u0131 \u00fczerine ekipler arama \u00e7al\u0131\u015fmalar\u0131n\u0131 o b\u00f6lgedeki sahil kesimde yo\u011funla\u015ft\u0131rd\u0131. \u00c7al\u0131\u015fmalara AFAD Bursa M\u00fcd\u00fcrl\u00fc\u011f\u00fc&#8217;n\u00fcn yan\u0131 s\u0131ra\u00a0Mudanya Deniz Liman\u0131 \u015eube M\u00fcd\u00fcrl\u00fc\u011f\u00fc, Sahil G\u00fcvenlik G\u00fcney Marmara Grup Komutanl\u0131\u011f\u0131 DEGAK \u00d6zel Tim 11 Komutanl\u0131\u011f\u0131 ile Mudanya Belediyesi Arama Kurtarma Birimi&#8217;ne ba\u011fl\u0131 ekipler de kat\u0131ld\u0131. Mudanya Kaymakam\u0131 Ayhan Terzi de, kay\u0131p ki\u015fiye ula\u015f\u0131lmas\u0131 y\u00f6n\u00fcnde ekiplerin \u00e7al\u0131\u015fmalar\u0131n\u0131 yerinde inceledi. \u200bBursa&#8217;n\u0131n Mudanya il\u00e7esinde ailesi taraf\u0131ndan kay\u0131p ihbar\u0131 yap\u0131lan ki\u015fi, Pazar g\u00fcn\u00fcnden bu yana 3 g\u00fcnd\u00fcr AFAD ve Deniz Polisi ile Sahil G\u00fcvenlik Komutanl\u0131\u011f\u0131&#8217;na ba\u011fl\u0131 ekipler taraf\u0131ndan denizde aran\u0131yor.BURSA (\u0130GFA) &#8211; Al\u0131nan bilgiye g\u00f6re Mudanya sahilinde bal\u0131k tutarken, denize d\u00fc\u015ferek g\u00f6zden kayboldu\u011fu \u00f6ne s\u00fcr\u00fclen 59 ya\u015f\u0131ndaki R.O.&#8217;yu arama \u00e7al\u0131\u015fmalar\u0131 s\u00fcr\u00fcyor. 22 Aral\u0131k Pazar g\u00fcn\u00fcnden bu yana kendisinden haber al\u0131nmayan ve ailesi taraf\u0131ndan da kay\u0131p ihbar\u0131 yap\u0131lan vatanda\u015f\u0131n, mont, cep telefonu ve n\u00fcfuys c\u00fczdan\u0131n\u0131n &hellip;"}