{"version":"1.0","provider_name":"Av. Deniz Can K\u0131z\u0131l","provider_url":"http:\/\/denizcankizil.tr\/en","author_name":"admin","author_url":"http:\/\/denizcankizil.tr\/en\/author\/admin\/","title":"Meteoroloji'den Marmara\u2019ya 'tedbirli olun' uyar\u0131s\u0131","type":"rich","width":600,"height":338,"html":"<blockquote class=\"wp-embedded-content\" data-secret=\"TUaBoAzZfk\"><a href=\"http:\/\/denizcankizil.tr\/en\/haberler\/gundem\/meteorolojiden-marmaraya-tedbirli-olun-uyarisi\/\">Meteoroloji&#8217;den Marmara\u2019ya &#8216;tedbirli olun&#8217; uyar\u0131s\u0131<\/a><\/blockquote><iframe sandbox=\"allow-scripts\" security=\"restricted\" src=\"http:\/\/denizcankizil.tr\/en\/haberler\/gundem\/meteorolojiden-marmaraya-tedbirli-olun-uyarisi\/embed\/#?secret=TUaBoAzZfk\" width=\"600\" height=\"338\" title=\"&#8220;Meteoroloji&#8217;den Marmara\u2019ya &#8216;tedbirli olun&#8217; uyar\u0131s\u0131&#8221; &#8212; Av. Deniz Can K\u0131z\u0131l\" data-secret=\"TUaBoAzZfk\" frameborder=\"0\" marginwidth=\"0\" marginheight=\"0\" scrolling=\"no\" class=\"wp-embedded-content\"><\/iframe><script>\n\/*! This file is auto-generated *\/\n!function(d,l){\"use strict\";l.querySelector&&d.addEventListener&&\"undefined\"!=typeof URL&&(d.wp=d.wp||{},d.wp.receiveEmbedMessage||(d.wp.receiveEmbedMessage=function(e){var t=e.data;if((t||t.secret||t.message||t.value)&&!\/[^a-zA-Z0-9]\/.test(t.secret)){for(var s,r,n,a=l.querySelectorAll('iframe[data-secret=\"'+t.secret+'\"]'),o=l.querySelectorAll('blockquote[data-secret=\"'+t.secret+'\"]'),c=new RegExp(\"^https?:$\",\"i\"),i=0;i<o.length;i++)o[i].style.display=\"none\";for(i=0;i<a.length;i++)s=a[i],e.source===s.contentWindow&&(s.removeAttribute(\"style\"),\"height\"===t.message?(1e3<(r=parseInt(t.value,10))?r=1e3:~~r<200&&(r=200),s.height=r):\"link\"===t.message&&(r=new URL(s.getAttribute(\"src\")),n=new URL(t.value),c.test(n.protocol))&&n.host===r.host&&l.activeElement===s&&(d.top.location.href=t.value))}},d.addEventListener(\"message\",d.wp.receiveEmbedMessage,!1),l.addEventListener(\"DOMContentLoaded\",function(){for(var e,t,s=l.querySelectorAll(\"iframe.wp-embedded-content\"),r=0;r<s.length;r++)(t=(e=s[r]).getAttribute(\"data-secret\"))||(t=Math.random().toString(36).substring(2,12),e.src+=\"#?secret=\"+t,e.setAttribute(\"data-secret\",t)),e.contentWindow.postMessage({message:\"ready\",secret:t},\"*\")},!1)))}(window,document);\n\/\/# sourceURL=http:\/\/denizcankizil.tr\/wp-includes\/js\/wp-embed.min.js\n<\/script>","description":"Meteoroloji Genel M\u00fcd\u00fcrl\u00fc\u011f\u00fc\u2019n\u00fcn uyar\u0131s\u0131na dayanarak, Marmara\u2019da 28 Nisan 2025 Pazartesi \u00f6\u011fleden itibaren f\u0131rt\u0131na beklendi\u011fini duyuruldu. B\u00f6lgedeki valilikelr f\u0131rt\u0131nan\u0131n Sal\u0131 gecesi etkisini kaybetmesinin \u00f6n g\u00f6r\u00fcld\u00fc\u011f\u00fcn\u00fc belirterek, vatanda\u015flar\u0131 tedbirli olmalar\u0131 konusunda uyard\u0131.\u0130STANBUL (\u0130GFA) &#8211; \u0130stanbul Valili\u011fi, Meteoroloji Genel M\u00fcd\u00fcrl\u00fc\u011f\u00fc\u2019n\u00fcn de\u011ferlendirmelerine g\u00f6re, Marmara B\u00f6lgesi\u2019nde 28 Nisan 2025 Pazartesi \u00f6\u011fle saatlerinden itibaren f\u0131rt\u0131na beklendi\u011fini a\u00e7\u0131klad\u0131. R\u00fczg\u00e2r\u0131n kuzey ve kuzeydo\u011fu y\u00f6nlerden 6-8 kuvvetinde (50-75 km\/saat) esmesi tahmin ediliyor. F\u0131rt\u0131nan\u0131n, 29 Nisan 2025 Sal\u0131 g\u00fcn\u00fc gece saatlerinden itibaren etkisini kaybetmesi bekleniyor. Bu arada b\u00f6lgedeki di\u011fer valilikler de vatanda\u015flar\u0131 dikkatli ve tedbirli olmaya \u00e7a\u011f\u0131rarak, olas\u0131 olumsuzluklara kar\u015f\u0131 haz\u0131rl\u0131kl\u0131 olunmas\u0131n\u0131 istedi. \u200bMeteoroloji Genel M\u00fcd\u00fcrl\u00fc\u011f\u00fc\u2019n\u00fcn uyar\u0131s\u0131na dayanarak, Marmara\u2019da 28 Nisan 2025 Pazartesi \u00f6\u011fleden itibaren f\u0131rt\u0131na beklendi\u011fini duyuruldu. B\u00f6lgedeki valilikelr f\u0131rt\u0131nan\u0131n Sal\u0131 gecesi etkisini kaybetmesinin \u00f6n g\u00f6r\u00fcld\u00fc\u011f\u00fcn\u00fc belirterek, vatanda\u015flar\u0131 tedbirli olmalar\u0131 konusunda uyard\u0131.\u0130STANBUL (\u0130GFA) &#8211; \u0130stanbul Valili\u011fi, Meteoroloji Genel M\u00fcd\u00fcrl\u00fc\u011f\u00fc\u2019n\u00fcn de\u011ferlendirmelerine g\u00f6re, Marmara B\u00f6lgesi\u2019nde 28 Nisan 2025 Pazartesi \u00f6\u011fle saatlerinden itibaren f\u0131rt\u0131na beklendi\u011fini a\u00e7\u0131klad\u0131. R\u00fczg\u00e2r\u0131n kuzey ve kuzeydo\u011fu y\u00f6nlerden 6-8 kuvvetinde (50-75 km\/saat) esmesi tahmin ediliyor. F\u0131rt\u0131nan\u0131n, 29 Nisan 2025 Sal\u0131 g\u00fcn\u00fc gece saatlerinden itibaren etkisini kaybetmesi bekleniyor. Bu arada b\u00f6lgedeki di\u011fer valilikler de vatanda\u015flar\u0131 dikkatli ve tedbirli olmaya \u00e7a\u011f\u0131rarak, olas\u0131 olumsuzluklara kar\u015f\u0131 haz\u0131rl\u0131kl\u0131 olunmas\u0131n\u0131 istedi.\u00a0 \u200bHaberin Al\u0131nt\u0131land\u0131\u011f\u0131 Kaynak: www.iskenderun.org"}