{"version":"1.0","provider_name":"Av. Deniz Can K\u0131z\u0131l","provider_url":"http:\/\/denizcankizil.tr\/en","author_name":"admin","author_url":"http:\/\/denizcankizil.tr\/en\/author\/admin\/","title":"Meteoroloji'den 'kuvvetli' uyar\u0131!","type":"rich","width":600,"height":338,"html":"<blockquote class=\"wp-embedded-content\" data-secret=\"mX5mZoLzs6\"><a href=\"http:\/\/denizcankizil.tr\/en\/haberler\/gundem\/meteorolojiden-kuvvetli-uyari-5\/\">Meteoroloji&#8217;den &#8216;kuvvetli&#8217; uyar\u0131!<\/a><\/blockquote><iframe sandbox=\"allow-scripts\" security=\"restricted\" src=\"http:\/\/denizcankizil.tr\/en\/haberler\/gundem\/meteorolojiden-kuvvetli-uyari-5\/embed\/#?secret=mX5mZoLzs6\" width=\"600\" height=\"338\" title=\"&#8220;Meteoroloji&#8217;den &#8216;kuvvetli&#8217; uyar\u0131!&#8221; &#8212; Av. Deniz Can K\u0131z\u0131l\" data-secret=\"mX5mZoLzs6\" frameborder=\"0\" marginwidth=\"0\" marginheight=\"0\" scrolling=\"no\" class=\"wp-embedded-content\"><\/iframe><script>\n\/*! This file is auto-generated *\/\n!function(d,l){\"use strict\";l.querySelector&&d.addEventListener&&\"undefined\"!=typeof URL&&(d.wp=d.wp||{},d.wp.receiveEmbedMessage||(d.wp.receiveEmbedMessage=function(e){var t=e.data;if((t||t.secret||t.message||t.value)&&!\/[^a-zA-Z0-9]\/.test(t.secret)){for(var s,r,n,a=l.querySelectorAll('iframe[data-secret=\"'+t.secret+'\"]'),o=l.querySelectorAll('blockquote[data-secret=\"'+t.secret+'\"]'),c=new RegExp(\"^https?:$\",\"i\"),i=0;i<o.length;i++)o[i].style.display=\"none\";for(i=0;i<a.length;i++)s=a[i],e.source===s.contentWindow&&(s.removeAttribute(\"style\"),\"height\"===t.message?(1e3<(r=parseInt(t.value,10))?r=1e3:~~r<200&&(r=200),s.height=r):\"link\"===t.message&&(r=new URL(s.getAttribute(\"src\")),n=new URL(t.value),c.test(n.protocol))&&n.host===r.host&&l.activeElement===s&&(d.top.location.href=t.value))}},d.addEventListener(\"message\",d.wp.receiveEmbedMessage,!1),l.addEventListener(\"DOMContentLoaded\",function(){for(var e,t,s=l.querySelectorAll(\"iframe.wp-embedded-content\"),r=0;r<s.length;r++)(t=(e=s[r]).getAttribute(\"data-secret\"))||(t=Math.random().toString(36).substring(2,12),e.src+=\"#?secret=\"+t,e.setAttribute(\"data-secret\",t)),e.contentWindow.postMessage({message:\"ready\",secret:t},\"*\")},!1)))}(window,document);\n\/\/# sourceURL=http:\/\/denizcankizil.tr\/wp-includes\/js\/wp-embed.min.js\n<\/script>","description":"Meteoroloji Genel M\u00fcd\u00fcrl\u00fc\u011f\u00fc, Marmara\u2019n\u0131n do\u011fusu, G\u00fcney ve \u0130\u00e7 Ege, Akdeniz, \u0130\u00e7 Anadolu, Karadeniz, Do\u011fu ve G\u00fcneydo\u011fu Anadolu b\u00f6lgeleri i\u00e7in \u00f6\u011fle saatlerinden sonra kuvvetli ya\u011f\u0131\u015f uyar\u0131s\u0131nda bulundu.ANKARA (\u0130GFA) &#8211;\u00a0Meteoroloji Genel M\u00fcd\u00fcrl\u00fc\u011f\u00fc, 02 May\u0131s\u00a0Cuma g\u00fcn\u00fcne ili\u015fkin hava tahmin raporunu yay\u0131mlad\u0131.\u00a0 Meteoroloji Genel M\u00fcd\u00fcrl\u00fc\u011f\u00fc taraf\u0131ndan yap\u0131lan tahminlere g\u00f6re, yurdun genelinin par\u00e7al\u0131 ve \u00e7ok bulutlu, Marmara\u2019n\u0131n do\u011fusu, G\u00fcney ve \u0130\u00e7 Ege, Akdeniz, \u0130\u00e7 Anadolu, Karadeniz, Do\u011fu ve G\u00fcneydo\u011fu Anadolu ile \u00f6\u011fle saatlerinden sonra Tekirda\u011f ve \u00c7anakkale \u00e7evrelerinin aral\u0131kl\u0131 sa\u011fanak ve g\u00f6k g\u00fcr\u00fclt\u00fcl\u00fc sa\u011fanak ya\u011f\u0131\u015fl\u0131 ge\u00e7ece\u011fi tahmin ediliyor. Ya\u011f\u0131\u015flar\u0131n, Orta ve Do\u011fu Karadeniz, Do\u011fu Anadolu (Malatya, Van ve I\u011fd\u0131r hari\u00e7) ile Mu\u011fla, Ayd\u0131n, U\u015fak, Denizli, Afyonkarahisar, Antalya\u2019n\u0131n bat\u0131 i\u00e7 kesimleri, Isparta ve Burdur&#8217;un bat\u0131s\u0131, Ankara, Eski\u015fehir&#8217;in do\u011fusu, \u00c7ank\u0131r\u0131, K\u0131r\u015fehir, Yozgat, K\u0131r\u0131kkale&#8217;nin kuzeyi, Sivas, Karab\u00fck&#8217;\u00fcn do\u011fusu, Kastamonu, Ad\u0131yaman, \u015e. Urfa&#8217;n\u0131n kuzeyi, Diyarbak\u0131r, Batman ve Siirt \u00e7evrelerinde yer yer kuvvetli olmas\u0131 bekleniyor. Do\u011fu Anadolu&#8217;nun do\u011fusu ile G\u00fcneydo\u011fu Anadolu&#8217;da toz ta\u015f\u0131n\u0131m\u0131 bekleniyor. Hava s\u0131cakl\u0131\u011f\u0131n\u0131n, do\u011fu kesimlerde biraz azalaca\u011f\u0131, \u00dclkemiz genelinde mevsim normalleri civar\u0131nda seyredece\u011fi tahmin ediliyor. R\u00fczgar Bat\u0131 kesimlerde kuzeyli, do\u011fu kesimlerde g\u00fcneyli y\u00f6nlerden hafif, ara s\u0131ra orta kuvvette, Marmara&#8217;n\u0131n bat\u0131s\u0131 ile Kuzey Ege k\u0131y\u0131lar\u0131nda kuzey ve kuzeydo\u011fu y\u00f6nlerden kuvvetli (40-60 km\/sa), Do\u011fu Anadolu\u2019nun g\u00fcneydo\u011fusu \u0130le G\u00fcneydo\u011fu Anadolu&#8217;nun do\u011fusunda g\u00fcney ve g\u00fcneydo\u011fu y\u00f6nlerden kuvvetli ve f\u0131rt\u0131na(50-80 km\/saat) \u015feklinde &hellip;"}