{"version":"1.0","provider_name":"Av. Deniz Can K\u0131z\u0131l","provider_url":"http:\/\/denizcankizil.tr\/en","author_name":"admin","author_url":"http:\/\/denizcankizil.tr\/en\/author\/admin\/","title":"Meteoroloji'den bug\u00fcn uyar\u0131 yok! R\u00fczgar hafif...","type":"rich","width":600,"height":338,"html":"<blockquote class=\"wp-embedded-content\" data-secret=\"US9PkMjDDD\"><a href=\"http:\/\/denizcankizil.tr\/en\/haberler\/gundem\/meteorolojiden-bugun-uyari-yok-ruzgar-hafif\/\">Meteoroloji&#8217;den bug\u00fcn uyar\u0131 yok! R\u00fczgar hafif&#8230;<\/a><\/blockquote><iframe sandbox=\"allow-scripts\" security=\"restricted\" src=\"http:\/\/denizcankizil.tr\/en\/haberler\/gundem\/meteorolojiden-bugun-uyari-yok-ruzgar-hafif\/embed\/#?secret=US9PkMjDDD\" width=\"600\" height=\"338\" title=\"&#8220;Meteoroloji&#8217;den bug\u00fcn uyar\u0131 yok! R\u00fczgar hafif&#8230;&#8221; &#8212; Av. Deniz Can K\u0131z\u0131l\" data-secret=\"US9PkMjDDD\" frameborder=\"0\" marginwidth=\"0\" marginheight=\"0\" scrolling=\"no\" class=\"wp-embedded-content\"><\/iframe><script>\n\/*! This file is auto-generated *\/\n!function(d,l){\"use strict\";l.querySelector&&d.addEventListener&&\"undefined\"!=typeof URL&&(d.wp=d.wp||{},d.wp.receiveEmbedMessage||(d.wp.receiveEmbedMessage=function(e){var t=e.data;if((t||t.secret||t.message||t.value)&&!\/[^a-zA-Z0-9]\/.test(t.secret)){for(var s,r,n,a=l.querySelectorAll('iframe[data-secret=\"'+t.secret+'\"]'),o=l.querySelectorAll('blockquote[data-secret=\"'+t.secret+'\"]'),c=new RegExp(\"^https?:$\",\"i\"),i=0;i<o.length;i++)o[i].style.display=\"none\";for(i=0;i<a.length;i++)s=a[i],e.source===s.contentWindow&&(s.removeAttribute(\"style\"),\"height\"===t.message?(1e3<(r=parseInt(t.value,10))?r=1e3:~~r<200&&(r=200),s.height=r):\"link\"===t.message&&(r=new URL(s.getAttribute(\"src\")),n=new URL(t.value),c.test(n.protocol))&&n.host===r.host&&l.activeElement===s&&(d.top.location.href=t.value))}},d.addEventListener(\"message\",d.wp.receiveEmbedMessage,!1),l.addEventListener(\"DOMContentLoaded\",function(){for(var e,t,s=l.querySelectorAll(\"iframe.wp-embedded-content\"),r=0;r<s.length;r++)(t=(e=s[r]).getAttribute(\"data-secret\"))||(t=Math.random().toString(36).substring(2,12),e.src+=\"#?secret=\"+t,e.setAttribute(\"data-secret\",t)),e.contentWindow.postMessage({message:\"ready\",secret:t},\"*\")},!1)))}(window,document);\n\/\/# sourceURL=http:\/\/denizcankizil.tr\/wp-includes\/js\/wp-embed.min.js\n<\/script>","description":"Meteoroloji Genel M\u00fcd\u00fcrl\u00fc\u011f\u00fc&#8217;n\u00fcn raporuna g\u00f6re, kuzeydo\u011fu b\u00f6lgeler par\u00e7al\u0131 bulutlu, Trabzon ve Rize&#8217;de yerel ya\u011f\u0131\u015f bekleniyor. Di\u011fer yerler az bulutlu ve a\u00e7\u0131k. Hava s\u0131cakl\u0131klar\u0131 mevsim normallerinin \u00fcst\u00fcnde, kuzeyden esen r\u00fczgar hafif.ANKARA (\u0130GFA) &#8211; Meteoroloji Genel M\u00fcd\u00fcrl\u00fc\u011f\u00fc 19 Haziran Per\u015fembe g\u00fcn\u00fcne ili\u015fkin hava tahmin raporunu yay\u0131mlad\u0131. Buna g\u00f6re \u00fclkemizin kuzeydo\u011fu kesimlerinin par\u00e7al\u0131, yer yer \u00e7ok bulutlu; Trabzon ve Rize\u2019nin i\u00e7 kesimlerinin yerel olmak \u00fczere sa\u011fanak ya\u011f\u0131\u015fl\u0131, di\u011fer yerlerin az bulutlu ve a\u00e7\u0131k ge\u00e7ece\u011fi tahmin edildi. Hava s\u0131cakl\u0131\u011f\u0131n\u0131n, yurt genelinde mevsim normallerinin \u00fcst\u00fcnde seyretmesi beklenirken, r\u00fczgar\u0131n ise genellikle kuzey y\u00f6nlerden hafif, ara s\u0131ra orta kuvvette esece\u011fi tahmin edildi. Meteoroloji g\u00fcnl\u00fck hava tahmin raporunda bug\u00fcne ili\u015fkin herhangi bir uyar\u0131da bulunmad\u0131. \u200bMeteoroloji Genel M\u00fcd\u00fcrl\u00fc\u011f\u00fc&#8217;n\u00fcn raporuna g\u00f6re, kuzeydo\u011fu b\u00f6lgeler par\u00e7al\u0131 bulutlu, Trabzon ve Rize&#8217;de yerel ya\u011f\u0131\u015f bekleniyor. Di\u011fer yerler az bulutlu ve a\u00e7\u0131k. Hava s\u0131cakl\u0131klar\u0131 mevsim normallerinin \u00fcst\u00fcnde, kuzeyden esen r\u00fczgar hafif.ANKARA (\u0130GFA) &#8211; Meteoroloji Genel M\u00fcd\u00fcrl\u00fc\u011f\u00fc 19 Haziran Per\u015fembe g\u00fcn\u00fcne ili\u015fkin hava tahmin raporunu yay\u0131mlad\u0131. Buna g\u00f6re \u00fclkemizin kuzeydo\u011fu kesimlerinin par\u00e7al\u0131, yer yer \u00e7ok bulutlu; Trabzon ve Rize\u2019nin i\u00e7 kesimlerinin yerel olmak \u00fczere sa\u011fanak ya\u011f\u0131\u015fl\u0131, di\u011fer yerlerin az bulutlu ve a\u00e7\u0131k ge\u00e7ece\u011fi tahmin edildi. Hava s\u0131cakl\u0131\u011f\u0131n\u0131n, yurt genelinde mevsim normallerinin \u00fcst\u00fcnde seyretmesi beklenirken, r\u00fczgar\u0131n ise genellikle kuzey y\u00f6nlerden hafif, ara s\u0131ra orta kuvvette esece\u011fi tahmin &hellip;"}