{"version":"1.0","provider_name":"Av. Deniz Can K\u0131z\u0131l","provider_url":"http:\/\/denizcankizil.tr\/en","author_name":"admin","author_url":"http:\/\/denizcankizil.tr\/en\/author\/admin\/","title":"Meteoroloji'den 2024 havas\u0131n\u0131n 'en'leri!","type":"rich","width":600,"height":338,"html":"<blockquote class=\"wp-embedded-content\" data-secret=\"eElYHepRCs\"><a href=\"http:\/\/denizcankizil.tr\/en\/haberler\/gundem\/meteorolojiden-2024-havasinin-enleri\/\">Meteoroloji&#8217;den 2024 havas\u0131n\u0131n &#8216;en&#8217;leri!<\/a><\/blockquote><iframe sandbox=\"allow-scripts\" security=\"restricted\" src=\"http:\/\/denizcankizil.tr\/en\/haberler\/gundem\/meteorolojiden-2024-havasinin-enleri\/embed\/#?secret=eElYHepRCs\" width=\"600\" height=\"338\" title=\"&#8220;Meteoroloji&#8217;den 2024 havas\u0131n\u0131n &#8216;en&#8217;leri!&#8221; &#8212; Av. Deniz Can K\u0131z\u0131l\" data-secret=\"eElYHepRCs\" frameborder=\"0\" marginwidth=\"0\" marginheight=\"0\" scrolling=\"no\" class=\"wp-embedded-content\"><\/iframe><script>\n\/*! This file is auto-generated *\/\n!function(d,l){\"use strict\";l.querySelector&&d.addEventListener&&\"undefined\"!=typeof URL&&(d.wp=d.wp||{},d.wp.receiveEmbedMessage||(d.wp.receiveEmbedMessage=function(e){var t=e.data;if((t||t.secret||t.message||t.value)&&!\/[^a-zA-Z0-9]\/.test(t.secret)){for(var s,r,n,a=l.querySelectorAll('iframe[data-secret=\"'+t.secret+'\"]'),o=l.querySelectorAll('blockquote[data-secret=\"'+t.secret+'\"]'),c=new RegExp(\"^https?:$\",\"i\"),i=0;i<o.length;i++)o[i].style.display=\"none\";for(i=0;i<a.length;i++)s=a[i],e.source===s.contentWindow&&(s.removeAttribute(\"style\"),\"height\"===t.message?(1e3<(r=parseInt(t.value,10))?r=1e3:~~r<200&&(r=200),s.height=r):\"link\"===t.message&&(r=new URL(s.getAttribute(\"src\")),n=new URL(t.value),c.test(n.protocol))&&n.host===r.host&&l.activeElement===s&&(d.top.location.href=t.value))}},d.addEventListener(\"message\",d.wp.receiveEmbedMessage,!1),l.addEventListener(\"DOMContentLoaded\",function(){for(var e,t,s=l.querySelectorAll(\"iframe.wp-embedded-content\"),r=0;r<s.length;r++)(t=(e=s[r]).getAttribute(\"data-secret\"))||(t=Math.random().toString(36).substring(2,12),e.src+=\"#?secret=\"+t,e.setAttribute(\"data-secret\",t)),e.contentWindow.postMessage({message:\"ready\",secret:t},\"*\")},!1)))}(window,document);\n\/\/# sourceURL=http:\/\/denizcankizil.tr\/wp-includes\/js\/wp-embed.min.js\n<\/script>","description":"\u00c7evre, \u015eehircilik ve \u0130klim De\u011fi\u015fikli\u011fi Bakanl\u0131\u011f\u0131 b\u00fcnyesindeki Meteoroloji Genel M\u00fcd\u00fcrl\u00fc\u011f\u00fc, 2024 y\u0131l\u0131nda T\u00fcrkiye\u2019de ger\u00e7ekle\u015fen meteorolojik rekor verilerini a\u00e7\u0131klad\u0131. En s\u0131cak g\u00fcn 20 Haziran\u2019da 47,8 derece ile \u015eanl\u0131urfa\u2019n\u0131n Ceylanp\u0131nar il\u00e7esinde kaydedildi. En y\u00fcksek kar kal\u0131nl\u0131\u011f\u0131 ise Van\u2019\u0131n Bah\u00e7esaray il\u00e7esi Karabet Tepesi\u2019nde 6 Mart\u2019ta 247 santimetre ile olarak \u00f6l\u00e7\u00fcld\u00fc.ANKARA (\u0130GFA) &#8211; Meteoroloji Genel M\u00fcd\u00fcrl\u00fc\u011f\u00fc \u00fclke genelinde 2 bin 59 g\u00f6zlem istasyonundan ald\u0131\u011f\u0131 verilerle 2024 y\u0131l\u0131nda T\u00fcrkiye\u2019de \u00f6l\u00e7\u00fclen rekor hava de\u011ferlerini a\u00e7\u0131klad\u0131. Buna g\u00f6re y\u0131l\u0131n en s\u0131cak g\u00fcn\u00fc 20 Haziran\u2019da \u015eanl\u0131urfa\u2019n\u0131n Ceylanp\u0131nar il\u00e7esinde 47,8 derece ile ya\u015fand\u0131. \u0130l merkezlerinde \u00f6l\u00e7\u00fclen en y\u00fcksek s\u0131cakl\u0131k de\u011feri ise 12 Haziran\u2019da 44,6 derece ile Ayd\u0131n\u2019da \u00f6l\u00e7\u00fcld\u00fc. Y\u0131l\u0131n en so\u011fuk g\u00fcn\u00fc 29 \u015eubat\u2019ta -34,3 derece ile Ardahan G\u00f6le\u2019de ya\u015fand\u0131. \u0130l merkezlerinde \u00f6l\u00e7\u00fclen en d\u00fc\u015f\u00fck s\u0131cakl\u0131k de\u011feri ise -31,3 derece ile Ardahan\u2019da kaydedildi. \u00a0 EN \u00c7OK YA\u011eMUR ANTALYA\u2019YA D\u00dc\u015eT\u00dc G\u00fcnl\u00fck en y\u00fcksek ya\u011f\u0131\u015f ise 13 \u015eubat\u2019ta Antalya\u2019n\u0131n Kepez il\u00e7esinde metrekareye 297,7 kilogramla ger\u00e7ekle\u015fti. \u0130l merkezlerinde kaydedilen en y\u00fcksek g\u00fcnl\u00fck toplam ya\u011f\u0131\u015f ise yine 13 \u015eubat\u2019ta metrekareye 233,9 kilogramla Antalya\u2019da kaydedildi. En y\u00fcksek kar kal\u0131nl\u0131\u011f\u0131 Van\u2019\u0131n Bah\u00e7esaray il\u00e7esi Karabet Tepesi\u2019nde 6 Mart\u2019ta 247 santimetre ile \u00f6l\u00e7\u00fcld\u00fc. \u0130l merkezleri i\u00e7inde ise en y\u00fcksek kar y\u00fcksekli\u011fi 30 Ocak\u2019ta 132 santimetre ile Bitlis\u2019te kaydedildi. R\u00dcZGAR EN HIZLI TRABZON\u2019DA EST\u0130 R\u00fczgar\u0131n en h\u0131zl\u0131 esti\u011fi &hellip;"}