{"version":"1.0","provider_name":"Av. Deniz Can K\u0131z\u0131l","provider_url":"http:\/\/denizcankizil.tr\/en","author_name":"Antalya K\u00f6rfez","author_url":"http:\/\/denizcankizil.tr\/en\/author\/www-antalyakorfez-com\/","title":"Kurban Bayram\u0131\u2019nda bunu sak\u0131n yapmay\u0131n! Cezas\u0131 \u00e7ok a\u011f\u0131r","type":"rich","width":600,"height":338,"html":"<blockquote class=\"wp-embedded-content\" data-secret=\"izbwDQy0Mc\"><a href=\"http:\/\/denizcankizil.tr\/en\/haberler\/gundem\/kurban-bayraminda-bunu-sakin-yapmayin-cezasi-cok-agir\/\">Kurban Bayram\u0131\u2019nda bunu sak\u0131n yapmay\u0131n! Cezas\u0131 \u00e7ok a\u011f\u0131r<\/a><\/blockquote><iframe sandbox=\"allow-scripts\" security=\"restricted\" src=\"http:\/\/denizcankizil.tr\/en\/haberler\/gundem\/kurban-bayraminda-bunu-sakin-yapmayin-cezasi-cok-agir\/embed\/#?secret=izbwDQy0Mc\" width=\"600\" height=\"338\" title=\"&#8220;Kurban Bayram\u0131\u2019nda bunu sak\u0131n yapmay\u0131n! Cezas\u0131 \u00e7ok a\u011f\u0131r&#8221; &#8212; Av. Deniz Can K\u0131z\u0131l\" data-secret=\"izbwDQy0Mc\" frameborder=\"0\" marginwidth=\"0\" marginheight=\"0\" scrolling=\"no\" class=\"wp-embedded-content\"><\/iframe><script>\n\/*! This file is auto-generated *\/\n!function(d,l){\"use strict\";l.querySelector&&d.addEventListener&&\"undefined\"!=typeof URL&&(d.wp=d.wp||{},d.wp.receiveEmbedMessage||(d.wp.receiveEmbedMessage=function(e){var t=e.data;if((t||t.secret||t.message||t.value)&&!\/[^a-zA-Z0-9]\/.test(t.secret)){for(var s,r,n,a=l.querySelectorAll('iframe[data-secret=\"'+t.secret+'\"]'),o=l.querySelectorAll('blockquote[data-secret=\"'+t.secret+'\"]'),c=new RegExp(\"^https?:$\",\"i\"),i=0;i<o.length;i++)o[i].style.display=\"none\";for(i=0;i<a.length;i++)s=a[i],e.source===s.contentWindow&&(s.removeAttribute(\"style\"),\"height\"===t.message?(1e3<(r=parseInt(t.value,10))?r=1e3:~~r<200&&(r=200),s.height=r):\"link\"===t.message&&(r=new URL(s.getAttribute(\"src\")),n=new URL(t.value),c.test(n.protocol))&&n.host===r.host&&l.activeElement===s&&(d.top.location.href=t.value))}},d.addEventListener(\"message\",d.wp.receiveEmbedMessage,!1),l.addEventListener(\"DOMContentLoaded\",function(){for(var e,t,s=l.querySelectorAll(\"iframe.wp-embedded-content\"),r=0;r<s.length;r++)(t=(e=s[r]).getAttribute(\"data-secret\"))||(t=Math.random().toString(36).substring(2,12),e.src+=\"#?secret=\"+t,e.setAttribute(\"data-secret\",t)),e.contentWindow.postMessage({message:\"ready\",secret:t},\"*\")},!1)))}(window,document);\n\/\/# sourceURL=http:\/\/denizcankizil.tr\/wp-includes\/js\/wp-embed.min.js\n<\/script>","description":"G\u0131da M\u00fchendisleri Odas\u0131 Antalya \u015eube Ba\u015fkan\u0131 Ali Manavo\u011flu, Kurban Bayram\u0131 d\u00f6neminde kesilen hayvanlardan uygunsuz yerlerde ve hijyenik olmayan ko\u015fullarda k\u0131yma \u00e7ekenlerin, vatanda\u015f\u0131n sa\u011fl\u0131\u011f\u0131 ile oynad\u0131\u011f\u0131n\u0131 dile getirdi. Mahalle aralar\u0131nda, seyyar ya da sabit olarak ilgisiz ki\u015filer taraf\u0131ndan, sa\u011fl\u0131k ve hijyen ko\u015fullar\u0131 hi\u00e7e say\u0131larak, k\u0131yma \u00e7ekimi yap\u0131lmas\u0131n\u0131n uygun olmad\u0131\u011f\u0131n\u0131 vurgulayan Manavo\u011flu, temizlik kurallar\u0131n\u0131n ihmal edilmesinin hastal\u0131k yapan ve bozulmaya neden olan mikroorganizmalar\u0131n ete bula\u015fmas\u0131n\u0131 kolayla\u015ft\u0131rd\u0131\u011f\u0131n\u0131 s\u00f6yledi. H\u0130JYEN\u0130K ORTAMLARDA YAPILMASI ZORUNLU Manavo\u011flu, kurban etini d\u00fc\u015f\u00fck maliyetle k\u0131ymaya d\u00f6n\u00fc\u015ft\u00fcrmek isteyenlerin aylarca depo ve bodrumlarda bekletilmi\u015f, bak\u0131m\u0131 ve dezenfeksiyonu yap\u0131lmam\u0131\u015f makinelerle, a\u00e7\u0131k ortamda ka\u00e7ak olarak et i\u015fleyenleri tercih etmemesi gerekti\u011finin alt\u0131n\u0131 \u00e7izdi. Kurban etlerinin par\u00e7alanmas\u0131, muhafazas\u0131, k\u0131yma \u00e7ekiminin hijyenik ortamda yap\u0131lmas\u0131n\u0131n zorunlu oldu\u011funa de\u011finen Manavo\u011flu, kurban vecibesini yerine getiren vatanda\u015flar\u0131n, etlerin par\u00e7alanmas\u0131 ve k\u0131yma \u00e7ekimlerini kasap d\u00fckkanlar\u0131nda yapmas\u0131 y\u00f6n\u00fcnde uyar\u0131da bulundu. \u00c7OK A\u011eIR CEZASI VAR Ge\u00e7en y\u0131llarda &#8216;merdiven alt\u0131&#8217; olarak tabir edilen yerlerde nalbur, berber gibi farkl\u0131 i\u015f kollar\u0131ndaki ki\u015filer ile makinesi olan herhangi birinin sokak aralar\u0131nda k\u0131yma \u00e7ekim i\u015flemi yapmas\u0131na s\u0131k\u00e7a rastland\u0131\u011f\u0131n\u0131 anlatan Manavo\u011flu, &#8220;\u0130zinsiz ve yetkisiz k\u0131yma \u00e7ekimi yap\u0131lmas\u0131nda, yetkisi olmayan ki\u015fiye 21 bin 6 lira, ortam ve hijyen \u015fartlar\u0131 uygun olmad\u0131\u011f\u0131ndan da 42 bin 76 lira ceza uygulan\u0131yor&#8221; dedi. Cezalar\u0131n \u015fikayet \u00fczerine ilgili bakanl\u0131klar ile belediye ekipleri taraf\u0131ndan uyguland\u0131\u011f\u0131 belirtildi. \u200bG\u0131da &hellip;"}