{"version":"1.0","provider_name":"Av. Deniz Can K\u0131z\u0131l","provider_url":"http:\/\/denizcankizil.tr\/en","author_name":"admin","author_url":"http:\/\/denizcankizil.tr\/en\/author\/admin\/","title":"Kocaeli\u2019den Anneler G\u00fcn\u00fc\u2019ne renkli kutlama","type":"rich","width":600,"height":338,"html":"<blockquote class=\"wp-embedded-content\" data-secret=\"tqAF9MLpJj\"><a href=\"http:\/\/denizcankizil.tr\/en\/haberler\/gundem\/kocaeliden-anneler-gunune-renkli-kutlama\/\">Kocaeli\u2019den Anneler G\u00fcn\u00fc\u2019ne renkli kutlama<\/a><\/blockquote><iframe sandbox=\"allow-scripts\" security=\"restricted\" src=\"http:\/\/denizcankizil.tr\/en\/haberler\/gundem\/kocaeliden-anneler-gunune-renkli-kutlama\/embed\/#?secret=tqAF9MLpJj\" width=\"600\" height=\"338\" title=\"&#8220;Kocaeli\u2019den Anneler G\u00fcn\u00fc\u2019ne renkli kutlama&#8221; &#8212; Av. Deniz Can K\u0131z\u0131l\" data-secret=\"tqAF9MLpJj\" frameborder=\"0\" marginwidth=\"0\" marginheight=\"0\" scrolling=\"no\" class=\"wp-embedded-content\"><\/iframe><script>\n\/*! This file is auto-generated *\/\n!function(d,l){\"use strict\";l.querySelector&&d.addEventListener&&\"undefined\"!=typeof URL&&(d.wp=d.wp||{},d.wp.receiveEmbedMessage||(d.wp.receiveEmbedMessage=function(e){var t=e.data;if((t||t.secret||t.message||t.value)&&!\/[^a-zA-Z0-9]\/.test(t.secret)){for(var s,r,n,a=l.querySelectorAll('iframe[data-secret=\"'+t.secret+'\"]'),o=l.querySelectorAll('blockquote[data-secret=\"'+t.secret+'\"]'),c=new RegExp(\"^https?:$\",\"i\"),i=0;i<o.length;i++)o[i].style.display=\"none\";for(i=0;i<a.length;i++)s=a[i],e.source===s.contentWindow&&(s.removeAttribute(\"style\"),\"height\"===t.message?(1e3<(r=parseInt(t.value,10))?r=1e3:~~r<200&&(r=200),s.height=r):\"link\"===t.message&&(r=new URL(s.getAttribute(\"src\")),n=new URL(t.value),c.test(n.protocol))&&n.host===r.host&&l.activeElement===s&&(d.top.location.href=t.value))}},d.addEventListener(\"message\",d.wp.receiveEmbedMessage,!1),l.addEventListener(\"DOMContentLoaded\",function(){for(var e,t,s=l.querySelectorAll(\"iframe.wp-embedded-content\"),r=0;r<s.length;r++)(t=(e=s[r]).getAttribute(\"data-secret\"))||(t=Math.random().toString(36).substring(2,12),e.src+=\"#?secret=\"+t,e.setAttribute(\"data-secret\",t)),e.contentWindow.postMessage({message:\"ready\",secret:t},\"*\")},!1)))}(window,document);\n\/\/# sourceURL=http:\/\/denizcankizil.tr\/wp-includes\/js\/wp-embed.min.js\n<\/script>","description":"Kocaeli B\u00fcy\u00fck\u015fehir Belediyesi\u2019nin d\u00fczenledi\u011fi \u201cBir G\u00fcl\u00fc\u015f\u00fcn Yeter\u201d program\u0131, anlaml\u0131 konu\u015fmalar ve renkli etkinliklerle Anneler G\u00fcn\u00fc\u2019ne damga vurdu.KOCAEL\u0130 (\u0130GFA) &#8211; Kocaeli\u00a0B\u00fcy\u00fck\u015fehir Belediyesi, Anneler G\u00fcn\u00fc\u2019ne \u00f6zel d\u00fczenledi\u011fi \u201cBir G\u00fcl\u00fc\u015f\u00fcn Yeter\u201d program\u0131yla annelere hem duygu dolu hem de e\u011flenceli bir g\u00fcn arma\u011fan etti. Programda yap\u0131lan anlaml\u0131 konu\u015fmalar ve renkli etkinlikler Anneler G\u00fcn\u00fc\u2019ne damga vurdu. ANNELER G\u00dcN\u00dc PROGRAMINA YO\u011eUN \u0130LG\u0130 Kocaeli B\u00fcy\u00fck\u015fehir Belediyesi, Kocaeli Kongre Merkezi\u2019nde d\u00fczenledi\u011fi \u201cBir G\u00fcl\u00fc\u015f\u00fcn Yeter\u201d program\u0131yla Anneler G\u00fcn\u00fc\u2019n\u00fc kutlad\u0131. Bu \u00f6zel programa Kocaeli Valisi \u0130lhami Akta\u015f, Kocaeli B\u00fcy\u00fck\u015fehir Belediye Ba\u015fkan\u0131 Do\u00e7.Dr.Tahir B\u00fcy\u00fckak\u0131n, Aile ve Sosyal Hizmetler \u0130l M\u00fcd\u00fcr\u00fc Kamil T\u00fcyl\u00fco\u011flu, AK Parti Kocaeli \u0130l Ba\u015fkan\u0131 Dr.\u015eahin Talus, Ba\u015fkan B\u00fcy\u00fckak\u0131n\u2019\u0131n annesi Semra B\u00fcy\u00fckak\u0131n, siyasi parti temsilcileri, sivil toplum kurulu\u015flar\u0131 ve vatanda\u015flar kat\u0131ld\u0131. MEKTUPLAR DUYGULANDIRDI Program, sayg\u0131 duru\u015fu ve \u0130stiklal Mar\u015f\u0131\u2019n\u0131n okunmas\u0131n\u0131n ard\u0131ndan \u201cAnneler G\u00fcn\u00fc\u201d temal\u0131 video g\u00f6sterimiyle ba\u015flad\u0131. Daha sonra \u0130l Milli E\u011fitim M\u00fcd\u00fcrl\u00fc\u011f\u00fc i\u015f birli\u011fiyle d\u00fczenlenen \u201cAnneye \u00d6zlem\u201d temal\u0131 mektup yar\u0131\u015fmas\u0131nda dereceye giren mektuplar sahnede okundu. Yar\u0131\u015fmada ilk \u00fc\u00e7e giren Anne \u015eehir Merkezi \u00fcyeleri Saime T\u00fcrkcan, \u015eeng\u00fcl Karl\u0131 Kaya ve T\u00fclay Soydan\u2019a \u00f6d\u00fclleri takdim edildi. \u201cT\u00dcM ANNELER\u0130M\u0130Z\u0130N ELLER\u0130NDEN \u00d6P\u00dcYORUM\u201d Kocaeli Valisi \u0130lhami Akta\u015f, annelerin toplumdaki de\u011ferine vurgu yaparak, \u201cPeygamberimiz (S.A.V.)\u2019in ayaklar\u0131n\u0131n alt\u0131nda cennetin bulundu\u011funu belirtti\u011fi muhterem annelerimizle b\u00f6yle bir programda bulunmaktan mutluluk duyuyorum. Ba\u015fta \u015fehitlerimizin anneleri olmak \u00fczere t\u00fcm &hellip;"}