{"version":"1.0","provider_name":"Av. Deniz Can K\u0131z\u0131l","provider_url":"http:\/\/denizcankizil.tr\/en","author_name":"admin","author_url":"http:\/\/denizcankizil.tr\/en\/author\/admin\/","title":"Kocaeli Adnan Menderes Bulvar\u0131'nda ula\u015f\u0131m a\u011f\u0131 g\u00fc\u00e7lendi","type":"rich","width":600,"height":338,"html":"<blockquote class=\"wp-embedded-content\" data-secret=\"FICyLfptVZ\"><a href=\"http:\/\/denizcankizil.tr\/en\/haberler\/gundem\/kocaeli-adnan-menderes-bulvarinda-ulasim-agi-guclendi\/\">Kocaeli Adnan Menderes Bulvar\u0131&#8217;nda ula\u015f\u0131m a\u011f\u0131 g\u00fc\u00e7lendi<\/a><\/blockquote><iframe sandbox=\"allow-scripts\" security=\"restricted\" src=\"http:\/\/denizcankizil.tr\/en\/haberler\/gundem\/kocaeli-adnan-menderes-bulvarinda-ulasim-agi-guclendi\/embed\/#?secret=FICyLfptVZ\" width=\"600\" height=\"338\" title=\"&#8220;Kocaeli Adnan Menderes Bulvar\u0131&#8217;nda ula\u015f\u0131m a\u011f\u0131 g\u00fc\u00e7lendi&#8221; &#8212; Av. Deniz Can K\u0131z\u0131l\" data-secret=\"FICyLfptVZ\" frameborder=\"0\" marginwidth=\"0\" marginheight=\"0\" scrolling=\"no\" class=\"wp-embedded-content\"><\/iframe><script>\n\/*! This file is auto-generated *\/\n!function(d,l){\"use strict\";l.querySelector&&d.addEventListener&&\"undefined\"!=typeof URL&&(d.wp=d.wp||{},d.wp.receiveEmbedMessage||(d.wp.receiveEmbedMessage=function(e){var t=e.data;if((t||t.secret||t.message||t.value)&&!\/[^a-zA-Z0-9]\/.test(t.secret)){for(var s,r,n,a=l.querySelectorAll('iframe[data-secret=\"'+t.secret+'\"]'),o=l.querySelectorAll('blockquote[data-secret=\"'+t.secret+'\"]'),c=new RegExp(\"^https?:$\",\"i\"),i=0;i<o.length;i++)o[i].style.display=\"none\";for(i=0;i<a.length;i++)s=a[i],e.source===s.contentWindow&&(s.removeAttribute(\"style\"),\"height\"===t.message?(1e3<(r=parseInt(t.value,10))?r=1e3:~~r<200&&(r=200),s.height=r):\"link\"===t.message&&(r=new URL(s.getAttribute(\"src\")),n=new URL(t.value),c.test(n.protocol))&&n.host===r.host&&l.activeElement===s&&(d.top.location.href=t.value))}},d.addEventListener(\"message\",d.wp.receiveEmbedMessage,!1),l.addEventListener(\"DOMContentLoaded\",function(){for(var e,t,s=l.querySelectorAll(\"iframe.wp-embedded-content\"),r=0;r<s.length;r++)(t=(e=s[r]).getAttribute(\"data-secret\"))||(t=Math.random().toString(36).substring(2,12),e.src+=\"#?secret=\"+t,e.setAttribute(\"data-secret\",t)),e.contentWindow.postMessage({message:\"ready\",secret:t},\"*\")},!1)))}(window,document);\n\/\/# sourceURL=http:\/\/denizcankizil.tr\/wp-includes\/js\/wp-embed.min.js\n<\/script>","description":"Kocaeli B\u00fcy\u00fck\u015fehir, Adnan Menderes Bulvar\u0131 ile sokak ba\u011flant\u0131lar\u0131nda ger\u00e7ekle\u015ftirdi\u011fi \u00e7al\u0131\u015fmalarda \u00f6nemli a\u015fama kaydetti.KOCAEL\u0130 (\u0130GFA) &#8211;\u00a0Kocaeli\u2019de yol geni\u015fletme \u00e7al\u0131\u015fmalar\u0131ndan k\u00f6pr\u00fc ve kav\u015fak yat\u0131r\u0131mlar\u0131na kadar bir\u00e7ok projeyi hayata ge\u00e7iren B\u00fcy\u00fck\u015fehir Belediyesi, mevcut yollar\u0131 da daha konforlu hale getiriyor. Bu kapsamda Adnan Menderes Bulvar\u0131\u2019nda ger\u00e7ekle\u015ftirilen \u00e7al\u0131\u015fmalarla b\u00f6lgenin ula\u015f\u0131m a\u011f\u0131 g\u00fc\u00e7lendirildi. YOL VE \u00c7EVRE D\u00dcZENLEMES\u0130 Kocaeli B\u00fcy\u00fck\u015fehir Belediyesi, \u0130zmit Adnan Menderes Bulvar\u0131 ile sokak ba\u011flant\u0131lar\u0131nda ger\u00e7ekle\u015ftirdi\u011fi yol yap\u0131m ve \u00e7evre d\u00fczenlemesi \u00e7al\u0131\u015fmalar\u0131yla b\u00f6lgenin ula\u015f\u0131m a\u011f\u0131n\u0131 g\u00fc\u00e7lendiriyor. Hummal\u0131 bir \u00e7al\u0131\u015fman\u0131n y\u00fcr\u00fct\u00fcld\u00fc\u011f\u00fc b\u00f6lgede B\u00fcy\u00fck\u015fehir ekipleri son imalatlar\u0131 ger\u00e7ekle\u015ftiriyor. \u0130zmit Adnan Menderes Bulvar\u0131 ve devam\u0131ndaki Ku\u015fak Sokak ile bu yola ba\u011fl\u0131 sokaklarda yol ve \u00e7evre d\u00fczenlemesi i\u015flerini ger\u00e7ekle\u015ftiren B\u00fcy\u00fck\u015fehir, b\u00f6lgede bir\u00e7ok imalat\u0131 tamamlad\u0131. B\u00d6LGEDE YAPILAN \u0130MALATLAR Yeni\u015fehir, Mehmet Ali Pa\u015fa, Bekirdere ve 28 Haziran Mahalleri s\u0131n\u0131rlar\u0131 i\u00e7erisindeki bulvar ve sokaklarda i\u015f yap\u0131lan k\u0131s\u0131m 3.1 km uzunlu\u011fa sahip.\u00a0Proje kapsam\u0131ndaki Ku\u015fak Sokak ile kesi\u015fen 14 adet soka\u011f\u0131n (Ba\u015faran Cd. Melik Sk. \u015eirinler Sk. \u00c7e\u015fme Sk. Kaynak Sk. Eminler Sk. Orbay Sk. Sefa Sk. Dervi\u015f Sk. Ayd\u0131nl\u0131 Sk. Uysal Sk. Berfin Sk. \u015eevketbey Sk. H\u00fcrrem Sk.) ara ba\u011flant\u0131 asfaltlama \u00e7al\u0131\u015fmalar\u0131, Gazi Mustafa Kemal Bulvar\u0131\u2019ndan \u015eehir Hastanesi Kav\u015fa\u011f\u0131\u2019na kadar a\u015f\u0131nma asfalt imalat\u0131 yap\u0131ld\u0131. Ayr\u0131ca; Malta ile Ye\u015filova Mahallelerini tramvay hatt\u0131 ve \u015eehir Hastanesi\u2019ne yaya ba\u011flant\u0131lar\u0131n\u0131 sa\u011flamak amac\u0131yla Fizik Tedavi Merkezi \u00f6n\u00fcnde &hellip;"}