{"version":"1.0","provider_name":"Av. Deniz Can K\u0131z\u0131l","provider_url":"http:\/\/denizcankizil.tr\/en","author_name":"Antalya K\u00f6rfez","author_url":"http:\/\/denizcankizil.tr\/en\/author\/www-antalyakorfez-com\/","title":"K\u0131rm\u0131z\u0131ya boyay\u0131n da bilelim","type":"rich","width":600,"height":338,"html":"<blockquote class=\"wp-embedded-content\" data-secret=\"WyFhkAmXjc\"><a href=\"http:\/\/denizcankizil.tr\/en\/haberler\/gundem\/kirmiziya-boyayin-da-bilelim\/\">K\u0131rm\u0131z\u0131ya boyay\u0131n da bilelim<\/a><\/blockquote><iframe sandbox=\"allow-scripts\" security=\"restricted\" src=\"http:\/\/denizcankizil.tr\/en\/haberler\/gundem\/kirmiziya-boyayin-da-bilelim\/embed\/#?secret=WyFhkAmXjc\" width=\"600\" height=\"338\" title=\"&#8220;K\u0131rm\u0131z\u0131ya boyay\u0131n da bilelim&#8221; &#8212; Av. Deniz Can K\u0131z\u0131l\" data-secret=\"WyFhkAmXjc\" frameborder=\"0\" marginwidth=\"0\" marginheight=\"0\" scrolling=\"no\" class=\"wp-embedded-content\"><\/iframe><script>\n\/*! This file is auto-generated *\/\n!function(d,l){\"use strict\";l.querySelector&&d.addEventListener&&\"undefined\"!=typeof URL&&(d.wp=d.wp||{},d.wp.receiveEmbedMessage||(d.wp.receiveEmbedMessage=function(e){var t=e.data;if((t||t.secret||t.message||t.value)&&!\/[^a-zA-Z0-9]\/.test(t.secret)){for(var s,r,n,a=l.querySelectorAll('iframe[data-secret=\"'+t.secret+'\"]'),o=l.querySelectorAll('blockquote[data-secret=\"'+t.secret+'\"]'),c=new RegExp(\"^https?:$\",\"i\"),i=0;i<o.length;i++)o[i].style.display=\"none\";for(i=0;i<a.length;i++)s=a[i],e.source===s.contentWindow&&(s.removeAttribute(\"style\"),\"height\"===t.message?(1e3<(r=parseInt(t.value,10))?r=1e3:~~r<200&&(r=200),s.height=r):\"link\"===t.message&&(r=new URL(s.getAttribute(\"src\")),n=new URL(t.value),c.test(n.protocol))&&n.host===r.host&&l.activeElement===s&&(d.top.location.href=t.value))}},d.addEventListener(\"message\",d.wp.receiveEmbedMessage,!1),l.addEventListener(\"DOMContentLoaded\",function(){for(var e,t,s=l.querySelectorAll(\"iframe.wp-embedded-content\"),r=0;r<s.length;r++)(t=(e=s[r]).getAttribute(\"data-secret\"))||(t=Math.random().toString(36).substring(2,12),e.src+=\"#?secret=\"+t,e.setAttribute(\"data-secret\",t)),e.contentWindow.postMessage({message:\"ready\",secret:t},\"*\")},!1)))}(window,document);\n\/\/# sourceURL=http:\/\/denizcankizil.tr\/wp-includes\/js\/wp-embed.min.js\n<\/script>","description":"Bug\u00fcn, Kurban Bayram\u0131\u2019n\u0131n ikinci g\u00fcn\u00fc. Bu vesile ile herkesin bayram\u0131n\u0131 evvelemirde bir kutlayal\u0131m. Eskilerin deyimi ile, \u00fczerimize farz olan Tanr\u0131 selam\u0131n\u0131 iletirken, b\u00fcy\u00fcklerin ellerinden k\u00fc\u00e7\u00fcklerinde g\u00f6zlerinden \u00f6pmeyi de eksik etmeyelim. Bayram nedeni ile insanlar birbiri ile ileti\u015fime ge\u00e7meyi, e\u011fer m\u00fcmk\u00fcnse de yan yana gelmeyi tercih ederler, ki sosyalle\u015fmenin en \u00f6nemli ara\u00e7lar\u0131ndan birisidir bayram. Bu yan yana gelme durumu da insanlar\u0131n ula\u015f\u0131m ihtiyac\u0131n\u0131 a\u00e7\u0131\u011fa \u00e7\u0131kar\u0131r. Bayram ya da ba\u015fka nedenlerle ula\u015f\u0131m, en temel insan haklar\u0131ndan birisi olarak tan\u0131mlan\u0131r ve bunun sa\u011flanmas\u0131 g\u00f6revi, normalde, devlete verilir. Sonu\u00e7ta devlet bir organizasyon kurumudur ve ula\u015f\u0131m da bu organizasyonlar\u0131n ba\u015f\u0131nda gelir. \u015eehir i\u00e7inde de bu g\u00f6rev, devlet yap\u0131lanmas\u0131n\u0131n bir par\u00e7as\u0131 olan belediyelere verilmi\u015ftir. Belediyeler, \u015fehir i\u00e7i ula\u015f\u0131m\u0131 sa\u011flamakla m\u00fckelleftir. Gel g\u00f6r ki, Turgut \u00d6zal\u2019\u0131n \u2018\u00f6zelle\u015ftirme\u2019 \u00e7\u0131lg\u0131nl\u0131\u011f\u0131 \u00f6nce belediyelerden ba\u015flam\u0131\u015f, bunda da ilk s\u0131rada ula\u015f\u0131m yer alm\u0131\u015ft\u0131r. Bu politikan\u0131n sonucunda da hayat\u0131m\u0131za \u2018\u00f6zel halk otob\u00fcs\u00fc\u2019 denen ucube sistem girmi\u015ftir. Antalya\u2019da da bu sistemi ba\u015flatan, ne yaz\u0131k ki, Hasan Suba\u015f\u0131 olmu\u015ftur. \u00d6zel halk otob\u00fcslerinde, ad\u0131 \u00fczerinde \u2018\u00f6zel\u2019 olunca, \u00f6ncelik kamu yarar\u0131 de\u011fil, otob\u00fcs sahiplerinin k\u00e2r\u0131 olmas\u0131 kadar do\u011fal bir \u015fey yoktur. Belediyeler de ula\u015f\u0131m\u0131 \u00f6zelle\u015ftirerek bir y\u00fck\u00fc s\u0131rtlar\u0131ndan atm\u0131\u015f ama ayn\u0131 y\u00fck\u00fc halk\u0131n s\u0131rt\u0131na y\u00fcklemi\u015ftir. Antalya\u2019ya gelecek olursak, bundan \u00fc\u00e7 y\u0131l \u00f6nce B\u00fcy\u00fck\u015fehir Belediye Ba\u015fkan\u0131 Muhittin B\u00f6cek, &hellip;"}