{"version":"1.0","provider_name":"Av. Deniz Can K\u0131z\u0131l","provider_url":"http:\/\/denizcankizil.tr\/en","author_name":"admin","author_url":"http:\/\/denizcankizil.tr\/en\/author\/admin\/","title":"Kemal Kutlu: \u201cT\u00fcrk Denizcili\u011fi Geli\u015fiyor, Hedef \u0130lk 10\u201d","type":"rich","width":600,"height":338,"html":"<blockquote class=\"wp-embedded-content\" data-secret=\"Lm7gDKL0nu\"><a href=\"http:\/\/denizcankizil.tr\/en\/haberler\/gundem\/kemal-kutlu-turk-denizciligi-gelisiyor-hedef-ilk-10\/\">Kemal Kutlu: \u201cT\u00fcrk Denizcili\u011fi Geli\u015fiyor, Hedef \u0130lk 10\u201d<\/a><\/blockquote><iframe sandbox=\"allow-scripts\" security=\"restricted\" src=\"http:\/\/denizcankizil.tr\/en\/haberler\/gundem\/kemal-kutlu-turk-denizciligi-gelisiyor-hedef-ilk-10\/embed\/#?secret=Lm7gDKL0nu\" width=\"600\" height=\"338\" title=\"&#8220;Kemal Kutlu: \u201cT\u00fcrk Denizcili\u011fi Geli\u015fiyor, Hedef \u0130lk 10\u201d&#8221; &#8212; Av. Deniz Can K\u0131z\u0131l\" data-secret=\"Lm7gDKL0nu\" frameborder=\"0\" marginwidth=\"0\" marginheight=\"0\" scrolling=\"no\" class=\"wp-embedded-content\"><\/iframe><script>\n\/*! This file is auto-generated *\/\n!function(d,l){\"use strict\";l.querySelector&&d.addEventListener&&\"undefined\"!=typeof URL&&(d.wp=d.wp||{},d.wp.receiveEmbedMessage||(d.wp.receiveEmbedMessage=function(e){var t=e.data;if((t||t.secret||t.message||t.value)&&!\/[^a-zA-Z0-9]\/.test(t.secret)){for(var s,r,n,a=l.querySelectorAll('iframe[data-secret=\"'+t.secret+'\"]'),o=l.querySelectorAll('blockquote[data-secret=\"'+t.secret+'\"]'),c=new RegExp(\"^https?:$\",\"i\"),i=0;i<o.length;i++)o[i].style.display=\"none\";for(i=0;i<a.length;i++)s=a[i],e.source===s.contentWindow&&(s.removeAttribute(\"style\"),\"height\"===t.message?(1e3<(r=parseInt(t.value,10))?r=1e3:~~r<200&&(r=200),s.height=r):\"link\"===t.message&&(r=new URL(s.getAttribute(\"src\")),n=new URL(t.value),c.test(n.protocol))&&n.host===r.host&&l.activeElement===s&&(d.top.location.href=t.value))}},d.addEventListener(\"message\",d.wp.receiveEmbedMessage,!1),l.addEventListener(\"DOMContentLoaded\",function(){for(var e,t,s=l.querySelectorAll(\"iframe.wp-embedded-content\"),r=0;r<s.length;r++)(t=(e=s[r]).getAttribute(\"data-secret\"))||(t=Math.random().toString(36).substring(2,12),e.src+=\"#?secret=\"+t,e.setAttribute(\"data-secret\",t)),e.contentWindow.postMessage({message:\"ready\",secret:t},\"*\")},!1)))}(window,document);\n\/\/# sourceURL=http:\/\/denizcankizil.tr\/wp-includes\/js\/wp-embed.min.js\n<\/script>","description":"1926\u2019da y\u00fcr\u00fcrl\u00fc\u011fe giren Kabotaj Kanunu ile birlikte T\u00fcrkiye&#8217;nin denizlerdeki egemenli\u011fini kazand\u0131\u011f\u0131n\u0131, 1936 Montr\u00f6 S\u00f6zle\u015fmesi ile bu egemenli\u011fin daha da g\u00fc\u00e7lendi\u011fini vurgulayan Ba\u015fkan Kemal Kutlu, Atat\u00fcrk\u2019\u00fcn 1937 y\u0131l\u0131nda denizcili\u011fi T\u00fcrk milletinin bir \u00fclk\u00fcs\u00fc olmas\u0131 gerekti\u011fini ve bu alanda kalk\u0131nman\u0131n \u00f6nemini i\u015faret eti\u011fini hat\u0131rlatt\u0131. Atat\u00fcrk\u2019\u00fcn ayn\u0131 zamanda denizcili\u011fin yaln\u0131zca bir ula\u015f\u0131m y\u00f6ntemi de\u011fil, ayn\u0131 zamanda iktisadi bir kalk\u0131nma modeli oldu\u011funun da alt\u0131n\u0131 \u00e7izdi\u011fini kaydeden Ba\u015fkan Kutlu \u201cTersane yap\u0131m\u0131, gemiler, limanlar, iskeleler, deniz sporlar\u0131 kul\u00fcpleri yaparak geli\u015ftirin demektedir. \u00dc\u00e7 taraf\u0131 deniz olan bir ulusun s\u0131n\u0131rlar\u0131n\u0131 halk\u0131n kudreti belirler\u2019 demekte, bu \u015fu an g\u00fcndemimizde olan mavi vatan\u0131 tarif etmektedir\u201d diye konu\u015ftu. \u201cDEN\u0130ZC\u0130L\u0130\u011e\u0130 STRATEJ\u0130K B\u0130R ALAN OLARAK G\u00d6RMEL\u0130Y\u0130Z\u201d Denizcilik altyap\u0131s\u0131n\u0131n son y\u0131llarda \u00f6nemli oranda geli\u015fti\u011fini belirten Ba\u015fkan Kutlu, 1923 de 65.000 DWT olan T\u00fcrk sahipli gemi filosunun 53 milyon DWT&#8217;ye (deadweight ton) ula\u015ft\u0131\u011f\u0131n\u0131 ve d\u00fcnya s\u0131ralamas\u0131nda 11. basama\u011fa y\u00fckseldi\u011fini, ama\u00e7lar\u0131n\u0131n, ilk 10\u2019a girerek d\u00fcnya deniz ticaretinden daha fazla pay almak oldu\u011funu kaydetti. Bug\u00fcn d\u00fcnyada y\u0131ll\u0131k 12,5 milyar tonluk y\u00fck ta\u015f\u0131mac\u0131l\u0131\u011f\u0131 ger\u00e7ekle\u015fti\u011fini ve bunun yakla\u015f\u0131k 530 milyon tonunun T\u00fcrkiye\u2019de elle\u00e7lendi\u011fini aktaran ba\u015fkan Kutlu, bu y\u00fck\u00fcn 120 milyon tonunun \u0130skenderun K\u00f6rfezi\u2019nden ge\u00e7ti\u011fini ifade etti. \u0130skenderun\u2019un konteyner ta\u015f\u0131mac\u0131l\u0131\u011f\u0131ndaki pay\u0131n\u0131n h\u00e2l\u00e2 d\u00fc\u015f\u00fck oldu\u011funu da vurgulayan Kutlu \u201cS\u00f6z konusu y\u00fckler T\u00fcrkiye\u2019de 185 adede ula\u015fan Liman ve \u0130skelelerde elle\u00e7lenmektedir. Bal\u0131k\u00e7\u0131 Bar\u0131naklar\u0131m\u0131z\u0131n &hellip;","thumbnail_url":"https:\/\/iskenderunorg.teimg.com\/iskenderun-org\/uploads\/2025\/07\/2025\/07\/kemal-kutlu.jpg"}