{"version":"1.0","provider_name":"Av. Deniz Can K\u0131z\u0131l","provider_url":"http:\/\/denizcankizil.tr\/en","author_name":"Av. Deniz Can K\u0131z\u0131l","author_url":"http:\/\/denizcankizil.tr\/en","title":"Karnede Ba\u015far\u0131y\u0131 Yakalayan \u00d6\u011frenciler \u2018K\u0131\u015f Kamp\u0131\u2019nda\u2026","type":"rich","width":600,"height":338,"html":"<blockquote class=\"wp-embedded-content\" data-secret=\"sBL4QLs4YP\"><a href=\"http:\/\/denizcankizil.tr\/en\/haberler\/gundem\/karnede-basariyi-yakalayan-ogrenciler-kis-kampinda\/\">Karnede Ba\u015far\u0131y\u0131 Yakalayan \u00d6\u011frenciler \u2018K\u0131\u015f Kamp\u0131\u2019nda\u2026<\/a><\/blockquote><iframe sandbox=\"allow-scripts\" security=\"restricted\" src=\"http:\/\/denizcankizil.tr\/en\/haberler\/gundem\/karnede-basariyi-yakalayan-ogrenciler-kis-kampinda\/embed\/#?secret=sBL4QLs4YP\" width=\"600\" height=\"338\" title=\"&#8220;Karnede Ba\u015far\u0131y\u0131 Yakalayan \u00d6\u011frenciler \u2018K\u0131\u015f Kamp\u0131\u2019nda\u2026&#8221; &#8212; Av. Deniz Can K\u0131z\u0131l\" data-secret=\"sBL4QLs4YP\" frameborder=\"0\" marginwidth=\"0\" marginheight=\"0\" scrolling=\"no\" class=\"wp-embedded-content\"><\/iframe><script>\n\/*! This file is auto-generated *\/\n!function(d,l){\"use strict\";l.querySelector&&d.addEventListener&&\"undefined\"!=typeof URL&&(d.wp=d.wp||{},d.wp.receiveEmbedMessage||(d.wp.receiveEmbedMessage=function(e){var t=e.data;if((t||t.secret||t.message||t.value)&&!\/[^a-zA-Z0-9]\/.test(t.secret)){for(var s,r,n,a=l.querySelectorAll('iframe[data-secret=\"'+t.secret+'\"]'),o=l.querySelectorAll('blockquote[data-secret=\"'+t.secret+'\"]'),c=new RegExp(\"^https?:$\",\"i\"),i=0;i<o.length;i++)o[i].style.display=\"none\";for(i=0;i<a.length;i++)s=a[i],e.source===s.contentWindow&&(s.removeAttribute(\"style\"),\"height\"===t.message?(1e3<(r=parseInt(t.value,10))?r=1e3:~~r<200&&(r=200),s.height=r):\"link\"===t.message&&(r=new URL(s.getAttribute(\"src\")),n=new URL(t.value),c.test(n.protocol))&&n.host===r.host&&l.activeElement===s&&(d.top.location.href=t.value))}},d.addEventListener(\"message\",d.wp.receiveEmbedMessage,!1),l.addEventListener(\"DOMContentLoaded\",function(){for(var e,t,s=l.querySelectorAll(\"iframe.wp-embedded-content\"),r=0;r<s.length;r++)(t=(e=s[r]).getAttribute(\"data-secret\"))||(t=Math.random().toString(36).substring(2,12),e.src+=\"#?secret=\"+t,e.setAttribute(\"data-secret\",t)),e.contentWindow.postMessage({message:\"ready\",secret:t},\"*\")},!1)))}(window,document);\n\/\/# sourceURL=http:\/\/denizcankizil.tr\/wp-includes\/js\/wp-embed.min.js\n<\/script>","description":"\u201cBa\u015far\u0131l\u0131 \u00d6\u011frencilerimize Tatil Bizden\u201d slogan\u0131yla il\u00e7e genelindeki liselerde e\u011fitim g\u00f6ren \u00f6\u011frencileri \u00c7anakkale Do\u011fa ve Tarih Kamp\u0131\u2019na davet eden Zeytinburnu Gen\u00e7lik Merkezi (ZEYGEM), ders notlar\u0131 y\u00fcksek \u00f6\u011frencilere ilk yar\u0131y\u0131l\u0131n stresini \u00fczerinden atmalar\u0131 i\u00e7in r\u00fcya gibi bir s\u00f6mestr tatili vaat ediyor. \u200b\u201cBa\u015far\u0131l\u0131 \u00d6\u011frencilerimize Tatil Bizden\u201d slogan\u0131yla il\u00e7e genelindeki liselerde e\u011fitim g\u00f6ren \u00f6\u011frencileri \u00c7anakkale Do\u011fa ve Tarih Kamp\u0131\u2019na davet eden Zeytinburnu Gen\u00e7lik Merkezi (ZEYGEM), ders notlar\u0131 y\u00fcksek \u00f6\u011frencilere ilk yar\u0131y\u0131l\u0131n stresini \u00fczerinden atmalar\u0131 i\u00e7in r\u00fcya gibi bir s\u00f6mestr tatili vaat ediyor.\u00a0 \u200bHaberin Al\u0131nt\u0131land\u0131\u011f\u0131 Kaynak: www.iskenderun.org"}