{"version":"1.0","provider_name":"Av. Deniz Can K\u0131z\u0131l","provider_url":"http:\/\/denizcankizil.tr\/en","author_name":"admin","author_url":"http:\/\/denizcankizil.tr\/en\/author\/admin\/","title":"Kaps\u00fcll\u00fc ATMACA deniz alt\u0131ndan da hedefi \u015fa\u015f\u0131rm\u0131yor!","type":"rich","width":600,"height":338,"html":"<blockquote class=\"wp-embedded-content\" data-secret=\"VhPYJ4Z3Di\"><a href=\"http:\/\/denizcankizil.tr\/en\/haberler\/gundem\/kapsullu-atmaca-deniz-altindan-da-hedefi-sasirmiyor\/\">Kaps\u00fcll\u00fc ATMACA deniz alt\u0131ndan da hedefi \u015fa\u015f\u0131rm\u0131yor!<\/a><\/blockquote><iframe sandbox=\"allow-scripts\" security=\"restricted\" src=\"http:\/\/denizcankizil.tr\/en\/haberler\/gundem\/kapsullu-atmaca-deniz-altindan-da-hedefi-sasirmiyor\/embed\/#?secret=VhPYJ4Z3Di\" width=\"600\" height=\"338\" title=\"&#8220;Kaps\u00fcll\u00fc ATMACA deniz alt\u0131ndan da hedefi \u015fa\u015f\u0131rm\u0131yor!&#8221; &#8212; Av. Deniz Can K\u0131z\u0131l\" data-secret=\"VhPYJ4Z3Di\" frameborder=\"0\" marginwidth=\"0\" marginheight=\"0\" scrolling=\"no\" class=\"wp-embedded-content\"><\/iframe><script>\n\/*! This file is auto-generated *\/\n!function(d,l){\"use strict\";l.querySelector&&d.addEventListener&&\"undefined\"!=typeof URL&&(d.wp=d.wp||{},d.wp.receiveEmbedMessage||(d.wp.receiveEmbedMessage=function(e){var t=e.data;if((t||t.secret||t.message||t.value)&&!\/[^a-zA-Z0-9]\/.test(t.secret)){for(var s,r,n,a=l.querySelectorAll('iframe[data-secret=\"'+t.secret+'\"]'),o=l.querySelectorAll('blockquote[data-secret=\"'+t.secret+'\"]'),c=new RegExp(\"^https?:$\",\"i\"),i=0;i<o.length;i++)o[i].style.display=\"none\";for(i=0;i<a.length;i++)s=a[i],e.source===s.contentWindow&&(s.removeAttribute(\"style\"),\"height\"===t.message?(1e3<(r=parseInt(t.value,10))?r=1e3:~~r<200&&(r=200),s.height=r):\"link\"===t.message&&(r=new URL(s.getAttribute(\"src\")),n=new URL(t.value),c.test(n.protocol))&&n.host===r.host&&l.activeElement===s&&(d.top.location.href=t.value))}},d.addEventListener(\"message\",d.wp.receiveEmbedMessage,!1),l.addEventListener(\"DOMContentLoaded\",function(){for(var e,t,s=l.querySelectorAll(\"iframe.wp-embedded-content\"),r=0;r<s.length;r++)(t=(e=s[r]).getAttribute(\"data-secret\"))||(t=Math.random().toString(36).substring(2,12),e.src+=\"#?secret=\"+t,e.setAttribute(\"data-secret\",t)),e.contentWindow.postMessage({message:\"ready\",secret:t},\"*\")},!1)))}(window,document);\n\/\/# sourceURL=http:\/\/denizcankizil.tr\/wp-includes\/js\/wp-embed.min.js\n<\/script>","description":"Savunma Sanayii Ba\u015fkan\u0131 Prof. Dr. Haluk G\u00f6rg\u00fcn, Mavi Vatan\u2019\u0131n \u00e7elik k\u0131l\u0131c\u0131 ATMACA, art\u0131k denizlerin alt\u0131ndan da hedefini vuraca\u011f\u0131n\u0131 a\u00e7\u0131klad\u0131.ANKARA (\u0130GFA) &#8211; T\u00fcrk savunma sanayii, karada, havada ve denizde tam ba\u011f\u0131ms\u0131z yar\u0131nlar i\u00e7in ilerliyor. D\u00fcnyada say\u0131l\u0131 \u00fclkenin sahip oldu\u011fu su alt\u0131ndan G\u00fcd\u00fcml\u00fc Mermi At\u0131\u015f kabiliyeti, bug\u00fcnk\u00fc ATMACA at\u0131\u015f\u0131 ile do\u011fruland\u0131. Geli\u015fmeyi Savunma Sanayii Ba\u015fkan\u0131 Prof. Dr. Haluk G\u00f6rg\u00fcn, sosyal medya hesab\u0131ndan payla\u015ft\u0131. Mavi Vatan\u2019\u0131n \u00e7elik k\u0131l\u0131c\u0131 ATMACA, art\u0131k denizlerin alt\u0131ndan da hedefini vuracak! ????????D\u00fcnyada say\u0131l\u0131 \u00fclkenin sahip oldu\u011fu su alt\u0131ndan G\u00fcd\u00fcml\u00fc Mermi At\u0131\u015f kabiliyetini, bug\u00fcnk\u00fc ATMACA at\u0131\u015f\u0131 ile do\u011frulam\u0131\u015f olduk. Denizalt\u0131ndan ate\u015flenen ATMACA, ba\u015far\u0131yla u\u00e7u\u015funu ger\u00e7ekle\u015ftirdi.\u2026 pic.twitter.com\/9MSXbQncU6\u2014 Prof. Dr. Haluk G\u00f6rg\u00fcn (@halukgorgun) March 12, 2025 Prof. G\u00f6rg\u00fcn, denizalt\u0131ndan ate\u015flenen ATMACA&#8217;n\u0131n ba\u015far\u0131yla u\u00e7u\u015funu ger\u00e7ekle\u015ftirdi\u011fini belirterek, &#8220;Bu b\u00fcy\u00fck ba\u015far\u0131da eme\u011fi ge\u00e7en Ba\u015fta Deniz Kuvvetleri Komutan\u0131m\u0131z Oramiral Erc\u00fcment Tatl\u0131o\u011flu olmak \u00fczere, Deniz Kuvvetleri Komutanl\u0131\u011f\u0131\u2019m\u0131z\u0131n k\u0131ymetli personeline, Roketsan\u2019\u0131m\u0131za, Ba\u015fkanl\u0131\u011f\u0131m\u0131z personeline, m\u00fchendislerimize, teknisyenlerimize ve t\u00fcm alt y\u00fcklenicilerimize te\u015fekk\u00fcr ediyorum. T\u00fcrk savunma sanayii, karada, havada ve denizde tam ba\u011f\u0131ms\u0131z yar\u0131nlar i\u00e7in ilerliyor&#8221; dedi. \u200bSavunma Sanayii Ba\u015fkan\u0131 Prof. Dr. Haluk G\u00f6rg\u00fcn, Mavi Vatan\u2019\u0131n \u00e7elik k\u0131l\u0131c\u0131 ATMACA, art\u0131k denizlerin alt\u0131ndan da hedefini vuraca\u011f\u0131n\u0131 a\u00e7\u0131klad\u0131.ANKARA (\u0130GFA) &#8211; T\u00fcrk savunma sanayii, karada, havada ve denizde tam ba\u011f\u0131ms\u0131z yar\u0131nlar i\u00e7in ilerliyor. D\u00fcnyada say\u0131l\u0131 \u00fclkenin sahip oldu\u011fu su alt\u0131ndan G\u00fcd\u00fcml\u00fc Mermi At\u0131\u015f kabiliyeti, &hellip;"}