{"version":"1.0","provider_name":"Av. Deniz Can K\u0131z\u0131l","provider_url":"http:\/\/denizcankizil.tr\/en","author_name":"Av. Deniz Can K\u0131z\u0131l","author_url":"http:\/\/denizcankizil.tr\/en","title":"Kad\u0131n Cinayetlerini Durduraca\u011f\u0131z Platformundan a\u00e7\u0131klama","type":"rich","width":600,"height":338,"html":"<blockquote class=\"wp-embedded-content\" data-secret=\"cwQWZMCu6h\"><a href=\"http:\/\/denizcankizil.tr\/en\/haberler\/gundem\/kadin-cinayetlerini-durduracagiz-platformundan-aciklama\/\">Kad\u0131n Cinayetlerini Durduraca\u011f\u0131z Platformundan a\u00e7\u0131klama<\/a><\/blockquote><iframe sandbox=\"allow-scripts\" security=\"restricted\" src=\"http:\/\/denizcankizil.tr\/en\/haberler\/gundem\/kadin-cinayetlerini-durduracagiz-platformundan-aciklama\/embed\/#?secret=cwQWZMCu6h\" width=\"600\" height=\"338\" title=\"&#8220;Kad\u0131n Cinayetlerini Durduraca\u011f\u0131z Platformundan a\u00e7\u0131klama&#8221; &#8212; Av. Deniz Can K\u0131z\u0131l\" data-secret=\"cwQWZMCu6h\" frameborder=\"0\" marginwidth=\"0\" marginheight=\"0\" scrolling=\"no\" class=\"wp-embedded-content\"><\/iframe><script>\n\/*! This file is auto-generated *\/\n!function(d,l){\"use strict\";l.querySelector&&d.addEventListener&&\"undefined\"!=typeof URL&&(d.wp=d.wp||{},d.wp.receiveEmbedMessage||(d.wp.receiveEmbedMessage=function(e){var t=e.data;if((t||t.secret||t.message||t.value)&&!\/[^a-zA-Z0-9]\/.test(t.secret)){for(var s,r,n,a=l.querySelectorAll('iframe[data-secret=\"'+t.secret+'\"]'),o=l.querySelectorAll('blockquote[data-secret=\"'+t.secret+'\"]'),c=new RegExp(\"^https?:$\",\"i\"),i=0;i<o.length;i++)o[i].style.display=\"none\";for(i=0;i<a.length;i++)s=a[i],e.source===s.contentWindow&&(s.removeAttribute(\"style\"),\"height\"===t.message?(1e3<(r=parseInt(t.value,10))?r=1e3:~~r<200&&(r=200),s.height=r):\"link\"===t.message&&(r=new URL(s.getAttribute(\"src\")),n=new URL(t.value),c.test(n.protocol))&&n.host===r.host&&l.activeElement===s&&(d.top.location.href=t.value))}},d.addEventListener(\"message\",d.wp.receiveEmbedMessage,!1),l.addEventListener(\"DOMContentLoaded\",function(){for(var e,t,s=l.querySelectorAll(\"iframe.wp-embedded-content\"),r=0;r<s.length;r++)(t=(e=s[r]).getAttribute(\"data-secret\"))||(t=Math.random().toString(36).substring(2,12),e.src+=\"#?secret=\"+t,e.setAttribute(\"data-secret\",t)),e.contentWindow.postMessage({message:\"ready\",secret:t},\"*\")},!1)))}(window,document);\n\/\/# sourceURL=http:\/\/denizcankizil.tr\/wp-includes\/js\/wp-embed.min.js\n<\/script>","description":"Kad\u0131n cinayetlerinin art\u0131\u015f\u0131yla ilgili \u00e7arp\u0131c\u0131 a\u00e7\u0131klamalarda bulunan Ta\u015f, 6284 say\u0131l\u0131 kanunun etkin \u015fekilde uygulanmamas\u0131n\u0131n \u015fiddetin temel nedenlerinden biri oldu\u011funu belirtti. &#8220;Kad\u0131nlar Haklar\u0131 \u0130\u00e7in M\u00fccadele Ederken \u00d6ld\u00fcr\u00fcl\u00fcyor&#8221; Simay Ta\u015f, kad\u0131nlar\u0131n bo\u015fanmak, ayr\u0131lmak, \u00e7al\u0131\u015fma hakk\u0131n\u0131 kullanmak veya diledikleri gibi ya\u015famak istedikleri i\u00e7in \u00f6ld\u00fcr\u00fcld\u00fcklerini s\u00f6yledi. Ta\u015f, kad\u0131nlar\u0131n \u00f6n\u00fcndeki tek engelin cinayetleri i\u015fleyen erkekler olmad\u0131\u011f\u0131n\u0131 vurgulad\u0131: \u201cKad\u0131nlar\u0131n \u00f6n\u00fcndeki esas engel, kad\u0131nlar\u0131 koruma y\u00fck\u00fcml\u00fcl\u00fc\u011f\u00fc olan ancak bunu yerine getirmeyen siyasi iktidard\u0131r. Bakanl\u0131klar, kad\u0131n cinayetlerine kar\u015f\u0131 somut ad\u0131mlar atm\u0131yor; kad\u0131nlar\u0131 su\u00e7layan a\u00e7\u0131klamalarla sorumluluktan ka\u00e7\u0131yor.\u201d &#8220;Kad\u0131nlar \u0130\u00e7in \u00c7elik Kalkan: 6284&#8221; 6284 say\u0131l\u0131 Kanun\u2019un etkin uygulanmamas\u0131n\u0131n, kad\u0131n cinayetlerinin art\u0131\u015f\u0131nda temel bir rol oynad\u0131\u011f\u0131n\u0131 ifade eden Ta\u015f, bu konuda bir\u00e7ok \u00f6rnek verdi: \u201cD\u00f6ne Bozdemir, bo\u015fanma a\u015famas\u0131nda oldu\u011fu erkek taraf\u0131ndan, elektronik kelep\u00e7e ve kolluk kuvvetlerinin yetersiz m\u00fcdahalesi nedeniyle \u00f6ld\u00fcr\u00fcld\u00fc. \u0130kbal, kendisini tehdit eden ve hakk\u0131nda defalarca \u015fikayette bulunulan Semih \u00c7elik taraf\u0131ndan \u00f6ld\u00fcr\u00fcld\u00fc. Fadim Temirhano\u011fullar\u0131, uzakla\u015ft\u0131rma karar\u0131na ra\u011fmen, bo\u015fanma a\u015famas\u0131ndaki e\u015fi taraf\u0131ndan katledildi.\u201d Ta\u015f, bu cinayetlerdeki ihmallerin, kamu kurumlar\u0131n\u0131n ve siyasi iradenin sorumlulu\u011funu ortaya koydu\u011funu belirterek, 6284&#8217;\u00fc uygulatmak i\u00e7in m\u00fccadele ba\u015flatt\u0131klar\u0131n\u0131 duyurdu. &#8220;Aile Odakl\u0131 Politikalar Kad\u0131nlar\u0131n E\u015fitli\u011fini Engelliyor&#8221; Ta\u015f, h\u00fck\u00fcmetin \u201ckutsal aile\u201d politikalar\u0131n\u0131n kad\u0131nlar\u0131n haklar\u0131n\u0131 ikinci plana att\u0131\u011f\u0131n\u0131 belirterek \u201cErke\u011fin \u2018reis\u2019 oldu\u011fu aileyi koruma anlay\u0131\u015f\u0131, kad\u0131nlar\u0131n e\u015fitlik ve \u00f6zg\u00fcrl\u00fck m\u00fccadelesinin \u00f6n\u00fcnde bir engeldir. \u015eiddet g\u00f6ren kad\u0131nlar\u0131 korumak yerine, aileyi kutsayan politikalar &hellip;"}