{"version":"1.0","provider_name":"Av. Deniz Can K\u0131z\u0131l","provider_url":"http:\/\/denizcankizil.tr\/en","author_name":"admin","author_url":"http:\/\/denizcankizil.tr\/en\/author\/admin\/","title":"\u0130zmir mavisi sanatla bulu\u015ftu","type":"rich","width":600,"height":338,"html":"<blockquote class=\"wp-embedded-content\" data-secret=\"ZebNwrmtPL\"><a href=\"http:\/\/denizcankizil.tr\/en\/haberler\/gundem\/izmir-mavisi-sanatla-bulustu\/\">\u0130zmir mavisi sanatla bulu\u015ftu<\/a><\/blockquote><iframe sandbox=\"allow-scripts\" security=\"restricted\" src=\"http:\/\/denizcankizil.tr\/en\/haberler\/gundem\/izmir-mavisi-sanatla-bulustu\/embed\/#?secret=ZebNwrmtPL\" width=\"600\" height=\"338\" title=\"&#8220;\u0130zmir mavisi sanatla bulu\u015ftu&#8221; &#8212; Av. Deniz Can K\u0131z\u0131l\" data-secret=\"ZebNwrmtPL\" frameborder=\"0\" marginwidth=\"0\" marginheight=\"0\" scrolling=\"no\" class=\"wp-embedded-content\"><\/iframe><script>\n\/*! This file is auto-generated *\/\n!function(d,l){\"use strict\";l.querySelector&&d.addEventListener&&\"undefined\"!=typeof URL&&(d.wp=d.wp||{},d.wp.receiveEmbedMessage||(d.wp.receiveEmbedMessage=function(e){var t=e.data;if((t||t.secret||t.message||t.value)&&!\/[^a-zA-Z0-9]\/.test(t.secret)){for(var s,r,n,a=l.querySelectorAll('iframe[data-secret=\"'+t.secret+'\"]'),o=l.querySelectorAll('blockquote[data-secret=\"'+t.secret+'\"]'),c=new RegExp(\"^https?:$\",\"i\"),i=0;i<o.length;i++)o[i].style.display=\"none\";for(i=0;i<a.length;i++)s=a[i],e.source===s.contentWindow&&(s.removeAttribute(\"style\"),\"height\"===t.message?(1e3<(r=parseInt(t.value,10))?r=1e3:~~r<200&&(r=200),s.height=r):\"link\"===t.message&&(r=new URL(s.getAttribute(\"src\")),n=new URL(t.value),c.test(n.protocol))&&n.host===r.host&&l.activeElement===s&&(d.top.location.href=t.value))}},d.addEventListener(\"message\",d.wp.receiveEmbedMessage,!1),l.addEventListener(\"DOMContentLoaded\",function(){for(var e,t,s=l.querySelectorAll(\"iframe.wp-embedded-content\"),r=0;r<s.length;r++)(t=(e=s[r]).getAttribute(\"data-secret\"))||(t=Math.random().toString(36).substring(2,12),e.src+=\"#?secret=\"+t,e.setAttribute(\"data-secret\",t)),e.contentWindow.postMessage({message:\"ready\",secret:t},\"*\")},!1)))}(window,document);\n\/\/# sourceURL=http:\/\/denizcankizil.tr\/wp-includes\/js\/wp-embed.min.js\n<\/script>","description":"\u0130zmir, Slovenyal\u0131 \u00fcnl\u00fc sanat\u00e7\u0131 ve restorat\u00f6r Mira Li\u010den\u2019in sergisine ev sahipli\u011fi yap\u0131yor.\u00a0 \u201cSadece Sevgi Yarat\u0131r\u201d isimli resim sergisi, Ahmed Adnan Saygun Sanat Merkezi\u2019nde 30 Mart tarihine kadar ziyaret edilebilecek. \u0130ZM\u0130R (\u0130GFA) &#8211;\u00a0Mira Li\u010den\u2019in \u201cSadece Sevgi Yarat\u0131r\u201d resim sergisi, Ahmed Adnan Saygun Sanat Merkezi\u2019nde a\u00e7\u0131ld\u0131. Sanat\u0131n ve sevginin birle\u015ftirici g\u00fcc\u00fcn\u00fc ke\u015ffetmeye davet eden sergi, 30 Mart tarihine kadar a\u00e7\u0131k kalacak. Mozaik, vitray, resim ve cam f\u00fczyon gibi farkl\u0131 tekniklerle \u00e7al\u0131\u015fan sanat\u00e7\u0131n\u0131n bu sergideki resimleri ve enstalasyon \u00e7al\u0131\u015fmalar\u0131, \u0130zmir ve Slovenya aras\u0131nda bir k\u00fclt\u00fcr k\u00f6pr\u00fcs\u00fc kuruyor. \u0130ZM\u0130R MAV\u0130S\u0130 Serginin a\u00e7\u0131l\u0131\u015f\u0131na Ba\u015fpiskopos Dr. Martin Kmetec, Slovenya Cumhurba\u015fkan\u0131 Nata\u0161a Pirc Musar\u2019\u0131n e\u015fi Mr. Ale\u0161 Musar, sanat\u00e7\u0131 Mira L\u0131\u010den ve \u0130zmir B\u00fcy\u00fck\u015fehir Belediye Meclisi CHP Grup S\u00f6zc\u00fcs\u00fc Elvin S\u00f6nmez G\u00fcler\u00a0kat\u0131ld\u0131. Mira Li\u010den, serginin a\u00e7\u0131lmas\u0131nda eme\u011fi olan herkese te\u015fekk\u00fcr etti. Slovenya Cumhurba\u015fkan\u0131 Musar\u2019\u0131n e\u015fi Mr. Ale\u0161 Musar, \u201cBir sanat\u00e7\u0131 olarak Mira Li\u010den, hem ge\u00e7mi\u015fimize tan\u0131kl\u0131k eden sanat eserlerini korumak hem de k\u00fclt\u00fcrel miras\u0131m\u0131z haline gelebilecek yeni eserler yaratmak i\u00e7in her iki alanda da \u00e7al\u0131\u015f\u0131yor\u201d dedi. Sergi i\u00e7in haz\u0131rlanan katalo\u011fa ilk bakt\u0131\u011f\u0131nda mavinin \u00e7ok \u00f6zel bir tonunun dikkati \u00e7ekti\u011fini s\u00f6yleyen Ale\u0161 Musar, \u201cMira&#8217;n\u0131n restorasyon \u00e7al\u0131\u015fmalar\u0131na \u00f6nc\u00fcl\u00fck etti\u011fi ve bu nedenle de iki y\u0131ld\u0131r \u0130zmir&#8217;de ya\u015fad\u0131\u011f\u0131 Sen Polikarp Kilisesi&#8217;ni ziyaret ettikten sonra, Mira&#8217;n\u0131n \u0130zmir&#8217;e ne verdi\u011fini a\u00e7\u0131k\u00e7a anlad\u0131m &hellip;"}