{"version":"1.0","provider_name":"Av. Deniz Can K\u0131z\u0131l","provider_url":"http:\/\/denizcankizil.tr\/en","author_name":"admin","author_url":"http:\/\/denizcankizil.tr\/en\/author\/admin\/","title":"\u0130TSO Eski Genel Sekreteri G\u00fcltekin \u00fczd\u00fc!","type":"rich","width":600,"height":338,"html":"<blockquote class=\"wp-embedded-content\" data-secret=\"VwXvwWrAiJ\"><a href=\"http:\/\/denizcankizil.tr\/en\/haberler\/gundem\/itso-eski-genel-sekreteri-gultekin-uzdu\/\">\u0130TSO Eski Genel Sekreteri G\u00fcltekin \u00fczd\u00fc!<\/a><\/blockquote><iframe sandbox=\"allow-scripts\" security=\"restricted\" src=\"http:\/\/denizcankizil.tr\/en\/haberler\/gundem\/itso-eski-genel-sekreteri-gultekin-uzdu\/embed\/#?secret=VwXvwWrAiJ\" width=\"600\" height=\"338\" title=\"&#8220;\u0130TSO Eski Genel Sekreteri G\u00fcltekin \u00fczd\u00fc!&#8221; &#8212; Av. Deniz Can K\u0131z\u0131l\" data-secret=\"VwXvwWrAiJ\" frameborder=\"0\" marginwidth=\"0\" marginheight=\"0\" scrolling=\"no\" class=\"wp-embedded-content\"><\/iframe><script>\n\/*! This file is auto-generated *\/\n!function(d,l){\"use strict\";l.querySelector&&d.addEventListener&&\"undefined\"!=typeof URL&&(d.wp=d.wp||{},d.wp.receiveEmbedMessage||(d.wp.receiveEmbedMessage=function(e){var t=e.data;if((t||t.secret||t.message||t.value)&&!\/[^a-zA-Z0-9]\/.test(t.secret)){for(var s,r,n,a=l.querySelectorAll('iframe[data-secret=\"'+t.secret+'\"]'),o=l.querySelectorAll('blockquote[data-secret=\"'+t.secret+'\"]'),c=new RegExp(\"^https?:$\",\"i\"),i=0;i<o.length;i++)o[i].style.display=\"none\";for(i=0;i<a.length;i++)s=a[i],e.source===s.contentWindow&&(s.removeAttribute(\"style\"),\"height\"===t.message?(1e3<(r=parseInt(t.value,10))?r=1e3:~~r<200&&(r=200),s.height=r):\"link\"===t.message&&(r=new URL(s.getAttribute(\"src\")),n=new URL(t.value),c.test(n.protocol))&&n.host===r.host&&l.activeElement===s&&(d.top.location.href=t.value))}},d.addEventListener(\"message\",d.wp.receiveEmbedMessage,!1),l.addEventListener(\"DOMContentLoaded\",function(){for(var e,t,s=l.querySelectorAll(\"iframe.wp-embedded-content\"),r=0;r<s.length;r++)(t=(e=s[r]).getAttribute(\"data-secret\"))||(t=Math.random().toString(36).substring(2,12),e.src+=\"#?secret=\"+t,e.setAttribute(\"data-secret\",t)),e.contentWindow.postMessage({message:\"ready\",secret:t},\"*\")},!1)))}(window,document);\n\/\/# sourceURL=http:\/\/denizcankizil.tr\/wp-includes\/js\/wp-embed.min.js\n<\/script>","description":"\u0130TSO eski Genel Sekreterlerinden Erdal G\u00fcltekin\u2019in vefat\u0131, ba\u015fta ailesi ve sevenlerini, derinden \u00fczd\u00fc, yasa bo\u011fdu. Merhumun cenazesi, d\u00fcn (Cuma namaz\u0131) sonras\u0131 \u0130SSUME Camii\u2019nde k\u0131l\u0131nan cenaze namaz\u0131n\u0131n ard\u0131ndan Karaa\u011fa\u00e7 Asri Mezarl\u0131\u011f\u0131\u2019nda sevenlerinin g\u00f6zya\u015flar\u0131 ve dualar\u0131 e\u015fli\u011finde topra\u011fa verilerek son yolculu\u011funa u\u011furland\u0131. \u0130TSO Genel Sekreterli\u011fi d\u00f6neminde beyefendili\u011fi, d\u00fcr\u00fcstl\u00fc\u011f\u00fc ve d\u00fczg\u00fcn ki\u015fili\u011fiyle haf\u0131zalarda yer edinen merhum Erdal G\u00fcltekin\u2019e Allah\u2019tan rahmet; ailesine, yak\u0131nlar\u0131na ve t\u00fcm sevenlerine ba\u015fsa\u011fl\u0131\u011f\u0131 diliyoruz, www.iskenderun.org. \u200bHatay\u2019\u0131n \u0130skenderun il\u00e7esinde uzun bir d\u00f6nem Ticaret ve Sanayi Odas\u0131 Genel Sekreterli\u011fi g\u00f6revi ile iz b\u0131rakan, \u00e7evresinde sevilen ve say\u0131lan bir ki\u015filik olan Erdal G\u00fcltekin vefat etti.\u00a0 \u200bHaberin Al\u0131nt\u0131land\u0131\u011f\u0131 Kaynak: www.iskenderun.org"}