{"version":"1.0","provider_name":"Av. Deniz Can K\u0131z\u0131l","provider_url":"http:\/\/denizcankizil.tr\/en","author_name":"admin","author_url":"http:\/\/denizcankizil.tr\/en\/author\/admin\/","title":"\u0130ssos 'da Kaz\u0131 Devam Edecek","type":"rich","width":600,"height":338,"html":"<blockquote class=\"wp-embedded-content\" data-secret=\"Hi4FBxQoFS\"><a href=\"http:\/\/denizcankizil.tr\/en\/haberler\/gundem\/issos-da-kazi-devam-edecek\/\">\u0130ssos &#8216;da Kaz\u0131 Devam Edecek<\/a><\/blockquote><iframe sandbox=\"allow-scripts\" security=\"restricted\" src=\"http:\/\/denizcankizil.tr\/en\/haberler\/gundem\/issos-da-kazi-devam-edecek\/embed\/#?secret=Hi4FBxQoFS\" width=\"600\" height=\"338\" title=\"&#8220;\u0130ssos &#8216;da Kaz\u0131 Devam Edecek&#8221; &#8212; Av. Deniz Can K\u0131z\u0131l\" data-secret=\"Hi4FBxQoFS\" frameborder=\"0\" marginwidth=\"0\" marginheight=\"0\" scrolling=\"no\" class=\"wp-embedded-content\"><\/iframe><script>\n\/*! This file is auto-generated *\/\n!function(d,l){\"use strict\";l.querySelector&&d.addEventListener&&\"undefined\"!=typeof URL&&(d.wp=d.wp||{},d.wp.receiveEmbedMessage||(d.wp.receiveEmbedMessage=function(e){var t=e.data;if((t||t.secret||t.message||t.value)&&!\/[^a-zA-Z0-9]\/.test(t.secret)){for(var s,r,n,a=l.querySelectorAll('iframe[data-secret=\"'+t.secret+'\"]'),o=l.querySelectorAll('blockquote[data-secret=\"'+t.secret+'\"]'),c=new RegExp(\"^https?:$\",\"i\"),i=0;i<o.length;i++)o[i].style.display=\"none\";for(i=0;i<a.length;i++)s=a[i],e.source===s.contentWindow&&(s.removeAttribute(\"style\"),\"height\"===t.message?(1e3<(r=parseInt(t.value,10))?r=1e3:~~r<200&&(r=200),s.height=r):\"link\"===t.message&&(r=new URL(s.getAttribute(\"src\")),n=new URL(t.value),c.test(n.protocol))&&n.host===r.host&&l.activeElement===s&&(d.top.location.href=t.value))}},d.addEventListener(\"message\",d.wp.receiveEmbedMessage,!1),l.addEventListener(\"DOMContentLoaded\",function(){for(var e,t,s=l.querySelectorAll(\"iframe.wp-embedded-content\"),r=0;r<s.length;r++)(t=(e=s[r]).getAttribute(\"data-secret\"))||(t=Math.random().toString(36).substring(2,12),e.src+=\"#?secret=\"+t,e.setAttribute(\"data-secret\",t)),e.contentWindow.postMessage({message:\"ready\",secret:t},\"*\")},!1)))}(window,document);\n\/\/# sourceURL=http:\/\/denizcankizil.tr\/wp-includes\/js\/wp-embed.min.js\n<\/script>","description":"HMK\u00dc Arkeoloji B\u00f6l\u00fcm\u00fc \u00f6\u011fretim \u00fcyesi Do\u00e7. Dr. Banu \u00d6zdilek taraf\u0131ndan 2022 y\u0131l\u0131ndan beri Hatay Erzin\u2019de s\u00fcrd\u00fcr\u00fclen \u0130ssos Epiphaneia\u2019daki arkeolojik kaz\u0131 ve ara\u015ft\u0131rmalar 2025 y\u0131l\u0131 itibariyle Cumhurba\u015fkanl\u0131\u011f\u0131 Kararnameli kaz\u0131 ve ara\u015ft\u0131rma stat\u00fcs\u00fc elde etti. Bu ba\u015far\u0131 sayesinde Hatay Mustafa Kemal \u00dcniversitesi\u2019ne, T\u00fcrkiye Cumhuriyeti K\u00fclt\u00fcr ve Turizm Bakanl\u0131\u011f\u0131 ortakl\u0131\u011f\u0131nda uluslararas\u0131 bir bilim projesi kazand\u0131r\u0131ld\u0131. 2022 y\u0131l\u0131ndan itibaren Hatay Mustafa Kemal \u00dcniversite\u2019nin \u00f6\u011fretim \u00fcyeleri ve \u00f6\u011frencilerinin kat\u0131l\u0131m sa\u011flad\u0131\u011f\u0131 ara\u015ft\u0131rmalar\u0131n bu stat\u00fc ile daha etkili ve geni\u015f kapsaml\u0131 interdisipliner ortakl\u0131klarla y\u00fcr\u00fct\u00fclece\u011fi belirtildi. \u200bHatay Mustafa Kemal \u00dcniversitesi (HMK\u00dc) \u0130ssos Epiphaneia\u2019daki arkeolojik kaz\u0131 ve ara\u015ft\u0131rmalar\u0131 Cumhurba\u015fkanl\u0131\u011f\u0131 Kararnamesi ile Kaz\u0131 ve Ara\u015ft\u0131rma Stat\u00fcs\u00fc Kazand\u0131.\u00a0 \u200bHaberin Al\u0131nt\u0131land\u0131\u011f\u0131 Kaynak: www.iskenderun.org"}