{"version":"1.0","provider_name":"Av. Deniz Can K\u0131z\u0131l","provider_url":"http:\/\/denizcankizil.tr\/en","author_name":"admin","author_url":"http:\/\/denizcankizil.tr\/en\/author\/admin\/","title":"\u0130skenderun\u2019da F\u0131rt\u0131na sonras\u0131 yine deniz \u00e7ekildi!","type":"rich","width":600,"height":338,"html":"<blockquote class=\"wp-embedded-content\" data-secret=\"LUPh0KpiPu\"><a href=\"http:\/\/denizcankizil.tr\/en\/haberler\/gundem\/iskenderunda-firtina-sonrasi-yine-deniz-cekildi\/\">\u0130skenderun\u2019da F\u0131rt\u0131na sonras\u0131 yine deniz \u00e7ekildi!<\/a><\/blockquote><iframe sandbox=\"allow-scripts\" security=\"restricted\" src=\"http:\/\/denizcankizil.tr\/en\/haberler\/gundem\/iskenderunda-firtina-sonrasi-yine-deniz-cekildi\/embed\/#?secret=LUPh0KpiPu\" width=\"600\" height=\"338\" title=\"&#8220;\u0130skenderun\u2019da F\u0131rt\u0131na sonras\u0131 yine deniz \u00e7ekildi!&#8221; &#8212; Av. Deniz Can K\u0131z\u0131l\" data-secret=\"LUPh0KpiPu\" frameborder=\"0\" marginwidth=\"0\" marginheight=\"0\" scrolling=\"no\" class=\"wp-embedded-content\"><\/iframe><script>\n\/*! This file is auto-generated *\/\n!function(d,l){\"use strict\";l.querySelector&&d.addEventListener&&\"undefined\"!=typeof URL&&(d.wp=d.wp||{},d.wp.receiveEmbedMessage||(d.wp.receiveEmbedMessage=function(e){var t=e.data;if((t||t.secret||t.message||t.value)&&!\/[^a-zA-Z0-9]\/.test(t.secret)){for(var s,r,n,a=l.querySelectorAll('iframe[data-secret=\"'+t.secret+'\"]'),o=l.querySelectorAll('blockquote[data-secret=\"'+t.secret+'\"]'),c=new RegExp(\"^https?:$\",\"i\"),i=0;i<o.length;i++)o[i].style.display=\"none\";for(i=0;i<a.length;i++)s=a[i],e.source===s.contentWindow&&(s.removeAttribute(\"style\"),\"height\"===t.message?(1e3<(r=parseInt(t.value,10))?r=1e3:~~r<200&&(r=200),s.height=r):\"link\"===t.message&&(r=new URL(s.getAttribute(\"src\")),n=new URL(t.value),c.test(n.protocol))&&n.host===r.host&&l.activeElement===s&&(d.top.location.href=t.value))}},d.addEventListener(\"message\",d.wp.receiveEmbedMessage,!1),l.addEventListener(\"DOMContentLoaded\",function(){for(var e,t,s=l.querySelectorAll(\"iframe.wp-embedded-content\"),r=0;r<s.length;r++)(t=(e=s[r]).getAttribute(\"data-secret\"))||(t=Math.random().toString(36).substring(2,12),e.src+=\"#?secret=\"+t,e.setAttribute(\"data-secret\",t)),e.contentWindow.postMessage({message:\"ready\",secret:t},\"*\")},!1)))}(window,document);\n\/\/# sourceURL=http:\/\/denizcankizil.tr\/wp-includes\/js\/wp-embed.min.js\n<\/script>","description":"\u0130skenderun sahilinde deniz seviyesi k\u0131y\u0131 boyunca yakla\u015f\u0131k 70 santim \u00e7ekilince, tahkimattan sonraki b\u00f6l\u00fcmde metrelerce alanda zemin g\u00f6r\u00fcnd\u00fc. \u00c7EK\u0130LME GEL-G\u0130T KAYNAKLI Bu durumla ilgili \u0130skenderun Teknik \u00dcniversitesi (\u0130STE), Deniz Bilimleri ve Teknolojisi Fak\u00fcltesi \u00d6\u011fretim \u00dcyesi Prof. Dr. Tahir \u00d6zcan, yapt\u0131\u011f\u0131 a\u00e7\u0131klamayla, G\u00fcne\u015f ve Ay ile gezegenler aras\u0131 \u00e7ekim kuvvetleri, r\u00fczgar\u0131n etkisi ve deniz dibi topografyas\u0131n\u0131n D\u00fcnya&#8217;daki okyanus ve deniz sular\u0131n\u0131 etkileyerek gelgit hareketlerini olu\u015fturdu\u011funu ve bu nedenle deniz suyunun \u00e7ekildi\u011fini s\u00f6yledi. \u201cAL\u00c7AK GEL-G\u0130TLERDE DEN\u0130Z \u00c7EK\u0130LMES\u0130 DO\u011eAL\u201d Prof. Dr. Tahir \u00d6zcan, Zaman zaman k\u0131y\u0131larda g\u00f6r\u00fclen Deniz \u00e7ekilmesiyle ilgili toplum aras\u0131nda \u00e7e\u015fitli iddialar ve yanl\u0131\u015f anla\u015f\u0131lmalar bulundu\u011funa i\u015faret ederek \u201cBu durumun iki ana nedeni bulunmaktad\u0131r: Gelgit Olaylar\u0131 (Med-Cezir): Ay ve G\u00fcne\u015f&#8217;in yer\u00e7ekimi etkisiyle denizlerin \u00e7ekilmesi ve y\u00fckselmesi, d\u00fcnyan\u0131n farkl\u0131 yerlerinde do\u011fal olarak g\u00f6r\u00fclen gelgit hareketlerinden kaynaklanmaktad\u0131r. Al\u00e7ak gelgit d\u00f6nemlerinde su seviyesi d\u00fc\u015fer ve k\u0131y\u0131lar\u0131m\u0131zda deniz \u00e7ekilmesi g\u00f6zlemlenmektedir. R\u00fczgar\u0131n y\u00f6n\u00fc ve h\u0131z\u0131 ile birlikte atmosfer bas\u0131nc\u0131 gibi olaylarda deniz suyunun y\u00fckselmesi ve al\u00e7almas\u0131na neden olabilir\u201d diye konu\u015ftu. \u00a0 DEPREMLERLE ALAKASI YOK! \u0130skenderun K\u00f6rfezi\u2019nde meydana gelen deniz \u00e7ekilmesinin ge\u00e7mi\u015fte ya\u015fanan ve gelecekte ya\u015fanacak depremlerle ilgisi olmad\u0131\u011f\u0131n\u0131 vurgulayan Prof. Dr. Tahir \u00d6zcan \u201cDepremlerle ilgili bir alakas\u0131 yok. Bu durum, gel-git ve r\u00fczgarla alakal\u0131 bir ola\u011fan ger\u00e7ekle\u015fen do\u011fa olay\u0131d\u0131r\u201d dedi. \u200bDo\u011fu Akdeniz\u2019i d\u00fcnden itibaren etkisi alt\u0131na alan &hellip;"}