{"version":"1.0","provider_name":"Av. Deniz Can K\u0131z\u0131l","provider_url":"http:\/\/denizcankizil.tr\/en","author_name":"admin","author_url":"http:\/\/denizcankizil.tr\/en\/author\/admin\/","title":"\u0130skenderun\u2019da Bayram tedbirleri art\u0131r\u0131ld\u0131","type":"rich","width":600,"height":338,"html":"<blockquote class=\"wp-embedded-content\" data-secret=\"TarXPNcnNk\"><a href=\"http:\/\/denizcankizil.tr\/en\/haberler\/gundem\/iskenderunda-bayram-tedbirleri-artirildi\/\">\u0130skenderun\u2019da Bayram tedbirleri art\u0131r\u0131ld\u0131<\/a><\/blockquote><iframe sandbox=\"allow-scripts\" security=\"restricted\" src=\"http:\/\/denizcankizil.tr\/en\/haberler\/gundem\/iskenderunda-bayram-tedbirleri-artirildi\/embed\/#?secret=TarXPNcnNk\" width=\"600\" height=\"338\" title=\"&#8220;\u0130skenderun\u2019da Bayram tedbirleri art\u0131r\u0131ld\u0131&#8221; &#8212; Av. Deniz Can K\u0131z\u0131l\" data-secret=\"TarXPNcnNk\" frameborder=\"0\" marginwidth=\"0\" marginheight=\"0\" scrolling=\"no\" class=\"wp-embedded-content\"><\/iframe><script>\n\/*! This file is auto-generated *\/\n!function(d,l){\"use strict\";l.querySelector&&d.addEventListener&&\"undefined\"!=typeof URL&&(d.wp=d.wp||{},d.wp.receiveEmbedMessage||(d.wp.receiveEmbedMessage=function(e){var t=e.data;if((t||t.secret||t.message||t.value)&&!\/[^a-zA-Z0-9]\/.test(t.secret)){for(var s,r,n,a=l.querySelectorAll('iframe[data-secret=\"'+t.secret+'\"]'),o=l.querySelectorAll('blockquote[data-secret=\"'+t.secret+'\"]'),c=new RegExp(\"^https?:$\",\"i\"),i=0;i<o.length;i++)o[i].style.display=\"none\";for(i=0;i<a.length;i++)s=a[i],e.source===s.contentWindow&&(s.removeAttribute(\"style\"),\"height\"===t.message?(1e3<(r=parseInt(t.value,10))?r=1e3:~~r<200&&(r=200),s.height=r):\"link\"===t.message&&(r=new URL(s.getAttribute(\"src\")),n=new URL(t.value),c.test(n.protocol))&&n.host===r.host&&l.activeElement===s&&(d.top.location.href=t.value))}},d.addEventListener(\"message\",d.wp.receiveEmbedMessage,!1),l.addEventListener(\"DOMContentLoaded\",function(){for(var e,t,s=l.querySelectorAll(\"iframe.wp-embedded-content\"),r=0;r<s.length;r++)(t=(e=s[r]).getAttribute(\"data-secret\"))||(t=Math.random().toString(36).substring(2,12),e.src+=\"#?secret=\"+t,e.setAttribute(\"data-secret\",t)),e.contentWindow.postMessage({message:\"ready\",secret:t},\"*\")},!1)))}(window,document);\n\/\/# sourceURL=http:\/\/denizcankizil.tr\/wp-includes\/js\/wp-embed.min.js\n<\/script>","description":"Bayram al\u0131\u015fveri\u015fi yapan vatanda\u015flar\u0131n yo\u011funluk olu\u015fturdu\u011fu kent merkezinde, \u0130skenderun \u0130l\u00e7e Emniyet M\u00fcd\u00fcr\u00fc Nevzat G\u00fcne\u015f, tedbirleri yerinde denetledi. Ramazan ay\u0131n\u0131n son g\u00fcn\u00fcnde, bayram al\u0131\u015fveri\u015fi tela\u015f\u0131 ile kent merkezi hareketli saatler ge\u00e7irdi. Bayram haz\u0131rl\u0131\u011f\u0131 yapan vatanda\u015flar\u0131n yo\u011funluk olu\u015fturdu\u011fu bu d\u00f6nemde, \u0130skenderun \u0130l\u00e7e Emniyet M\u00fcd\u00fcrl\u00fc\u011f\u00fc, g\u00fcvenlik \u00f6nlemlerini art\u0131rarak huzur ve g\u00fcven ortam\u0131n\u0131n sa\u011flanmas\u0131na katk\u0131 sa\u011flad\u0131. \u00d6zellikle kentteki en yo\u011fun noktalarda, yaya devriye say\u0131s\u0131 art\u0131r\u0131ld\u0131. \u0130l\u00e7e Emniyet M\u00fcd\u00fcr\u00fc Nevzat G\u00fcne\u015f de, devriye ekiplerinin \u00e7al\u0131\u015fmalar\u0131n\u0131 yak\u0131ndan takip etti. Hem ekiplerine kolayl\u0131klar dileyen G\u00fcne\u015f, hem de vatanda\u015flarla bir araya gelerek halkla b\u00fct\u00fcnle\u015fti. M\u00fcd\u00fcr G\u00fcne\u015f, \u00f6zellikle \u00e7ocuklara sevgi g\u00f6sterisinde bulunarak baz\u0131 \u00e7ocuklarla kucakla\u015ft\u0131 ve bayram har\u00e7l\u0131klar\u0131n\u0131 verdi. Emniyet M\u00fcd\u00fcrl\u00fc\u011f\u00fc, halk\u0131n huzur ve g\u00fcvenli\u011fini tehdit edebilecek \u015f\u00fcphelilere kar\u015f\u0131 \u00e7al\u0131\u015fmalar\u0131n\u0131 s\u00fcrd\u00fcr\u00fcrken, bayram \u00f6ncesinde g\u00fcvenli bir ortam\u0131n sa\u011flanmas\u0131 i\u00e7in gerekli t\u00fcm tedbirleri ald\u0131\u011f\u0131n\u0131 duyurdu. \u200bHatay\u2019\u0131n \u0130skenderun il\u00e7esinde Ramazan Bayram\u0131 haz\u0131rl\u0131klar\u0131 s\u00fcrerken, \u0130l\u00e7e Emniyet M\u00fcd\u00fcrl\u00fc\u011f\u00fc de halk\u0131n g\u00fcvenli\u011fini sa\u011flamak i\u00e7in g\u00fcvenlik tedbirlerini artt\u0131rd\u0131.\u00a0 \u200bHaberin Al\u0131nt\u0131land\u0131\u011f\u0131 Kaynak: www.iskenderun.org"}