{"version":"1.0","provider_name":"Av. Deniz Can K\u0131z\u0131l","provider_url":"http:\/\/denizcankizil.tr\/en","author_name":"Av. Deniz Can K\u0131z\u0131l","author_url":"http:\/\/denizcankizil.tr\/en","title":"\u0130lklere imza atan \u0130zmirli y\u00fcz\u00fcc\u00fc Ba\u015fkan Tugay\u2019la bulu\u015ftu","type":"rich","width":600,"height":338,"html":"<blockquote class=\"wp-embedded-content\" data-secret=\"KMRHcRWtcv\"><a href=\"http:\/\/denizcankizil.tr\/en\/haberler\/gundem\/ilklere-imza-atan-izmirli-yuzucu-baskan-tugayla-bulustu\/\">\u0130lklere imza atan \u0130zmirli y\u00fcz\u00fcc\u00fc Ba\u015fkan Tugay\u2019la bulu\u015ftu<\/a><\/blockquote><iframe sandbox=\"allow-scripts\" security=\"restricted\" src=\"http:\/\/denizcankizil.tr\/en\/haberler\/gundem\/ilklere-imza-atan-izmirli-yuzucu-baskan-tugayla-bulustu\/embed\/#?secret=KMRHcRWtcv\" width=\"600\" height=\"338\" title=\"&#8220;\u0130lklere imza atan \u0130zmirli y\u00fcz\u00fcc\u00fc Ba\u015fkan Tugay\u2019la bulu\u015ftu&#8221; &#8212; Av. Deniz Can K\u0131z\u0131l\" data-secret=\"KMRHcRWtcv\" frameborder=\"0\" marginwidth=\"0\" marginheight=\"0\" scrolling=\"no\" class=\"wp-embedded-content\"><\/iframe><script>\n\/*! This file is auto-generated *\/\n!function(d,l){\"use strict\";l.querySelector&&d.addEventListener&&\"undefined\"!=typeof URL&&(d.wp=d.wp||{},d.wp.receiveEmbedMessage||(d.wp.receiveEmbedMessage=function(e){var t=e.data;if((t||t.secret||t.message||t.value)&&!\/[^a-zA-Z0-9]\/.test(t.secret)){for(var s,r,n,a=l.querySelectorAll('iframe[data-secret=\"'+t.secret+'\"]'),o=l.querySelectorAll('blockquote[data-secret=\"'+t.secret+'\"]'),c=new RegExp(\"^https?:$\",\"i\"),i=0;i<o.length;i++)o[i].style.display=\"none\";for(i=0;i<a.length;i++)s=a[i],e.source===s.contentWindow&&(s.removeAttribute(\"style\"),\"height\"===t.message?(1e3<(r=parseInt(t.value,10))?r=1e3:~~r<200&&(r=200),s.height=r):\"link\"===t.message&&(r=new URL(s.getAttribute(\"src\")),n=new URL(t.value),c.test(n.protocol))&&n.host===r.host&&l.activeElement===s&&(d.top.location.href=t.value))}},d.addEventListener(\"message\",d.wp.receiveEmbedMessage,!1),l.addEventListener(\"DOMContentLoaded\",function(){for(var e,t,s=l.querySelectorAll(\"iframe.wp-embedded-content\"),r=0;r<s.length;r++)(t=(e=s[r]).getAttribute(\"data-secret\"))||(t=Math.random().toString(36).substring(2,12),e.src+=\"#?secret=\"+t,e.setAttribute(\"data-secret\",t)),e.contentWindow.postMessage({message:\"ready\",secret:t},\"*\")},!1)))}(window,document);\n\/\/# sourceURL=http:\/\/denizcankizil.tr\/wp-includes\/js\/wp-embed.min.js\n<\/script>","description":"\u0130zmir B\u00fcy\u00fck\u015fehir Belediye Ba\u015fkan\u0131 Dr. Cemil Tugay, Okyanus Yedilisi ad\u0131 verilen d\u00fcnyan\u0131n en zorlu yedi kanal\u0131ndan be\u015fini y\u00fczerek ge\u00e7en ilk T\u00fcrk kad\u0131n\u0131 Bengisu Avc\u0131\u2019y\u0131 ba\u015far\u0131l\u0131 Molokai ge\u00e7i\u015fi sonras\u0131nda makam\u0131nda a\u011f\u0131rlayarak tebrik etti. \u200b\u0130zmir B\u00fcy\u00fck\u015fehir Belediye Ba\u015fkan\u0131 Dr. Cemil Tugay, Okyanus Yedilisi ad\u0131 verilen d\u00fcnyan\u0131n en zorlu yedi kanal\u0131ndan be\u015fini y\u00fczerek ge\u00e7en ilk T\u00fcrk kad\u0131n\u0131 Bengisu Avc\u0131\u2019y\u0131 ba\u015far\u0131l\u0131 Molokai ge\u00e7i\u015fi sonras\u0131nda makam\u0131nda a\u011f\u0131rlayarak tebrik etti.\u00a0 \u200bHaberin Al\u0131nt\u0131land\u0131\u011f\u0131 Kaynak: www.iskenderun.org"}