{"version":"1.0","provider_name":"Av. Deniz Can K\u0131z\u0131l","provider_url":"http:\/\/denizcankizil.tr\/en","author_name":"Av. Deniz Can K\u0131z\u0131l","author_url":"http:\/\/denizcankizil.tr\/en","title":"\u0130l\u00e7emizi Ortak Ak\u0131lla Y\u00f6netmeye Devam Ediyoruz","type":"rich","width":600,"height":338,"html":"<blockquote class=\"wp-embedded-content\" data-secret=\"2twuMQdiwl\"><a href=\"http:\/\/denizcankizil.tr\/en\/haberler\/gundem\/ilcemizi-ortak-akilla-yonetmeye-devam-ediyoruz\/\">\u0130l\u00e7emizi Ortak Ak\u0131lla Y\u00f6netmeye Devam Ediyoruz<\/a><\/blockquote><iframe sandbox=\"allow-scripts\" security=\"restricted\" src=\"http:\/\/denizcankizil.tr\/en\/haberler\/gundem\/ilcemizi-ortak-akilla-yonetmeye-devam-ediyoruz\/embed\/#?secret=2twuMQdiwl\" width=\"600\" height=\"338\" title=\"&#8220;\u0130l\u00e7emizi Ortak Ak\u0131lla Y\u00f6netmeye Devam Ediyoruz&#8221; &#8212; Av. Deniz Can K\u0131z\u0131l\" data-secret=\"2twuMQdiwl\" frameborder=\"0\" marginwidth=\"0\" marginheight=\"0\" scrolling=\"no\" class=\"wp-embedded-content\"><\/iframe><script>\n\/*! This file is auto-generated *\/\n!function(d,l){\"use strict\";l.querySelector&&d.addEventListener&&\"undefined\"!=typeof URL&&(d.wp=d.wp||{},d.wp.receiveEmbedMessage||(d.wp.receiveEmbedMessage=function(e){var t=e.data;if((t||t.secret||t.message||t.value)&&!\/[^a-zA-Z0-9]\/.test(t.secret)){for(var s,r,n,a=l.querySelectorAll('iframe[data-secret=\"'+t.secret+'\"]'),o=l.querySelectorAll('blockquote[data-secret=\"'+t.secret+'\"]'),c=new RegExp(\"^https?:$\",\"i\"),i=0;i<o.length;i++)o[i].style.display=\"none\";for(i=0;i<a.length;i++)s=a[i],e.source===s.contentWindow&&(s.removeAttribute(\"style\"),\"height\"===t.message?(1e3<(r=parseInt(t.value,10))?r=1e3:~~r<200&&(r=200),s.height=r):\"link\"===t.message&&(r=new URL(s.getAttribute(\"src\")),n=new URL(t.value),c.test(n.protocol))&&n.host===r.host&&l.activeElement===s&&(d.top.location.href=t.value))}},d.addEventListener(\"message\",d.wp.receiveEmbedMessage,!1),l.addEventListener(\"DOMContentLoaded\",function(){for(var e,t,s=l.querySelectorAll(\"iframe.wp-embedded-content\"),r=0;r<s.length;r++)(t=(e=s[r]).getAttribute(\"data-secret\"))||(t=Math.random().toString(36).substring(2,12),e.src+=\"#?secret=\"+t,e.setAttribute(\"data-secret\",t)),e.contentWindow.postMessage({message:\"ready\",secret:t},\"*\")},!1)))}(window,document);\n\/\/# sourceURL=http:\/\/denizcankizil.tr\/wp-includes\/js\/wp-embed.min.js\n<\/script>","description":"Malkara \u0130l\u00e7e Kaymakam\u0131 Ey\u00fcp Kayka\u00e7 ve Malkara Belediye Ba\u015fkan\u0131 Nergiz Karaa\u011fa\u00e7l\u0131 \u00d6zt\u00fcrk 5 Aral\u0131k 2024 Per\u015fembe g\u00fcn\u00fc saat 11.00\u2019de Malkara Belediyesi Meclis Salonu\u2019nda, STK Ba\u015fkanlar\u0131 ve Siyasi Parti Ba\u015fkanlar\u0131yla bir araya gelerek il\u00e7emizin kalk\u0131nmas\u0131 ve refah\u0131 i\u00e7in \u00e7al\u0131\u015ftay ger\u00e7ekle\u015ftirdiler. \u200bMalkara \u0130l\u00e7e Kaymakam\u0131 Ey\u00fcp Kayka\u00e7 ve Malkara Belediye Ba\u015fkan\u0131 Nergiz Karaa\u011fa\u00e7l\u0131 \u00d6zt\u00fcrk 5 Aral\u0131k 2024 Per\u015fembe g\u00fcn\u00fc saat 11.00\u2019de Malkara Belediyesi Meclis Salonu\u2019nda, STK Ba\u015fkanlar\u0131 ve Siyasi Parti Ba\u015fkanlar\u0131yla bir araya gelerek il\u00e7emizin kalk\u0131nmas\u0131 ve refah\u0131 i\u00e7in \u00e7al\u0131\u015ftay ger\u00e7ekle\u015ftirdiler.\u00a0 \u200bHaberin Al\u0131nt\u0131land\u0131\u011f\u0131 Kaynak: www.iskenderun.org"}