{"version":"1.0","provider_name":"Av. Deniz Can K\u0131z\u0131l","provider_url":"http:\/\/denizcankizil.tr\/en","author_name":"admin","author_url":"http:\/\/denizcankizil.tr\/en\/author\/admin\/","title":"Hava s\u0131cakl\u0131klar\u0131 art\u0131yor... Ege'de f\u0131rt\u0131naya dikkat!","type":"rich","width":600,"height":338,"html":"<blockquote class=\"wp-embedded-content\" data-secret=\"85rJTUbElB\"><a href=\"http:\/\/denizcankizil.tr\/en\/haberler\/gundem\/hava-sicakliklari-artiyor-egede-firtinaya-dikkat\/\">Hava s\u0131cakl\u0131klar\u0131 art\u0131yor&#8230; Ege&#8217;de f\u0131rt\u0131naya dikkat!<\/a><\/blockquote><iframe sandbox=\"allow-scripts\" security=\"restricted\" src=\"http:\/\/denizcankizil.tr\/en\/haberler\/gundem\/hava-sicakliklari-artiyor-egede-firtinaya-dikkat\/embed\/#?secret=85rJTUbElB\" width=\"600\" height=\"338\" title=\"&#8220;Hava s\u0131cakl\u0131klar\u0131 art\u0131yor&#8230; Ege&#8217;de f\u0131rt\u0131naya dikkat!&#8221; &#8212; Av. Deniz Can K\u0131z\u0131l\" data-secret=\"85rJTUbElB\" frameborder=\"0\" marginwidth=\"0\" marginheight=\"0\" scrolling=\"no\" class=\"wp-embedded-content\"><\/iframe><script>\n\/*! This file is auto-generated *\/\n!function(d,l){\"use strict\";l.querySelector&&d.addEventListener&&\"undefined\"!=typeof URL&&(d.wp=d.wp||{},d.wp.receiveEmbedMessage||(d.wp.receiveEmbedMessage=function(e){var t=e.data;if((t||t.secret||t.message||t.value)&&!\/[^a-zA-Z0-9]\/.test(t.secret)){for(var s,r,n,a=l.querySelectorAll('iframe[data-secret=\"'+t.secret+'\"]'),o=l.querySelectorAll('blockquote[data-secret=\"'+t.secret+'\"]'),c=new RegExp(\"^https?:$\",\"i\"),i=0;i<o.length;i++)o[i].style.display=\"none\";for(i=0;i<a.length;i++)s=a[i],e.source===s.contentWindow&&(s.removeAttribute(\"style\"),\"height\"===t.message?(1e3<(r=parseInt(t.value,10))?r=1e3:~~r<200&&(r=200),s.height=r):\"link\"===t.message&&(r=new URL(s.getAttribute(\"src\")),n=new URL(t.value),c.test(n.protocol))&&n.host===r.host&&l.activeElement===s&&(d.top.location.href=t.value))}},d.addEventListener(\"message\",d.wp.receiveEmbedMessage,!1),l.addEventListener(\"DOMContentLoaded\",function(){for(var e,t,s=l.querySelectorAll(\"iframe.wp-embedded-content\"),r=0;r<s.length;r++)(t=(e=s[r]).getAttribute(\"data-secret\"))||(t=Math.random().toString(36).substring(2,12),e.src+=\"#?secret=\"+t,e.setAttribute(\"data-secret\",t)),e.contentWindow.postMessage({message:\"ready\",secret:t},\"*\")},!1)))}(window,document);\n\/\/# sourceURL=http:\/\/denizcankizil.tr\/wp-includes\/js\/wp-embed.min.js\n<\/script>","description":"Yurt genelinde hava s\u0131cakl\u0131klar\u0131 mevsim normallerinin \u00fczerinde seyredecek. R\u00fczgar genellikle g\u00fcneyli y\u00f6nlerden hafif, ara s\u0131ra orta kuvvette, Marmara&#8217;n\u0131n bat\u0131s\u0131 ile Ege k\u0131y\u0131lar\u0131nda yer yer kuvvetli olarak esmesi bekleniyor. Do\u011fu Anadolu\u2019nun y\u00fcksek ve e\u011fimli yama\u00e7lar\u0131nda \u00e7\u0131\u011f tehlikesi bulunuyor.ANKARA (\u0130GFA) &#8211; Meteoroloji Genel M\u00fcd\u00fcrl\u00fc\u011f\u00fc, 13 Mart 2025 Per\u015fembe g\u00fcn\u00fcne ili\u015fkin hava tahmin raporunu yay\u0131mlad\u0131. Yap\u0131lan tahminlere g\u00f6re yurdun bat\u0131 kesimlerinin par\u00e7al\u0131 yer yer \u00e7ok bulutlu, Marmara&#8217;n\u0131n g\u00fcneybat\u0131s\u0131 ile Bursa \u00e7evrelerinin hafif sa\u011fanak ya\u011f\u0131\u015fl\u0131, di\u011fer yerlerin az bulutlu ve a\u00e7\u0131k ge\u00e7ece\u011fi tahmin ediliyor. Yurt genelinde mevsim normallerinin 12-15 derece \u00fczerinde seyredecek olan hava s\u0131cakl\u0131klar\u0131n\u0131n artmaya devam etmesi bekleniyor. Sabah ve gece saatlerinde Do\u011fu Anadolu&#8217;nun do\u011fusunda buzlanma ve don olay\u0131 ile birlikte pus ve yer yer sis beklenirken, Do\u011fu Karadeniz\u2019in i\u00e7 kesimlerinin y\u00fcksekleri ile Do\u011fu Anadolu\u2019nun y\u00fcksek ve e\u011fimli yama\u00e7lar\u0131nda \u00e7\u0131\u011f tehlikesi bulunuyor. Meteoroloji \u00f6zellikle Marmara&#8217;n\u0131n bat\u0131s\u0131 ile Ege k\u0131y\u0131lar\u0131nda g\u00fcneyli y\u00f6nlerden kuvvetli (40-70 km\/saat) esmesi beklendi\u011finden ya\u015fanabilecek olumsuzluklara kar\u015f\u0131 dikkatli ve tedbirli olunmas\u0131 konusunda vatanda\u015flar\u0131 uyard\u0131. \u200bYurt genelinde hava s\u0131cakl\u0131klar\u0131 mevsim normallerinin \u00fczerinde seyredecek. R\u00fczgar genellikle g\u00fcneyli y\u00f6nlerden hafif, ara s\u0131ra orta kuvvette, Marmara&#8217;n\u0131n bat\u0131s\u0131 ile Ege k\u0131y\u0131lar\u0131nda yer yer kuvvetli olarak esmesi bekleniyor. Do\u011fu Anadolu\u2019nun y\u00fcksek ve e\u011fimli yama\u00e7lar\u0131nda \u00e7\u0131\u011f tehlikesi bulunuyor.ANKARA (\u0130GFA) &#8211; Meteoroloji Genel M\u00fcd\u00fcrl\u00fc\u011f\u00fc, 13 Mart 2025 Per\u015fembe g\u00fcn\u00fcne &hellip;"}