{"version":"1.0","provider_name":"Av. Deniz Can K\u0131z\u0131l","provider_url":"http:\/\/denizcankizil.tr\/en","author_name":"admin","author_url":"http:\/\/denizcankizil.tr\/en\/author\/admin\/","title":"Engelli bireylere e\u011fitim deste\u011fi rakam\u0131 'Resmi'le\u015fti","type":"rich","width":600,"height":338,"html":"<blockquote class=\"wp-embedded-content\" data-secret=\"Xw6kOWabqf\"><a href=\"http:\/\/denizcankizil.tr\/en\/haberler\/gundem\/engelli-bireylere-egitim-destegi-rakami-resmilesti\/\">Engelli bireylere e\u011fitim deste\u011fi rakam\u0131 &#8216;Resmi&#8217;le\u015fti<\/a><\/blockquote><iframe sandbox=\"allow-scripts\" security=\"restricted\" src=\"http:\/\/denizcankizil.tr\/en\/haberler\/gundem\/engelli-bireylere-egitim-destegi-rakami-resmilesti\/embed\/#?secret=Xw6kOWabqf\" width=\"600\" height=\"338\" title=\"&#8220;Engelli bireylere e\u011fitim deste\u011fi rakam\u0131 &#8216;Resmi&#8217;le\u015fti&#8221; &#8212; Av. Deniz Can K\u0131z\u0131l\" data-secret=\"Xw6kOWabqf\" frameborder=\"0\" marginwidth=\"0\" marginheight=\"0\" scrolling=\"no\" class=\"wp-embedded-content\"><\/iframe><script>\n\/*! This file is auto-generated *\/\n!function(d,l){\"use strict\";l.querySelector&&d.addEventListener&&\"undefined\"!=typeof URL&&(d.wp=d.wp||{},d.wp.receiveEmbedMessage||(d.wp.receiveEmbedMessage=function(e){var t=e.data;if((t||t.secret||t.message||t.value)&&!\/[^a-zA-Z0-9]\/.test(t.secret)){for(var s,r,n,a=l.querySelectorAll('iframe[data-secret=\"'+t.secret+'\"]'),o=l.querySelectorAll('blockquote[data-secret=\"'+t.secret+'\"]'),c=new RegExp(\"^https?:$\",\"i\"),i=0;i<o.length;i++)o[i].style.display=\"none\";for(i=0;i<a.length;i++)s=a[i],e.source===s.contentWindow&&(s.removeAttribute(\"style\"),\"height\"===t.message?(1e3<(r=parseInt(t.value,10))?r=1e3:~~r<200&&(r=200),s.height=r):\"link\"===t.message&&(r=new URL(s.getAttribute(\"src\")),n=new URL(t.value),c.test(n.protocol))&&n.host===r.host&&l.activeElement===s&&(d.top.location.href=t.value))}},d.addEventListener(\"message\",d.wp.receiveEmbedMessage,!1),l.addEventListener(\"DOMContentLoaded\",function(){for(var e,t,s=l.querySelectorAll(\"iframe.wp-embedded-content\"),r=0;r<s.length;r++)(t=(e=s[r]).getAttribute(\"data-secret\"))||(t=Math.random().toString(36).substring(2,12),e.src+=\"#?secret=\"+t,e.setAttribute(\"data-secret\",t)),e.contentWindow.postMessage({message:\"ready\",secret:t},\"*\")},!1)))}(window,document);\n\/\/# sourceURL=http:\/\/denizcankizil.tr\/wp-includes\/js\/wp-embed.min.js\n<\/script>","description":"2025 Y\u0131l\u0131 \u00d6zel E\u011fitime \u0130htiya\u00e7 Duyan Bireylere Verilecek E\u011fitim Deste\u011fi Tutarlar\u0131na \u0130li\u015fkin ayl\u0131k rakamlar belirlendi. 1 Ocak 2025 itibariyle ge\u00e7erli olacak tarifeye g\u00f6re b\u00fct\u00e7eden kar\u015f\u0131lanacak k\u0131s\u0131m bireysel e\u011fitim i\u00e7in 6 bin 100 TL, grup e\u011fitimi i\u00e7in bin 708 TL oldu.ANKARA (\u0130GFA) &#8211; Hazine ve Maliye Bakanl\u0131\u011f\u0131&#8217;nca haz\u0131rlanan, &#8220;2025 Y\u0131l\u0131 \u00d6zel E\u011fitime \u0130htiya\u00e7 Duyan Bireylere Verilecek E\u011fitim Deste\u011fi Tutarlar\u0131na \u0130li\u015fkin Tebli\u011f&#8221; bug\u00fcnk\u00fc Resmi Gazete&#8217;de yay\u0131mland\u0131. \u00a0S\u00f6z konusu tebli\u011fe g\u00f6re, 5580 say\u0131l\u0131 Kanun kapsam\u0131nda a\u00e7\u0131lan \u00f6zel e\u011fitim okullar\u0131 ile \u00f6zel e\u011fitim ve rehabilitasyon merkezlerinde engelli bireylere verilen destek e\u011fitiminin b\u00fct\u00e7eden kar\u015f\u0131lanacak k\u0131sm\u0131; KDV hari\u00e7 olmak \u00fczere bireysel e\u011fitim i\u00e7in ayl\u0131k 6 bin 100 TL, grup e\u011fitimi i\u00e7in ayl\u0131k bin 708 TL olarak belirlendi. Tebli\u011fe g\u00f6re, belirlenen tutarlar\u0131n Mill\u00ee E\u011fitim Bakanl\u0131\u011f\u0131 b\u00fct\u00e7esine bu ama\u00e7la konulan \u00f6denekten, bu tutarlar\u0131 a\u015fan k\u0131sm\u0131 ise ilgililer taraf\u0131ndan kar\u015f\u0131lanaca\u011f\u0131 kaydedildi. \u200b2025 Y\u0131l\u0131 \u00d6zel E\u011fitime \u0130htiya\u00e7 Duyan Bireylere Verilecek E\u011fitim Deste\u011fi Tutarlar\u0131na \u0130li\u015fkin ayl\u0131k rakamlar belirlendi. 1 Ocak 2025 itibariyle ge\u00e7erli olacak tarifeye g\u00f6re b\u00fct\u00e7eden kar\u015f\u0131lanacak k\u0131s\u0131m bireysel e\u011fitim i\u00e7in 6 bin 100 TL, grup e\u011fitimi i\u00e7in bin 708 TL oldu.ANKARA (\u0130GFA) &#8211; Hazine ve Maliye Bakanl\u0131\u011f\u0131&#8217;nca haz\u0131rlanan, &#8220;2025 Y\u0131l\u0131 \u00d6zel E\u011fitime \u0130htiya\u00e7 Duyan Bireylere Verilecek E\u011fitim Deste\u011fi Tutarlar\u0131na \u0130li\u015fkin Tebli\u011f&#8221; bug\u00fcnk\u00fc Resmi Gazete&#8217;de yay\u0131mland\u0131. \u00a0S\u00f6z konusu tebli\u011fe g\u00f6re, &hellip;"}