{"version":"1.0","provider_name":"Av. Deniz Can K\u0131z\u0131l","provider_url":"http:\/\/denizcankizil.tr\/en","author_name":"Av. Deniz Can K\u0131z\u0131l","author_url":"http:\/\/denizcankizil.tr\/en","title":"Emlak\u00e7\u0131lar M\u00fccbir Sebebin Uzat\u0131lmas\u0131n\u0131 \u0130stiyor","type":"rich","width":600,"height":338,"html":"<blockquote class=\"wp-embedded-content\" data-secret=\"GMlh6IV41d\"><a href=\"http:\/\/denizcankizil.tr\/en\/haberler\/gundem\/emlakcilar-mucbir-sebebin-uzatilmasini-istiyor\/\">Emlak\u00e7\u0131lar M\u00fccbir Sebebin Uzat\u0131lmas\u0131n\u0131 \u0130stiyor<\/a><\/blockquote><iframe sandbox=\"allow-scripts\" security=\"restricted\" src=\"http:\/\/denizcankizil.tr\/en\/haberler\/gundem\/emlakcilar-mucbir-sebebin-uzatilmasini-istiyor\/embed\/#?secret=GMlh6IV41d\" width=\"600\" height=\"338\" title=\"&#8220;Emlak\u00e7\u0131lar M\u00fccbir Sebebin Uzat\u0131lmas\u0131n\u0131 \u0130stiyor&#8221; &#8212; Av. Deniz Can K\u0131z\u0131l\" data-secret=\"GMlh6IV41d\" frameborder=\"0\" marginwidth=\"0\" marginheight=\"0\" scrolling=\"no\" class=\"wp-embedded-content\"><\/iframe><script>\n\/*! This file is auto-generated *\/\n!function(d,l){\"use strict\";l.querySelector&&d.addEventListener&&\"undefined\"!=typeof URL&&(d.wp=d.wp||{},d.wp.receiveEmbedMessage||(d.wp.receiveEmbedMessage=function(e){var t=e.data;if((t||t.secret||t.message||t.value)&&!\/[^a-zA-Z0-9]\/.test(t.secret)){for(var s,r,n,a=l.querySelectorAll('iframe[data-secret=\"'+t.secret+'\"]'),o=l.querySelectorAll('blockquote[data-secret=\"'+t.secret+'\"]'),c=new RegExp(\"^https?:$\",\"i\"),i=0;i<o.length;i++)o[i].style.display=\"none\";for(i=0;i<a.length;i++)s=a[i],e.source===s.contentWindow&&(s.removeAttribute(\"style\"),\"height\"===t.message?(1e3<(r=parseInt(t.value,10))?r=1e3:~~r<200&&(r=200),s.height=r):\"link\"===t.message&&(r=new URL(s.getAttribute(\"src\")),n=new URL(t.value),c.test(n.protocol))&&n.host===r.host&&l.activeElement===s&&(d.top.location.href=t.value))}},d.addEventListener(\"message\",d.wp.receiveEmbedMessage,!1),l.addEventListener(\"DOMContentLoaded\",function(){for(var e,t,s=l.querySelectorAll(\"iframe.wp-embedded-content\"),r=0;r<s.length;r++)(t=(e=s[r]).getAttribute(\"data-secret\"))||(t=Math.random().toString(36).substring(2,12),e.src+=\"#?secret=\"+t,e.setAttribute(\"data-secret\",t)),e.contentWindow.postMessage({message:\"ready\",secret:t},\"*\")},!1)))}(window,document);\n\/\/# sourceURL=http:\/\/denizcankizil.tr\/wp-includes\/js\/wp-embed.min.js\n<\/script>","description":"\u0130skenderun Gazeteciler Cemiyeti Ba\u015fkan\u0131 Diyap Atar ve gazeteciler taraf\u0131ndan kar\u015f\u0131lanan heyet, ge\u00e7ti\u011fimiz aylarda kongresini ger\u00e7ekle\u015ftiren \u0130GC y\u00f6netimini tebrik etti. \u0130GC Ba\u015fkan\u0131 Diyap Atar&#8217;da ziyaretlerinden dolay\u0131 \u0130skenderun Emlak\u00e7\u0131lar Derne\u011fi Ba\u015fkan\u0131 M\u00fcntecep Bekta\u015fl\u0131 ve y\u00f6netimine te\u015fekk\u00fcr ederek \u00e7al\u0131\u015fmalar\u0131nda ba\u015far\u0131lar diledi. Bekta\u015fl\u0131, &#8220;2011 y\u0131l\u0131nda Van depremi sonras\u0131nda 5 y\u0131l boyunca m\u00fccbir sebep ilan edilmi\u015ftir. Benzer bir uygulama Hatay&#8217;da da yap\u0131lmal\u0131. Deprem b\u00f6lgesi i\u00e7in yaln\u0131zca m\u00fccbir sebebin uzat\u0131lmas\u0131 da yeterli de\u011fildir. B\u00f6lgede kal\u0131c\u0131 ve etkili desteklere ihtiya\u00e7 duyulmaktad\u0131r. Aksi halde b\u00f6lgede toparlanma s\u00fcreci daha da uzayacakt\u0131r. K\u00fc\u00e7\u00fck \u00f6l\u00e7ekli esnaf\u0131n ayakta kalabilmesi i\u00e7in m\u00fccbir sebebin uzat\u0131lmas\u0131 elzemdir&#8221; diye konu\u015ftu. \u200b\u0130skenderun Emlak\u00e7\u0131lar Derne\u011fi Ba\u015fkan\u0131 M\u00fcntecep Bekta\u015fl\u0131 ve y\u00f6netim kurulu \u00fcyeleri, \u0130skenderun Gazeteciler Cemiyeti&#8217;ni ziyaret ederek yeni y\u00f6netime hay\u0131rl\u0131 olsun dileklerinde bulundular.\u00a0 \u200bHaberin Al\u0131nt\u0131land\u0131\u011f\u0131 Kaynak: www.iskenderun.org"}